{"id":15739,"date":"2017-01-24T13:00:06","date_gmt":"2017-01-24T16:00:06","guid":{"rendered":"https:\/\/www.teatrodelbicentenariosanjuan.org\/?page_id=15739"},"modified":"2017-01-25T14:06:29","modified_gmt":"2017-01-25T17:06:29","slug":"noticias","status":"publish","type":"page","link":"https:\/\/www.teatrodelbicentenariosanjuan.org\/en\/noticias\/","title":{"rendered":"NEWS"},"content":{"rendered":"<div class=\"wpb-content-wrapper\"><div      class=\"vc_row wpb_row section vc_row-fluid  grid_section\" style=' text-align:left;'><div class=\"section_inner clearfix\"><div class='section_inner_margin clearfix'><div class=\"wpb_column vc_column_container vc_col-sm-8 vc_col-lg-offset-2 vc_col-has-fill\"><div class=\"vc_column-inner vc_custom_1485274967348\"><div class=\"wpb_wrapper\">\n\t<div class=\"wpb_text_column wpb_content_element\">\n\t\t<div class=\"wpb_wrapper\">\n\t\t\t<h2>Noticias de Archivo<\/h2>\n\n\t\t<\/div> \n\t<\/div> <div class=\"separator  normal\" style=\"height: 4px;\"><\/div>\n<div      class=\"vc_row wpb_row section vc_row-fluid vc_inner\" style=' text-align:left;'><div class=\"full_section_inner clearfix\"><div class=\"wpb_column vc_column_container vc_col-sm-12\"><div class=\"vc_column-inner\"><div class=\"wpb_wrapper\">\n\t<div class=\"wpb_text_column wpb_content_element\">\n\t\t<div class=\"wpb_wrapper\">\n\t\t\t<p>Esta secci\u00f3n contiene noticias de archivo que no se encuentran disponibles en la p\u00e1gina principal<\/p>\n\n\t\t<\/div> \n\t<\/div> <\/div><\/div><\/div><\/div><\/div><div class=\"separator  normal\" style=\"margin-bottom: 30px;height: 4px;\"><\/div>\n\t<div class=\"vc_empty_space\"  style=\"height: 15px\" ><span\n\t\t\tclass=\"vc_empty_space_inner\">\n\t\t\t<span class=\"empty_space_image\"  ><\/span>\n\t\t<\/span><\/div>\n\n<style type=\"text\/css\"><\/style><div class=\"adclear\"><\/div><div class=\"admegaposts posts_type4 admpselector-1\"><div class=\"container-display4\"><div class=\"admegaposts-thumbs-container ad_one_half\"><img decoding=\"async\" class=\"megaposts-thumbs\" src=\"https:\/\/www.teatrodelbicentenariosanjuan.org\/wp-content\/uploads\/2026\/08\/Moliendo-FuncionesAccesibles-gacetilla.jpg-800x500.jpeg\" alt=\"Moliendo a Moli\u00e8re: el Teatro del Bicentenario ampl\u00eda el acceso a las artes esc\u00e9nicas\u00a0\">\r\n\t\t\t\t\t\t<span class=\"admp-view\"><\/span>\t\t\r\n\t\t\t\t\t\t<\/div><div class=\"admp-info-right ad_one_half ad_last\"><span class=\"admp-title\"><a href=\"https:\/\/www.teatrodelbicentenariosanjuan.org\/en\/novedades\/moliendo-a-moliere-el-teatro-del-bicentenario-amplia-el-acceso-a-las-artes-escenicas\/\">Moliendo a Moli\u00e8re: el Teatro del Bicentenario ampl\u00eda el acceso a las artes esc\u00e9nicas\u00a0<\/a><\/span><span class=\"admp-details\"><span class=\"admp-date\"><i class=\"icon-calendar\"><\/i>August 31, 2026 2:28 pm<\/span><\/span><span class=\"admp-content\">Una propuesta que va m\u00e1s all\u00e1 de una funci\u00f3n accesible: el Teatro desarrolla dispositivos espec\u00ed<\/span><a class=\"admp-read-more\" href=\"https:\/\/www.teatrodelbicentenariosanjuan.org\/en\/novedades\/moliendo-a-moliere-el-teatro-del-bicentenario-amplia-el-acceso-a-las-artes-escenicas\/\">Read More<\/a><\/div><div class=\"adclear\"><\/div><\/div><div class=\"container-display4\"><div class=\"admegaposts-thumbs-container ad_one_half\"><img decoding=\"async\" class=\"megaposts-thumbs\" src=\"https:\/\/www.teatrodelbicentenariosanjuan.org\/wp-content\/uploads\/2026\/08\/AgendaSEP-Slider.jpg-1-800x500.jpeg\" alt=\"El Teatro del Bicentenario presenta su agenda de septiembre con m\u00fasica, teatro y danza\">\r\n\t\t\t\t\t\t<span class=\"admp-view\"><\/span>\t\t\r\n\t\t\t\t\t\t<\/div><div class=\"admp-info-right ad_one_half ad_last\"><span class=\"admp-title\"><a href=\"https:\/\/www.teatrodelbicentenariosanjuan.org\/en\/novedades\/el-teatro-del-bicentenario-presenta-su-agenda-de-septiembre-con-musica-teatro-y-danza\/\">El Teatro del Bicentenario presenta su agenda de septiembre con m\u00fasica, teatro y danza<\/a><\/span><span class=\"admp-details\"><span class=\"admp-date\"><i class=\"icon-calendar\"><\/i>August 31, 2026 12:38 pm<\/span><\/span><span class=\"admp-content\">La programaci\u00f3n re\u00fane propuestas de m\u00fasica, teatro y danza, junto con funciones escolares, experi<\/span><a class=\"admp-read-more\" href=\"https:\/\/www.teatrodelbicentenariosanjuan.org\/en\/novedades\/el-teatro-del-bicentenario-presenta-su-agenda-de-septiembre-con-musica-teatro-y-danza\/\">Read More<\/a><\/div><div class=\"adclear\"><\/div><\/div><div class=\"container-display4\"><div class=\"admegaposts-thumbs-container ad_one_half\"><img decoding=\"async\" class=\"megaposts-thumbs\" src=\"https:\/\/www.teatrodelbicentenariosanjuan.org\/wp-content\/uploads\/2026\/08\/GACETILLA-DESPUES-DE-VIEJOSMesa-de-trabajo-2-100.jpg-800x500.jpeg\" alt=\"Despu\u00e9s de viejos presenta \u201cEl Hijo Bastardo\u201d en la Sala Audit\u00f3rium\">\r\n\t\t\t\t\t\t<span class=\"admp-view\"><\/span>\t\t\r\n\t\t\t\t\t\t<\/div><div class=\"admp-info-right ad_one_half ad_last\"><span class=\"admp-title\"><a href=\"https:\/\/www.teatrodelbicentenariosanjuan.org\/en\/novedades\/despues-de-viejos-presenta-el-hijo-bastardo-en-la-sala-auditorium\/\">Despu\u00e9s de viejos presenta \u201cEl Hijo Bastardo\u201d en la Sala Audit\u00f3rium<\/a><\/span><span class=\"admp-details\"><span class=\"admp-date\"><i class=\"icon-calendar\"><\/i>August 28, 2026 11:06 am<\/span><\/span><span class=\"admp-content\">La banda sanjuanina de punk rock llega al Teatro del Bicentenario con un espect\u0413\u040eculo que presentar\u0413<\/span><a class=\"admp-read-more\" href=\"https:\/\/www.teatrodelbicentenariosanjuan.org\/en\/novedades\/despues-de-viejos-presenta-el-hijo-bastardo-en-la-sala-auditorium\/\">Read More<\/a><\/div><div class=\"adclear\"><\/div><\/div><div class=\"container-display4\"><div class=\"admegaposts-thumbs-container ad_one_half\"><img decoding=\"async\" class=\"megaposts-thumbs\" src=\"https:\/\/www.teatrodelbicentenariosanjuan.org\/wp-content\/uploads\/2026\/08\/Qanticum-gacetilla.jpg-800x500.jpeg\" alt=\"Qantu Coral se presentar\u00e1 en el Teatro del Bicentenario con \u201cQanticum\u201d\">\r\n\t\t\t\t\t\t<span class=\"admp-view\"><\/span>\t\t\r\n\t\t\t\t\t\t<\/div><div class=\"admp-info-right ad_one_half ad_last\"><span class=\"admp-title\"><a href=\"https:\/\/www.teatrodelbicentenariosanjuan.org\/en\/novedades\/qantu-coral-se-presentara-en-el-teatro-del-bicentenario-con-qanticum\/\">Qantu Coral se presentar\u00e1 en el Teatro del Bicentenario con \u201cQanticum\u201d<\/a><\/span><span class=\"admp-details\"><span class=\"admp-date\"><i class=\"icon-calendar\"><\/i>August 26, 2026 12:19 pm<\/span><\/span><span class=\"admp-content\">El coro femenino celebrar\u00e1 sus dos a\u00f1os de trayectoria con un concierto que re\u00fane obras de ra\u00edz <\/span><a class=\"admp-read-more\" href=\"https:\/\/www.teatrodelbicentenariosanjuan.org\/en\/novedades\/qantu-coral-se-presentara-en-el-teatro-del-bicentenario-con-qanticum\/\">Read More<\/a><\/div><div class=\"adclear\"><\/div><\/div><div class=\"container-display4\"><div class=\"admegaposts-thumbs-container ad_one_half\"><img decoding=\"async\" class=\"megaposts-thumbs\" src=\"https:\/\/www.teatrodelbicentenariosanjuan.org\/wp-content\/uploads\/2026\/08\/Gacetilla.jpg-800x500.jpeg\" alt=\"Moliendo a Moli\u00e8re: diez razones para no perderse la nueva producci\u00f3n del Teatro del Bicentenario\">\r\n\t\t\t\t\t\t<span class=\"admp-view\"><\/span>\t\t\r\n\t\t\t\t\t\t<\/div><div class=\"admp-info-right ad_one_half ad_last\"><span class=\"admp-title\"><a href=\"https:\/\/www.teatrodelbicentenariosanjuan.org\/en\/novedades\/moliendo-a-moliere-diez-razones-para-no-perderse-la-nueva-produccion-del-teatro-del-bicentenario\/\">Moliendo a Moli\u00e8re: diez razones para no perderse la nueva producci\u00f3n del Teatro del Bicentenario<\/a><\/span><span class=\"admp-details\"><span class=\"admp-date\"><i class=\"icon-calendar\"><\/i>August 25, 2026 1:02 pm<\/span><\/span><span class=\"admp-content\">Teatro, m\u00fasica en vivo, canto, danza, un elenco \u00edntegramente sanjuanino y una puesta construida en<\/span><a class=\"admp-read-more\" href=\"https:\/\/www.teatrodelbicentenariosanjuan.org\/en\/novedades\/moliendo-a-moliere-diez-razones-para-no-perderse-la-nueva-produccion-del-teatro-del-bicentenario\/\">Read More<\/a><\/div><div class=\"adclear\"><\/div><\/div><div class=\"container-display4\"><div class=\"admegaposts-thumbs-container ad_one_half\"><img decoding=\"async\" class=\"megaposts-thumbs\" src=\"https:\/\/www.teatrodelbicentenariosanjuan.org\/wp-content\/uploads\/2026\/08\/TablaoFla-portada.jpg-800x500.jpeg\" alt=\"Desde Espa\u00f1a, el flamenco llega al Teatro del Bicentenario con Tablao Flamenco\">\r\n\t\t\t\t\t\t<span class=\"admp-view\"><\/span>\t\t\r\n\t\t\t\t\t\t<\/div><div class=\"admp-info-right ad_one_half ad_last\"><span class=\"admp-title\"><a href=\"https:\/\/www.teatrodelbicentenariosanjuan.org\/en\/novedades\/desde-espana-el-flamenco-llega-al-teatro-del-bicentenario-con-tablao-flamenco\/\">Desde Espa\u00f1a, el flamenco llega al Teatro del Bicentenario con Tablao Flamenco<\/a><\/span><span class=\"admp-details\"><span class=\"admp-date\"><i class=\"icon-calendar\"><\/i>August 19, 2026 12:38 pm<\/span><\/span><span class=\"admp-content\">El espect\u0413\u040eculo reunir\u0413\u040e a artistas de Espa\u0413\u00b1a y Argentina en una noche de cante, guitarra, percusi\u0413<\/span><a class=\"admp-read-more\" href=\"https:\/\/www.teatrodelbicentenariosanjuan.org\/en\/novedades\/desde-espana-el-flamenco-llega-al-teatro-del-bicentenario-con-tablao-flamenco\/\">Read More<\/a><\/div><div class=\"adclear\"><\/div><\/div><div class=\"container-display4\"><div class=\"admegaposts-thumbs-container ad_one_half\"><img decoding=\"async\" class=\"megaposts-thumbs\" src=\"https:\/\/www.teatrodelbicentenariosanjuan.org\/wp-content\/uploads\/2026\/08\/DSC4576.jpg-1-800x500.jpeg\" alt=\"GRINGOS TURISTAS presenta \u201cEl Gran Viaje\u201d en el Teatro del Bicentenario\">\r\n\t\t\t\t\t\t<span class=\"admp-view\"><\/span>\t\t\r\n\t\t\t\t\t\t<\/div><div class=\"admp-info-right ad_one_half ad_last\"><span class=\"admp-title\"><a href=\"https:\/\/www.teatrodelbicentenariosanjuan.org\/en\/novedades\/gringos-turistas-presenta-el-gran-viaje-en-el-teatro-del-bicentenario\/\">GRINGOS TURISTAS presenta \u201cEl Gran Viaje\u201d en el Teatro del Bicentenario<\/a><\/span><span class=\"admp-details\"><span class=\"admp-date\"><i class=\"icon-calendar\"><\/i>August 18, 2026 11:35 am<\/span><\/span><span class=\"admp-content\">La banda sanjuanina llega a la Sala Audit\u00f3rium el pr\u00f3ximo viernes 4 de septiembre, a las 21:30\u00a0 c<\/span><a class=\"admp-read-more\" href=\"https:\/\/www.teatrodelbicentenariosanjuan.org\/en\/novedades\/gringos-turistas-presenta-el-gran-viaje-en-el-teatro-del-bicentenario\/\">Read More<\/a><\/div><div class=\"adclear\"><\/div><\/div><div class=\"container-display4\"><div class=\"admegaposts-thumbs-container ad_one_half\"><img decoding=\"async\" class=\"megaposts-thumbs\" src=\"https:\/\/www.teatrodelbicentenariosanjuan.org\/wp-content\/uploads\/2026\/08\/AgendaAGOSTO_Slider.jpg-800x500.jpeg\" alt=\"El Teatro del Bicentenario presenta una agenda con m\u00fasica, teatro y experiencias culturales durante agosto\">\r\n\t\t\t\t\t\t<span class=\"admp-view\"><\/span>\t\t\r\n\t\t\t\t\t\t<\/div><div class=\"admp-info-right ad_one_half ad_last\"><span class=\"admp-title\"><a href=\"https:\/\/www.teatrodelbicentenariosanjuan.org\/en\/novedades\/el-teatro-del-bicentenario-presenta-una-agenda-con-musica-teatro-y-experiencias-culturales-durante-agosto\/\">El Teatro del Bicentenario presenta una agenda con m\u00fasica, teatro y experiencias culturales durante agosto<\/a><\/span><span class=\"admp-details\"><span class=\"admp-date\"><i class=\"icon-calendar\"><\/i>August 3, 2026 11:54 am<\/span><\/span><span class=\"admp-content\">\u00a0 La programaci\u00f3n re\u00fane conciertos, teatro, festivales internacionales, propuestas formativas y e<\/span><a class=\"admp-read-more\" href=\"https:\/\/www.teatrodelbicentenariosanjuan.org\/en\/novedades\/el-teatro-del-bicentenario-presenta-una-agenda-con-musica-teatro-y-experiencias-culturales-durante-agosto\/\">Read More<\/a><\/div><div class=\"adclear\"><\/div><\/div><div class=\"container-display4\"><div class=\"admegaposts-thumbs-container ad_one_half\"><img decoding=\"async\" class=\"megaposts-thumbs\" src=\"https:\/\/www.teatrodelbicentenariosanjuan.org\/wp-content\/uploads\/2026\/08\/GACETILLA-RODRI-CACTUS-800x500.png\" alt=\"Rodri Cactus presenta \u00abLas veces que empec\u00e9 de nuevo\u00bb en el Teatro del Bicentenario\">\r\n\t\t\t\t\t\t<span class=\"admp-view\"><\/span>\t\t\r\n\t\t\t\t\t\t<\/div><div class=\"admp-info-right ad_one_half ad_last\"><span class=\"admp-title\"><a href=\"https:\/\/www.teatrodelbicentenariosanjuan.org\/en\/novedades\/rodri-cactus-presenta-las-veces-que-empece-de-nuevo-en-el-teatro-del-bicentenario\/\">Rodri Cactus presenta \u00abLas veces que empec\u00e9 de nuevo\u00bb en el Teatro del Bicentenario<\/a><\/span><span class=\"admp-details\"><span class=\"admp-date\"><i class=\"icon-calendar\"><\/i>August 3, 2026 11:19 am<\/span><\/span><span class=\"admp-content\">\u00a0 El cantautor sanjuanino ofrecer\u00e1 una propuesta que combina m\u00fasica, relatos e im\u00e1genes el s\u00e1ba<\/span><a class=\"admp-read-more\" href=\"https:\/\/www.teatrodelbicentenariosanjuan.org\/en\/novedades\/rodri-cactus-presenta-las-veces-que-empece-de-nuevo-en-el-teatro-del-bicentenario\/\">Read More<\/a><\/div><div class=\"adclear\"><\/div><\/div><div class=\"container-display4\"><div class=\"admegaposts-thumbs-container ad_one_half\"><img decoding=\"async\" class=\"megaposts-thumbs\" src=\"https:\/\/www.teatrodelbicentenariosanjuan.org\/wp-content\/uploads\/2026\/08\/GACETILLA-LA-ENCENDIDA-800x500.png\" alt=\"Paola Hascher celebra 30 a\u00f1os de trayectoria con \u00abLa Encendida\u00bb en el Teatro del Bicentenario\">\r\n\t\t\t\t\t\t<span class=\"admp-view\"><\/span>\t\t\r\n\t\t\t\t\t\t<\/div><div class=\"admp-info-right ad_one_half ad_last\"><span class=\"admp-title\"><a href=\"https:\/\/www.teatrodelbicentenariosanjuan.org\/en\/novedades\/paola-hascher-celebra-30-anos-de-trayectoria-con-la-encendida-en-el-teatro-del-bicentenario\/\">Paola Hascher celebra 30 a\u00f1os de trayectoria con \u00abLa Encendida\u00bb en el Teatro del Bicentenario<\/a><\/span><span class=\"admp-details\"><span class=\"admp-date\"><i class=\"icon-calendar\"><\/i>August 3, 2026 11:16 am<\/span><\/span><span class=\"admp-content\">\u00a0 La artista sanjuanina presentar\u00e1 un espect\u00e1culo que propone una nueva mirada sobre el folclore <\/span><a class=\"admp-read-more\" href=\"https:\/\/www.teatrodelbicentenariosanjuan.org\/en\/novedades\/paola-hascher-celebra-30-anos-de-trayectoria-con-la-encendida-en-el-teatro-del-bicentenario\/\">Read More<\/a><\/div><div class=\"adclear\"><\/div><\/div><div class=\"adclear\"><\/div><div class=\"vcmp-post-display-1 vcmp-pagination\"><div class='vcmp-pagination'><span class='current'>1<\/span><a href='https:\/\/www.teatrodelbicentenariosanjuan.org\/en\/wp-json\/wp\/v2\/pages\/15739\/page\/2\/' class='inactive' >2<\/a><a href='https:\/\/www.teatrodelbicentenariosanjuan.org\/en\/wp-json\/wp\/v2\/pages\/15739\/page\/3\/' class='inactive' >3<\/a><a href='https:\/\/www.teatrodelbicentenariosanjuan.org\/en\/wp-json\/wp\/v2\/pages\/15739\/page\/2\/'>&rsaquo;<\/a><a href='https:\/\/www.teatrodelbicentenariosanjuan.org\/en\/wp-json\/wp\/v2\/pages\/15739\/page\/103\/'>&raquo;<\/a><\/div>\n<\/div><\/div>\t<div class=\"vc_empty_space\"  style=\"height: 15px\" ><span\n\t\t\tclass=\"vc_empty_space_inner\">\n\t\t\t<span class=\"empty_space_image\"  ><\/span>\n\t\t<\/span><\/div>\n\n<\/div><\/div><\/div><\/div><\/div><\/div><div      class=\"vc_row wpb_row section vc_row-fluid\" style=' text-align:left;'><div class=\"full_section_inner clearfix\"><div class=\"wpb_column vc_column_container vc_col-sm-12\"><div class=\"vc_column-inner\"><div class=\"wpb_wrapper\">\t<div class=\"vc_empty_space\"  style=\"height: 32px\" ><span\n\t\t\tclass=\"vc_empty_space_inner\">\n\t\t\t<span class=\"empty_space_image\"  ><\/span>\n\t\t<\/span><\/div>\n\n<\/div><\/div><\/div><\/div><\/div>\n<\/div>","protected":false},"excerpt":{"rendered":"\u00a0 La artista sanjuanina presentar\u00e1 un espect\u00e1culo que propone una nueva mirada sobre el folclore argentino el viernes 28 de agosto, a las 21:30, en la Sala Audit\u00f3rium El Teatro del Bicentenario, dependiente del Ministerio de Turismo, Cultura y Deporte, recibir\u00e1 a Paola Hascher Full...","protected":false},"author":1,"featured_media":0,"parent":0,"menu_order":0,"comment_status":"closed","ping_status":"closed","template":"","meta":{"h5ap_radio_sources":[],"footnotes":""},"class_list":["post-15739","page","type-page","status-publish","hentry"],"_links":{"self":[{"href":"https:\/\/www.teatrodelbicentenariosanjuan.org\/en\/wp-json\/wp\/v2\/pages\/15739","targetHints":{"allow":["GET"]}}],"collection":[{"href":"https:\/\/www.teatrodelbicentenariosanjuan.org\/en\/wp-json\/wp\/v2\/pages"}],"about":[{"href":"https:\/\/www.teatrodelbicentenariosanjuan.org\/en\/wp-json\/wp\/v2\/types\/page"}],"author":[{"embeddable":true,"href":"https:\/\/www.teatrodelbicentenariosanjuan.org\/en\/wp-json\/wp\/v2\/users\/1"}],"replies":[{"embeddable":true,"href":"https:\/\/www.teatrodelbicentenariosanjuan.org\/en\/wp-json\/wp\/v2\/comments?post=15739"}],"version-history":[{"count":2,"href":"https:\/\/www.teatrodelbicentenariosanjuan.org\/en\/wp-json\/wp\/v2\/pages\/15739\/revisions"}],"predecessor-version":[{"id":15913,"href":"https:\/\/www.teatrodelbicentenariosanjuan.org\/en\/wp-json\/wp\/v2\/pages\/15739\/revisions\/15913"}],"wp:attachment":[{"href":"https:\/\/www.teatrodelbicentenariosanjuan.org\/en\/wp-json\/wp\/v2\/media?parent=15739"}],"curies":[{"name":"wp","href":"https:\/\/api.w.org\/{rel}","templated":true}]}}