{"id":20222,"date":"2020-03-18T11:31:29","date_gmt":"2020-03-18T14:31:29","guid":{"rendered":"https:\/\/www.teatrodelbicentenariosanjuan.org\/?page_id=20222"},"modified":"2021-06-09T12:58:09","modified_gmt":"2021-06-09T15:58:09","slug":"quedate-en-casa-2","status":"publish","type":"page","link":"https:\/\/www.teatrodelbicentenariosanjuan.org\/en\/quedate-en-casa-2\/","title":{"rendered":"TB Digital-1"},"content":{"rendered":"<div class=\"wpb-content-wrapper\"><div      class=\"vc_row wpb_row section vc_row-fluid  grid_section\" style=' text-align:left;'><div class=\"section_inner clearfix\"><div class='section_inner_margin clearfix'><div class=\"wpb_column vc_column_container vc_col-sm-12 vc_col-has-fill\"><div class=\"vc_column-inner vc_custom_1485526627525\"><div class=\"wpb_wrapper\"><div      class=\"vc_row wpb_row section vc_row-fluid vc_inner\" style=' text-align:left;'><div class=\"full_section_inner clearfix\"><div class=\"wpb_column vc_column_container vc_col-sm-1\"><div class=\"vc_column-inner\"><div class=\"wpb_wrapper\"><\/div><\/div><\/div><div class=\"wpb_column vc_column_container vc_col-sm-10\"><div class=\"vc_column-inner\"><div class=\"wpb_wrapper\">\n\t<div class=\"wpb_text_column wpb_content_element\">\n\t\t<div class=\"wpb_wrapper\">\n\t\t\t<h4 style=\"text-align: center;\">Mir\u00e1 \u00abLa Flauta M\u00e1gica\u00bb completa ingresando a My Opera Palyer<\/h4>\n<p><a href=\"https:\/\/www.myoperaplayer.com\/portada\" target=\"_blank\" rel=\"noopener noreferrer\"><img loading=\"lazy\" decoding=\"async\" class=\"size-medium wp-image-20273 aligncenter\" src=\"https:\/\/www.teatrodelbicentenariosanjuan.org\/wp-content\/uploads\/2020\/04\/WhatsApp-Image-2020-04-17-at-15.29.28-300x94.jpeg\" alt=\"\" width=\"300\" height=\"94\" srcset=\"https:\/\/www.teatrodelbicentenariosanjuan.org\/wp-content\/uploads\/2020\/04\/WhatsApp-Image-2020-04-17-at-15.29.28-300x94.jpeg 300w, https:\/\/www.teatrodelbicentenariosanjuan.org\/wp-content\/uploads\/2020\/04\/WhatsApp-Image-2020-04-17-at-15.29.28-1024x322.jpeg 1024w, https:\/\/www.teatrodelbicentenariosanjuan.org\/wp-content\/uploads\/2020\/04\/WhatsApp-Image-2020-04-17-at-15.29.28-150x47.jpeg 150w, https:\/\/www.teatrodelbicentenariosanjuan.org\/wp-content\/uploads\/2020\/04\/WhatsApp-Image-2020-04-17-at-15.29.28-768x241.jpeg 768w, https:\/\/www.teatrodelbicentenariosanjuan.org\/wp-content\/uploads\/2020\/04\/WhatsApp-Image-2020-04-17-at-15.29.28-700x220.jpeg 700w, https:\/\/www.teatrodelbicentenariosanjuan.org\/wp-content\/uploads\/2020\/04\/WhatsApp-Image-2020-04-17-at-15.29.28-500x157.jpeg 500w, https:\/\/www.teatrodelbicentenariosanjuan.org\/wp-content\/uploads\/2020\/04\/WhatsApp-Image-2020-04-17-at-15.29.28.jpeg 1280w\" sizes=\"auto, (max-width: 300px) 100vw, 300px\" \/><\/a><\/p>\n\n\t\t<\/div> \n\t<\/div> <\/div><\/div><\/div><div class=\"wpb_column vc_column_container vc_col-sm-1\"><div class=\"vc_column-inner\"><div class=\"wpb_wrapper\"><\/div><\/div><\/div><\/div><\/div>\t<div class=\"vc_empty_space\"  style=\"height: 25px\" ><span\n\t\t\tclass=\"vc_empty_space_inner\">\n\t\t\t<span class=\"empty_space_image\"  ><\/span>\n\t\t<\/span><\/div>\n\n<\/div><\/div><\/div><\/div><\/div><\/div><div      class=\"vc_row wpb_row section vc_row-fluid\" style=' text-align:left;'><div class=\"full_section_inner clearfix\"><div class=\"wpb_column vc_column_container vc_col-sm-12\"><div class=\"vc_column-inner\"><div class=\"wpb_wrapper\">\t<div class=\"vc_empty_space\"  style=\"height: 30px\" ><span\n\t\t\tclass=\"vc_empty_space_inner\">\n\t\t\t<span class=\"empty_space_image\"  ><\/span>\n\t\t<\/span><\/div>\n\n<\/div><\/div><\/div><\/div><\/div><div      class=\"vc_row wpb_row section vc_row-fluid  grid_section\" style=' text-align:left;'><div class=\"section_inner clearfix\"><div class='section_inner_margin clearfix'><div class=\"wpb_column vc_column_container vc_col-sm-12 vc_col-has-fill\"><div class=\"vc_column-inner vc_custom_1485526627525\"><div class=\"wpb_wrapper\"><div      class=\"vc_row wpb_row section vc_row-fluid vc_inner\" style=' text-align:left;'><div class=\"full_section_inner clearfix\"><div class=\"wpb_column vc_column_container vc_col-sm-1\"><div class=\"vc_column-inner\"><div class=\"wpb_wrapper\"><\/div><\/div><\/div><div class=\"wpb_column vc_column_container vc_col-sm-2\"><div class=\"vc_column-inner\"><div class=\"wpb_wrapper\">\n\t<div class=\"wpb_text_column wpb_content_element\">\n\t\t<div class=\"wpb_wrapper\">\n\t\t\t<p><b>Las Indias Galantes<\/b><\/p>\n<p>Para celebrar el D\u00eda Internacional de la Danza, el Teatro del Bicentenario desarroll\u00f3 una impactante producci\u00f3n audiovisual a cargo de un equipo creativo interdisciplinario. Con la direcci\u00f3n general y art\u00edstica de Diego Poblete, la coordinaci\u00f3n coreogr\u00e1fica de Diego Poblete y Victoria Balanza, la direcci\u00f3n musical de Laura Lanzi. Un proyecto que re\u00fane al ensamble barroco y los bailarines del Programa de formaci\u00f3n profesional.<\/p>\n<p>Teatro del Bicentenario<\/p>\n<p>Ministerio de Turismo y Cultura<\/p>\n<p>Gobierno de San Juan<\/p>\n\n\t\t<\/div> \n\t<\/div> <div class=\"separator  normal\" style=\"margin-top: 5px;margin-bottom: 5px;height: 2px;\"><\/div>\n<\/div><\/div><\/div><div class=\"wpb_column vc_column_container vc_col-sm-8\"><div class=\"vc_column-inner\"><div class=\"wpb_wrapper\">\n\t<div class=\"wpb_text_column wpb_content_element\">\n\t\t<div class=\"wpb_wrapper\">\n\t\t\t<p><iframe loading=\"lazy\" src=\"https:\/\/www.youtube.com\/embed\/yvJxykUuc2w\" width=\"100%\" height=\"500\" frameborder=\"0\" allowfullscreen=\"allowfullscreen\"><\/iframe><\/p>\n\n\t\t<\/div> \n\t<\/div> <\/div><\/div><\/div><div class=\"wpb_column vc_column_container vc_col-sm-1\"><div class=\"vc_column-inner\"><div class=\"wpb_wrapper\"><\/div><\/div><\/div><\/div><\/div>\t<div class=\"vc_empty_space\"  style=\"height: 25px\" ><span\n\t\t\tclass=\"vc_empty_space_inner\">\n\t\t\t<span class=\"empty_space_image\"  ><\/span>\n\t\t<\/span><\/div>\n\n\t<div class=\"vc_empty_space\"  style=\"height: 25px\" ><span\n\t\t\tclass=\"vc_empty_space_inner\">\n\t\t\t<span class=\"empty_space_image\"  ><\/span>\n\t\t<\/span><\/div>\n\n<\/div><\/div><\/div><\/div><\/div><\/div><div      class=\"vc_row wpb_row section vc_row-fluid  grid_section\" style=' text-align:left;'><div class=\"section_inner clearfix\"><div class='section_inner_margin clearfix'><div class=\"wpb_column vc_column_container vc_col-sm-12 vc_col-has-fill\"><div class=\"vc_column-inner vc_custom_1485526627525\"><div class=\"wpb_wrapper\"><div      class=\"vc_row wpb_row section vc_row-fluid vc_inner\" style=' text-align:left;'><div class=\"full_section_inner clearfix\"><div class=\"wpb_column vc_column_container vc_col-sm-1\"><div class=\"vc_column-inner\"><div class=\"wpb_wrapper\"><\/div><\/div><\/div><div class=\"wpb_column vc_column_container vc_col-sm-2\"><div class=\"vc_column-inner\"><div class=\"wpb_wrapper\">\n\t<div class=\"wpb_text_column wpb_content_element\">\n\t\t<div class=\"wpb_wrapper\">\n\t\t\t<p><b>6 Encuentros<\/b><\/p>\n<p>La intimidad musical de nuevos talentos, con gran potencial art\u00edstico filmados en vivo, en la intimidad de los rincones menos vistos del TB. Entre luces y sombras, sonidos y silencios, surge la m\u00fasica y con ella la sensibilidad de nuevos artistas, quienes despliegan en un clima \u00edntimo, todo el potencial de sus creaciones con \u201c6 Encuentros\u201d.<\/p>\n<p>Este nuevo proyecto de creaci\u00f3n de contenidos art\u00edsticos del Teatro del Bicentenario, tiene como finalidad dar visibilidad en su intimidad musical a j\u00f3venes talentos sanjuaninos en la b\u00fasqueda de su propia identidad art\u00edstica. La m\u00fasica se manifiesta y vibra en cada encuentro apropi\u00e1ndose de nuevos espacios del Teatro del Bicentenario, descubriendo as\u00ed nuevos escenarios.<\/p>\n<p>Teatro del Bicentenario<\/p>\n<p>Ministerio de Turismo y Cultura<\/p>\n<p>Gobierno de San Juan<\/p>\n\n\t\t<\/div> \n\t<\/div> <div class=\"separator  normal\" style=\"margin-top: 5px;margin-bottom: 5px;height: 2px;\"><\/div>\n<\/div><\/div><\/div><div class=\"wpb_column vc_column_container vc_col-sm-8\"><div class=\"vc_column-inner\"><div class=\"wpb_wrapper\">\n\t<div class=\"wpb_text_column wpb_content_element\">\n\t\t<div class=\"wpb_wrapper\">\n\t\t\t<p><iframe loading=\"lazy\" src=\"https:\/\/www.youtube.com\/embed\/hgkF1nmU7Gg\" width=\"100%\" height=\"500\" frameborder=\"0\" allowfullscreen=\"allowfullscreen\"><\/iframe><\/p>\n\n\t\t<\/div> \n\t<\/div> <\/div><\/div><\/div><div class=\"wpb_column vc_column_container vc_col-sm-1\"><div class=\"vc_column-inner\"><div class=\"wpb_wrapper\"><\/div><\/div><\/div><\/div><\/div>\t<div class=\"vc_empty_space\"  style=\"height: 25px\" ><span\n\t\t\tclass=\"vc_empty_space_inner\">\n\t\t\t<span class=\"empty_space_image\"  ><\/span>\n\t\t<\/span><\/div>\n\n\t<div class=\"vc_empty_space\"  style=\"height: 25px\" ><span\n\t\t\tclass=\"vc_empty_space_inner\">\n\t\t\t<span class=\"empty_space_image\"  ><\/span>\n\t\t<\/span><\/div>\n\n<\/div><\/div><\/div><\/div><\/div><\/div><div      class=\"vc_row wpb_row section vc_row-fluid  grid_section\" style=' text-align:left;'><div class=\"section_inner clearfix\"><div class='section_inner_margin clearfix'><div class=\"wpb_column vc_column_container vc_col-sm-12 vc_col-has-fill\"><div class=\"vc_column-inner vc_custom_1485526627525\"><div class=\"wpb_wrapper\"><div      class=\"vc_row wpb_row section vc_row-fluid vc_inner\" style=' text-align:left;'><div class=\"full_section_inner clearfix\"><div class=\"wpb_column vc_column_container vc_col-sm-1\"><div class=\"vc_column-inner\"><div class=\"wpb_wrapper\"><\/div><\/div><\/div><div class=\"wpb_column vc_column_container vc_col-sm-2\"><div class=\"vc_column-inner\"><div class=\"wpb_wrapper\">\n\t<div class=\"wpb_text_column wpb_content_element\">\n\t\t<div class=\"wpb_wrapper\">\n\t\t\t<p><strong>Preludio de la Suite N\u00b01 de Bach<\/strong><\/p>\n<p><span class=\"style-scope yt-formatted-string\" dir=\"auto\">El Teatro del Bicentenario vibra desde su interior La interpretaci\u00f3n de el preludio de la Suite N\u00b01 de Bach dulce, amable, sensible y libre, despierta y atraviesa los cuerpos de los bailarines provocando el movimiento honesto, neto, concreto. El movimiento que comunica, el movimiento que habla, grita, con necesidad de tocar, transformar y transformarse&#8230; en cualquier espacio y momento, haciendo de ese instante un lugar \u00fanico, m\u00e1gico, ef\u00edmero e irrepetible.<\/span><\/p>\n<p><span class=\"style-scope yt-formatted-string\" dir=\"auto\"> Victoria Balanza &#8211; Direcci\u00f3n de Danza <\/span><\/p>\n<p><span class=\"style-scope yt-formatted-string\" dir=\"auto\">Eugenio Rodrigo &#8211; Cello <\/span><\/p>\n<p><span class=\"style-scope yt-formatted-string\" dir=\"auto\">Lean Bustos &#8211; Emilia Pugliese &#8211; Int\u00e9rpretes Danza\u00a0<\/span><\/p>\n\n\t\t<\/div> \n\t<\/div> <div class=\"separator  normal\" style=\"margin-top: 5px;margin-bottom: 5px;height: 2px;\"><\/div>\n<\/div><\/div><\/div><div class=\"wpb_column vc_column_container vc_col-sm-8\"><div class=\"vc_column-inner\"><div class=\"wpb_wrapper\">\n\t<div class=\"wpb_text_column wpb_content_element\">\n\t\t<div class=\"wpb_wrapper\">\n\t\t\t<p><iframe loading=\"lazy\" src=\"https:\/\/www.youtube.com\/embed\/CPj07TqTSJc\" width=\"100%\" height=\"500\" frameborder=\"0\" allowfullscreen=\"allowfullscreen\"><\/iframe><\/p>\n\n\t\t<\/div> \n\t<\/div> <\/div><\/div><\/div><div class=\"wpb_column vc_column_container vc_col-sm-1\"><div class=\"vc_column-inner\"><div class=\"wpb_wrapper\"><\/div><\/div><\/div><\/div><\/div>\t<div class=\"vc_empty_space\"  style=\"height: 25px\" ><span\n\t\t\tclass=\"vc_empty_space_inner\">\n\t\t\t<span class=\"empty_space_image\"  ><\/span>\n\t\t<\/span><\/div>\n\n\t<div class=\"vc_empty_space\"  style=\"height: 25px\" ><span\n\t\t\tclass=\"vc_empty_space_inner\">\n\t\t\t<span class=\"empty_space_image\"  ><\/span>\n\t\t<\/span><\/div>\n\n<div      class=\"vc_row wpb_row section vc_row-fluid vc_inner\" style=' text-align:left;'><div class=\"full_section_inner clearfix\"><div class=\"wpb_column vc_column_container vc_col-sm-1\"><div class=\"vc_column-inner\"><div class=\"wpb_wrapper\"><\/div><\/div><\/div><div class=\"wpb_column vc_column_container vc_col-sm-2\"><div class=\"vc_column-inner\"><div class=\"wpb_wrapper\">\n\t<div class=\"wpb_text_column wpb_content_element\">\n\t\t<div class=\"wpb_wrapper\">\n\t\t\t<p><strong>La muerte del cisne<\/strong><\/p>\n<p>\u201cLa muerte del cisne\u201d es una de las obras m\u00e1s significativas de la historia del Ballet que nos permite reflexionar acerca de la nobleza de la muerte, desde la conciencia y el sentido. Una producci\u00f3n audiovisual impactante desarrollada por el equipo del Teatro del Bicentenario que difunde, promueve y visibiliza la producci\u00f3n art\u00edstica sanjuanina.<\/p>\n\n\t\t<\/div> \n\t<\/div> <div class=\"separator  normal\" style=\"margin-top: 5px;margin-bottom: 5px;height: 2px;\"><\/div>\n<\/div><\/div><\/div><div class=\"wpb_column vc_column_container vc_col-sm-8\"><div class=\"vc_column-inner\"><div class=\"wpb_wrapper\">\n\t<div class=\"wpb_text_column wpb_content_element\">\n\t\t<div class=\"wpb_wrapper\">\n\t\t\t<p><iframe loading=\"lazy\" src=\"https:\/\/www.youtube.com\/embed\/2ED159dHdPY\" width=\"100%\" height=\"500\" frameborder=\"0\" allowfullscreen=\"allowfullscreen\"><\/iframe><\/p>\n\n\t\t<\/div> \n\t<\/div> <\/div><\/div><\/div><div class=\"wpb_column vc_column_container vc_col-sm-1\"><div class=\"vc_column-inner\"><div class=\"wpb_wrapper\"><\/div><\/div><\/div><\/div><\/div>\t<div class=\"vc_empty_space\"  style=\"height: 25px\" ><span\n\t\t\tclass=\"vc_empty_space_inner\">\n\t\t\t<span class=\"empty_space_image\"  ><\/span>\n\t\t<\/span><\/div>\n\n\t<div class=\"vc_empty_space\"  style=\"height: 25px\" ><span\n\t\t\tclass=\"vc_empty_space_inner\">\n\t\t\t<span class=\"empty_space_image\"  ><\/span>\n\t\t<\/span><\/div>\n\n<div      class=\"vc_row wpb_row section vc_row-fluid vc_inner\" style=' text-align:left;'><div class=\"full_section_inner clearfix\"><div class=\"wpb_column vc_column_container vc_col-sm-1\"><div class=\"vc_column-inner\"><div class=\"wpb_wrapper\"><\/div><\/div><\/div><div class=\"wpb_column vc_column_container vc_col-sm-2\"><div class=\"vc_column-inner\"><div class=\"wpb_wrapper\">\n\t<div class=\"wpb_text_column wpb_content_element\">\n\t\t<div class=\"wpb_wrapper\">\n\t\t\t<p><span style=\"font-size: 10pt;\"><strong>Participaci\u00f3n del Teatro del Bicentenario en el Festival Internacional New Docta.<\/strong><\/span><\/p>\n<p><span style=\"font-size: 10pt;\">\u00a0<\/span>El Teatro del Bicentenario particip\u00f3 del Festival Internacional New Docta como instituci\u00f3n invitada, con una creaci\u00f3n esc\u00e9nica audiovisual de la pieza \u00abBelle Nuit, o nuit d&#8217;amour\u00bb de la \u00f3pera \u00abLos Cuentos de Hoffmann\u00bb de Jacques Offenbach.<\/p>\n<p>Con coreograf\u00eda de Mat\u00edas Tello y Lean Bustos, j\u00f3venes y prometedores core\u00f3grafos sanjuaninos participantes de la convocatoria \u201cEN ESCENA VIRTUAL\u201d del TB, e interpretada por alumnas del Programa de Entrenamiento para Bailarines del TB, la pieza musical de Offenbach se amalgama con los cuerpos en movimiento en una danza hipn\u00f3tica, a la luz de una luna imaginaria que invade el espacio.<\/p>\n\n\t\t<\/div> \n\t<\/div> <div class=\"separator  normal\" style=\"margin-top: 5px;margin-bottom: 5px;height: 2px;\"><\/div>\n<\/div><\/div><\/div><div class=\"wpb_column vc_column_container vc_col-sm-8\"><div class=\"vc_column-inner\"><div class=\"wpb_wrapper\">\n\t<div class=\"wpb_text_column wpb_content_element\">\n\t\t<div class=\"wpb_wrapper\">\n\t\t\t<p><iframe loading=\"lazy\" src=\"https:\/\/www.youtube.com\/embed\/X5Es_UCVaHM\" width=\"100%\" height=\"500\" frameborder=\"0\" allowfullscreen=\"allowfullscreen\"><\/iframe><\/p>\n\n\t\t<\/div> \n\t<\/div> <\/div><\/div><\/div><div class=\"wpb_column vc_column_container vc_col-sm-1\"><div class=\"vc_column-inner\"><div class=\"wpb_wrapper\"><\/div><\/div><\/div><\/div><\/div>\t<div class=\"vc_empty_space\"  style=\"height: 25px\" ><span\n\t\t\tclass=\"vc_empty_space_inner\">\n\t\t\t<span class=\"empty_space_image\"  ><\/span>\n\t\t<\/span><\/div>\n\n\t<div class=\"vc_empty_space\"  style=\"height: 25px\" ><span\n\t\t\tclass=\"vc_empty_space_inner\">\n\t\t\t<span class=\"empty_space_image\"  ><\/span>\n\t\t<\/span><\/div>\n\n<\/div><\/div><\/div><\/div><\/div><\/div><div      class=\"vc_row wpb_row section vc_row-fluid  grid_section\" style=' text-align:left;'><div class=\"section_inner clearfix\"><div class='section_inner_margin clearfix'><div class=\"wpb_column vc_column_container vc_col-sm-12 vc_col-has-fill\"><div class=\"vc_column-inner vc_custom_1485526627525\"><div class=\"wpb_wrapper\"><div      class=\"vc_row wpb_row section vc_row-fluid vc_inner\" style=' text-align:left;'><div class=\"full_section_inner clearfix\"><div class=\"wpb_column vc_column_container vc_col-sm-1\"><div class=\"vc_column-inner\"><div class=\"wpb_wrapper\"><\/div><\/div><\/div><div class=\"wpb_column vc_column_container vc_col-sm-2\"><div class=\"vc_column-inner\"><div class=\"wpb_wrapper\">\n\t<div class=\"wpb_text_column wpb_content_element\">\n\t\t<div class=\"wpb_wrapper\">\n\t\t\t<p><span style=\"font-size: 10pt;\"><strong>\u201cMar\u00eda de Buenos Aires\u201d \u00f3pera tango de Astor Piazzolla, con textos de Horacio Ferrer, producida \u00edntegramente por el TB.<\/strong><\/span><\/p>\n<p><span style=\"font-size: 10pt;\">\u00a0Solange Merdinian, mezzo\u2013soprano, protagoniz\u00f3 la Mar\u00eda porte\u00f1a; mientras que Diego Flores; cantante l\u00edrico, coreuta y cantor de tango; encarn\u00f3 los diferentes y multifac\u00e9ticos personajes masculinos. El Duende, por su parte, fue interpretado por Silvio Guevara.\u00a0<\/span><\/p>\n<p><span style=\"font-size: 10pt;\">Direcci\u00f3n coreogr\u00e1fica: Leonardo Cuello<\/span><\/p>\n<p><span style=\"font-size: 10pt;\">Victoria Balanza, interpret\u00f3 un aspecto de la propia Mar\u00eda a trav\u00e9s de su hipn\u00f3tica danza. <\/span><\/p>\n<p><span style=\"font-size: 10pt;\">Direcci\u00f3n musical de Esteban Calder\u00f3n <\/span><\/p>\n<p><span style=\"font-size: 10pt;\">Bandone\u00f3n: Esteban Calder\u00f3n\u00a0<\/span><\/p>\n<p><span style=\"font-size: 10pt;\">Piano: Leo Marconi<\/span><\/p>\n<p><span style=\"font-size: 10pt;\">Direcci\u00f3n de escena, dise\u00f1os escenogr\u00e1ficos y de vestuario del reconocido escen\u00f3grafo Sergio Massa,<\/span><\/p>\n\n\t\t<\/div> \n\t<\/div> <div class=\"separator  normal\" style=\"margin-top: 5px;margin-bottom: 5px;height: 2px;\"><\/div>\n<\/div><\/div><\/div><div class=\"wpb_column vc_column_container vc_col-sm-8\"><div class=\"vc_column-inner\"><div class=\"wpb_wrapper\">\n\t<div class=\"wpb_text_column wpb_content_element\">\n\t\t<div class=\"wpb_wrapper\">\n\t\t\t<p><iframe loading=\"lazy\" src=\"https:\/\/www.youtube.com\/embed\/9FM1uhYWeFA\" width=\"100%\" height=\"500\" frameborder=\"0\" allowfullscreen=\"allowfullscreen\"><\/iframe><\/p>\n\n\t\t<\/div> \n\t<\/div> <\/div><\/div><\/div><div class=\"wpb_column vc_column_container vc_col-sm-1\"><div class=\"vc_column-inner\"><div class=\"wpb_wrapper\"><\/div><\/div><\/div><\/div><\/div>\t<div class=\"vc_empty_space\"  style=\"height: 25px\" ><span\n\t\t\tclass=\"vc_empty_space_inner\">\n\t\t\t<span class=\"empty_space_image\"  ><\/span>\n\t\t<\/span><\/div>\n\n<\/div><\/div><\/div><\/div><\/div><\/div><div      class=\"vc_row wpb_row section vc_row-fluid  grid_section\" style=' text-align:left;'><div class=\"section_inner clearfix\"><div class='section_inner_margin clearfix'><div class=\"wpb_column vc_column_container vc_col-sm-12 vc_col-has-fill\"><div class=\"vc_column-inner vc_custom_1485526627525\"><div class=\"wpb_wrapper\">\t<div class=\"vc_empty_space\"  style=\"height: 25px\" ><span\n\t\t\tclass=\"vc_empty_space_inner\">\n\t\t\t<span class=\"empty_space_image\"  ><\/span>\n\t\t<\/span><\/div>\n\n<\/div><\/div><\/div><\/div><\/div><\/div><div      class=\"vc_row wpb_row section vc_row-fluid  grid_section\" style=' text-align:left;'><div class=\"section_inner clearfix\"><div class='section_inner_margin clearfix'><div class=\"wpb_column vc_column_container vc_col-sm-12 vc_col-has-fill\"><div class=\"vc_column-inner vc_custom_1485526627525\"><div class=\"wpb_wrapper\"><div      class=\"vc_row wpb_row section vc_row-fluid vc_inner\" style=' text-align:left;'><div class=\"full_section_inner clearfix\"><div class=\"wpb_column vc_column_container vc_col-sm-1\"><div class=\"vc_column-inner\"><div class=\"wpb_wrapper\"><\/div><\/div><\/div><div class=\"wpb_column vc_column_container vc_col-sm-2\"><div class=\"vc_column-inner\"><div class=\"wpb_wrapper\">\n\t<div class=\"wpb_text_column wpb_content_element\">\n\t\t<div class=\"wpb_wrapper\">\n\t\t\t<h4><strong>Reviv\u00ed\u00a0 la creaci\u00f3n de la aclamada \u00f3pera-tango \u201cMar\u00eda de Buenos Aires\u201d<\/strong> de Piazzolla &#8211; Ferrer en el Teatro del Bicentenario Entrevistas a los realizadores de esta maravillosa puesta en escena donde las sonoridades del bandone\u00f3n acompa\u00f1an cada cuadro que por momentos evocan nostalgia y pasi\u00f3n.<\/h4>\n\n\t\t<\/div> \n\t<\/div> <div class=\"separator  normal\" style=\"margin-top: 5px;margin-bottom: 5px;height: 2px;\"><\/div>\n<\/div><\/div><\/div><div class=\"wpb_column vc_column_container vc_col-sm-8\"><div class=\"vc_column-inner\"><div class=\"wpb_wrapper\">\n\t<div class=\"wpb_text_column wpb_content_element\">\n\t\t<div class=\"wpb_wrapper\">\n\t\t\t<p><iframe loading=\"lazy\" src=\"https:\/\/www.youtube.com\/embed\/f2kiRHqls_g\" width=\"100%\" height=\"500\" frameborder=\"0\" allowfullscreen=\"allowfullscreen\"><\/iframe><\/p>\n\n\t\t<\/div> \n\t<\/div> <\/div><\/div><\/div><div class=\"wpb_column vc_column_container vc_col-sm-1\"><div class=\"vc_column-inner\"><div class=\"wpb_wrapper\"><\/div><\/div><\/div><\/div><\/div>\t<div class=\"vc_empty_space\"  style=\"height: 25px\" ><span\n\t\t\tclass=\"vc_empty_space_inner\">\n\t\t\t<span class=\"empty_space_image\"  ><\/span>\n\t\t<\/span><\/div>\n\n<\/div><\/div><\/div><\/div><\/div><\/div><div      class=\"vc_row wpb_row section vc_row-fluid  grid_section\" style=' text-align:left;'><div class=\"section_inner clearfix\"><div class='section_inner_margin clearfix'><div class=\"wpb_column vc_column_container vc_col-sm-12 vc_col-has-fill\"><div class=\"vc_column-inner vc_custom_1485526627525\"><div class=\"wpb_wrapper\">\t<div class=\"vc_empty_space\"  style=\"height: 25px\" ><span\n\t\t\tclass=\"vc_empty_space_inner\">\n\t\t\t<span class=\"empty_space_image\"  ><\/span>\n\t\t<\/span><\/div>\n\n<\/div><\/div><\/div><\/div><\/div><\/div><div      class=\"vc_row wpb_row section vc_row-fluid  grid_section\" style=' text-align:left;'><div class=\"section_inner clearfix\"><div class='section_inner_margin clearfix'><div class=\"wpb_column vc_column_container vc_col-sm-12 vc_col-has-fill\"><div class=\"vc_column-inner vc_custom_1485526627525\"><div class=\"wpb_wrapper\"><div      class=\"vc_row wpb_row section vc_row-fluid vc_inner\" style=' text-align:left;'><div class=\"full_section_inner clearfix\"><div class=\"wpb_column vc_column_container vc_col-sm-1\"><div class=\"vc_column-inner\"><div class=\"wpb_wrapper\"><\/div><\/div><\/div><div class=\"wpb_column vc_column_container vc_col-sm-2\"><div class=\"vc_column-inner\"><div class=\"wpb_wrapper\">\n\t<div class=\"wpb_text_column wpb_content_element\">\n\t\t<div class=\"wpb_wrapper\">\n\t\t\t<h4>Conoc\u00e9 a Laura Pisani<span data-offset-key=\"a1jbq-0-0\">\u00a0<\/span>.<\/h4>\n<div class=\"\" data-block=\"true\" data-editor=\"8rmo9\" data-offset-key=\"a1jbq-0-0\">\n<div class=\"_1mf _1mj\" data-offset-key=\"a1jbq-0-0\"><span data-offset-key=\"a1jbq-0-0\">La Soprano\u00a0 que interpret\u00f3 a la Reina de la Noche\u00a0 y descubr\u00ed c\u00f3mo fue el proceso de creaci\u00f3n de este personaje de \u00abLa Flauta M\u00e1gica\u00bb en espa\u00f1ol<\/span><\/div>\n<\/div>\n<div class=\"\" data-block=\"true\" data-editor=\"8rmo9\" data-offset-key=\"8g5ff-0-0\">\n<div class=\"_1mf _1mj\" data-offset-key=\"8g5ff-0-0\">\u00a0<\/div>\n<\/div>\n\n\t\t<\/div> \n\t<\/div> <div class=\"separator  normal\" style=\"margin-top: 5px;margin-bottom: 5px;height: 2px;\"><\/div>\n<\/div><\/div><\/div><div class=\"wpb_column vc_column_container vc_col-sm-8\"><div class=\"vc_column-inner\"><div class=\"wpb_wrapper\">\n\t<div class=\"wpb_text_column wpb_content_element\">\n\t\t<div class=\"wpb_wrapper\">\n\t\t\t<p><iframe loading=\"lazy\" src=\"https:\/\/www.youtube.com\/embed\/ez9zyBK5DNs\" width=\"100%\" height=\"500\" frameborder=\"0\" allowfullscreen=\"allowfullscreen\"><\/iframe><\/p>\n\n\t\t<\/div> \n\t<\/div> <\/div><\/div><\/div><div class=\"wpb_column vc_column_container vc_col-sm-1\"><div class=\"vc_column-inner\"><div class=\"wpb_wrapper\"><\/div><\/div><\/div><\/div><\/div>\t<div class=\"vc_empty_space\"  style=\"height: 25px\" ><span\n\t\t\tclass=\"vc_empty_space_inner\">\n\t\t\t<span class=\"empty_space_image\"  ><\/span>\n\t\t<\/span><\/div>\n\n<\/div><\/div><\/div><\/div><\/div><\/div><div      class=\"vc_row wpb_row section vc_row-fluid  grid_section\" style=' text-align:left;'><div class=\"section_inner clearfix\"><div class='section_inner_margin clearfix'><div class=\"wpb_column vc_column_container vc_col-sm-12 vc_col-has-fill\"><div class=\"vc_column-inner vc_custom_1485526627525\"><div class=\"wpb_wrapper\"><div      class=\"vc_row wpb_row section vc_row-fluid vc_inner\" style=' text-align:left;'><div class=\"full_section_inner clearfix\"><div class=\"wpb_column vc_column_container vc_col-sm-1\"><div class=\"vc_column-inner\"><div class=\"wpb_wrapper\"><\/div><\/div><\/div><div class=\"wpb_column vc_column_container vc_col-sm-2\"><div class=\"vc_column-inner\"><div class=\"wpb_wrapper\">\n\t<div class=\"wpb_text_column wpb_content_element\">\n\t\t<div class=\"wpb_wrapper\">\n\t\t\t<h4>Conoc\u00e9 a Duilio Smiriglia<span data-offset-key=\"a1jbq-0-0\">\u00a0<\/span>.<\/h4>\n<div class=\"\" data-block=\"true\" data-editor=\"8rmo9\" data-offset-key=\"a1jbq-0-0\">\n<div class=\"_1mf _1mj\" data-offset-key=\"a1jbq-0-0\"><span data-offset-key=\"a1jbq-0-0\">El Tenor que interpret\u00f3 a Tamino y descubr\u00ed c\u00f3mo fue el desaf\u00edo de la creaci\u00f3n de este valiente personaje de \u00abLa Flauta M\u00e1gica\u00bb en espa\u00f1ol<\/span><\/div>\n<\/div>\n<div class=\"\" data-block=\"true\" data-editor=\"8rmo9\" data-offset-key=\"8g5ff-0-0\">\n<div class=\"_1mf _1mj\" data-offset-key=\"8g5ff-0-0\">\u00a0<\/div>\n<\/div>\n\n\t\t<\/div> \n\t<\/div> <div class=\"separator  normal\" style=\"margin-top: 5px;margin-bottom: 5px;height: 2px;\"><\/div>\n<\/div><\/div><\/div><div class=\"wpb_column vc_column_container vc_col-sm-8\"><div class=\"vc_column-inner\"><div class=\"wpb_wrapper\">\n\t<div class=\"wpb_text_column wpb_content_element\">\n\t\t<div class=\"wpb_wrapper\">\n\t\t\t<p><iframe loading=\"lazy\" src=\"https:\/\/www.youtube.com\/embed\/_BI4n_kTZ6c\" width=\"100%\" height=\"500\" frameborder=\"0\" allowfullscreen=\"allowfullscreen\"><\/iframe><\/p>\n\n\t\t<\/div> \n\t<\/div> <\/div><\/div><\/div><div class=\"wpb_column vc_column_container vc_col-sm-1\"><div class=\"vc_column-inner\"><div class=\"wpb_wrapper\"><\/div><\/div><\/div><\/div><\/div>\t<div class=\"vc_empty_space\"  style=\"height: 25px\" ><span\n\t\t\tclass=\"vc_empty_space_inner\">\n\t\t\t<span class=\"empty_space_image\"  ><\/span>\n\t\t<\/span><\/div>\n\n<\/div><\/div><\/div><\/div><\/div><\/div><div      class=\"vc_row wpb_row section vc_row-fluid  grid_section\" style=' text-align:left;'><div class=\"section_inner clearfix\"><div class='section_inner_margin clearfix'><div class=\"wpb_column vc_column_container vc_col-sm-12 vc_col-has-fill\"><div class=\"vc_column-inner vc_custom_1485526627525\"><div class=\"wpb_wrapper\"><div      class=\"vc_row wpb_row section vc_row-fluid vc_inner\" style=' text-align:left;'><div class=\"full_section_inner clearfix\"><div class=\"wpb_column vc_column_container vc_col-sm-1\"><div class=\"vc_column-inner\"><div class=\"wpb_wrapper\"><\/div><\/div><\/div><div class=\"wpb_column vc_column_container vc_col-sm-2\"><div class=\"vc_column-inner\"><div class=\"wpb_wrapper\">\n\t<div class=\"wpb_text_column wpb_content_element\">\n\t\t<div class=\"wpb_wrapper\">\n\t\t\t<h4>Conoc\u00e9 a <span data-offset-key=\"a1jbq-0-0\">Fernando L\u00e1zari\u00a0<\/span>.<\/h4>\n<div class=\"\" data-block=\"true\" data-editor=\"8rmo9\" data-offset-key=\"a1jbq-0-0\">\n<div class=\"_1mf _1mj\" data-offset-key=\"a1jbq-0-0\"><span data-offset-key=\"a1jbq-0-0\">El Bar\u00edtono que interpret\u00f3 a Papageno y descubr\u00ed c\u00f3mo fue la creaci\u00f3n de este adorable\u00a0 personaje de \u00abLa Flauta M\u00e1gica\u00bb en espa\u00f1ol<\/span><\/div>\n<\/div>\n<div class=\"\" data-block=\"true\" data-editor=\"8rmo9\" data-offset-key=\"8g5ff-0-0\">\n<div class=\"_1mf _1mj\" data-offset-key=\"8g5ff-0-0\">\u00a0<\/div>\n<\/div>\n\n\t\t<\/div> \n\t<\/div> <div class=\"separator  normal\" style=\"margin-top: 5px;margin-bottom: 5px;height: 2px;\"><\/div>\n<\/div><\/div><\/div><div class=\"wpb_column vc_column_container vc_col-sm-8\"><div class=\"vc_column-inner\"><div class=\"wpb_wrapper\">\n\t<div class=\"wpb_text_column wpb_content_element\">\n\t\t<div class=\"wpb_wrapper\">\n\t\t\t<p><iframe loading=\"lazy\" src=\"https:\/\/www.youtube.com\/embed\/P09RH6w5qlg\" width=\"100%\" height=\"500\" frameborder=\"0\" allowfullscreen=\"allowfullscreen\"><\/iframe><\/p>\n\n\t\t<\/div> \n\t<\/div> <\/div><\/div><\/div><div class=\"wpb_column vc_column_container vc_col-sm-1\"><div class=\"vc_column-inner\"><div class=\"wpb_wrapper\"><\/div><\/div><\/div><\/div><\/div>\t<div class=\"vc_empty_space\"  style=\"height: 25px\" ><span\n\t\t\tclass=\"vc_empty_space_inner\">\n\t\t\t<span class=\"empty_space_image\"  ><\/span>\n\t\t<\/span><\/div>\n\n<\/div><\/div><\/div><\/div><\/div><\/div><div      class=\"vc_row wpb_row section vc_row-fluid  grid_section\" style=' text-align:left;'><div class=\"section_inner clearfix\"><div class='section_inner_margin clearfix'><div class=\"wpb_column vc_column_container vc_col-sm-12 vc_col-has-fill\"><div class=\"vc_column-inner vc_custom_1485526627525\"><div class=\"wpb_wrapper\"><div      class=\"vc_row wpb_row section vc_row-fluid vc_inner\" style=' text-align:left;'><div class=\"full_section_inner clearfix\"><div class=\"wpb_column vc_column_container vc_col-sm-1\"><div class=\"vc_column-inner\"><div class=\"wpb_wrapper\"><\/div><\/div><\/div><div class=\"wpb_column vc_column_container vc_col-sm-2\"><div class=\"vc_column-inner\"><div class=\"wpb_wrapper\">\n\t<div class=\"wpb_text_column wpb_content_element\">\n\t\t<div class=\"wpb_wrapper\">\n\t\t\t<h4>Conoc\u00e9 a Osvaldo Peroni.<\/h4>\n<div class=\"\" data-block=\"true\" data-editor=\"8rmo9\" data-offset-key=\"a1jbq-0-0\">\n<div class=\"_1mf _1mj\" data-offset-key=\"a1jbq-0-0\"><span data-offset-key=\"a1jbq-0-0\">El Tenor que interpret\u00f3 a Mon\u00f3statos y c\u00f3mo fue la creaci\u00f3n de este personaje malvado de \u00abLa Flauta M\u00e1gica\u00bb en espa\u00f1ol<\/span><\/div>\n<\/div>\n<div class=\"\" data-block=\"true\" data-editor=\"8rmo9\" data-offset-key=\"8g5ff-0-0\">\n<div class=\"_1mf _1mj\" data-offset-key=\"8g5ff-0-0\">\u00a0<\/div>\n<\/div>\n\n\t\t<\/div> \n\t<\/div> <div class=\"separator  normal\" style=\"margin-top: 5px;margin-bottom: 5px;height: 2px;\"><\/div>\n<\/div><\/div><\/div><div class=\"wpb_column vc_column_container vc_col-sm-8\"><div class=\"vc_column-inner\"><div class=\"wpb_wrapper\">\n\t<div class=\"wpb_text_column wpb_content_element\">\n\t\t<div class=\"wpb_wrapper\">\n\t\t\t<p><iframe loading=\"lazy\" src=\"https:\/\/www.youtube.com\/embed\/w3mox7qeHSo\" width=\"100%\" height=\"500\" frameborder=\"0\" allowfullscreen=\"allowfullscreen\"><\/iframe><\/p>\n\n\t\t<\/div> \n\t<\/div> <\/div><\/div><\/div><div class=\"wpb_column vc_column_container vc_col-sm-1\"><div class=\"vc_column-inner\"><div class=\"wpb_wrapper\"><\/div><\/div><\/div><\/div><\/div>\t<div class=\"vc_empty_space\"  style=\"height: 25px\" ><span\n\t\t\tclass=\"vc_empty_space_inner\">\n\t\t\t<span class=\"empty_space_image\"  ><\/span>\n\t\t<\/span><\/div>\n\n<\/div><\/div><\/div><\/div><\/div><\/div><div      class=\"vc_row wpb_row section vc_row-fluid  grid_section\" style=' text-align:left;'><div class=\"section_inner clearfix\"><div class='section_inner_margin clearfix'><div class=\"wpb_column vc_column_container vc_col-sm-12 vc_col-has-fill\"><div class=\"vc_column-inner vc_custom_1485526627525\"><div class=\"wpb_wrapper\"><div      class=\"vc_row wpb_row section vc_row-fluid vc_inner\" style=' text-align:left;'><div class=\"full_section_inner clearfix\"><div class=\"wpb_column vc_column_container vc_col-sm-1\"><div class=\"vc_column-inner\"><div class=\"wpb_wrapper\"><\/div><\/div><\/div><div class=\"wpb_column vc_column_container vc_col-sm-2\"><div class=\"vc_column-inner\"><div class=\"wpb_wrapper\">\n\t<div class=\"wpb_text_column wpb_content_element\">\n\t\t<div class=\"wpb_wrapper\">\n\t\t\t<h4>Conoc\u00e9 a Marina Silva.<\/h4>\n<p>La soprano que\u00a0 interpret\u00f3 a Pamina en \u00abLa Flauta M\u00e1gica\u00bb en espa\u00f1ol y c\u00f3mo fue armando este personaje so\u00f1ado<\/p>\n\n\t\t<\/div> \n\t<\/div> <div class=\"separator  normal\" style=\"margin-top: 5px;margin-bottom: 5px;height: 2px;\"><\/div>\n<\/div><\/div><\/div><div class=\"wpb_column vc_column_container vc_col-sm-8\"><div class=\"vc_column-inner\"><div class=\"wpb_wrapper\">\n\t<div class=\"wpb_text_column wpb_content_element\">\n\t\t<div class=\"wpb_wrapper\">\n\t\t\t<p><iframe loading=\"lazy\" src=\"https:\/\/www.youtube.com\/embed\/q1G5D81kD5Y\" width=\"100%\" height=\"500\" frameborder=\"0\" allowfullscreen=\"allowfullscreen\"><\/iframe><\/p>\n\n\t\t<\/div> \n\t<\/div> <\/div><\/div><\/div><div class=\"wpb_column vc_column_container vc_col-sm-1\"><div class=\"vc_column-inner\"><div class=\"wpb_wrapper\"><\/div><\/div><\/div><\/div><\/div>\t<div class=\"vc_empty_space\"  style=\"height: 25px\" ><span\n\t\t\tclass=\"vc_empty_space_inner\">\n\t\t\t<span class=\"empty_space_image\"  ><\/span>\n\t\t<\/span><\/div>\n\n<\/div><\/div><\/div><\/div><\/div><\/div><div      class=\"vc_row wpb_row section vc_row-fluid  grid_section\" style=' text-align:left;'><div class=\"section_inner clearfix\"><div class='section_inner_margin clearfix'><div class=\"wpb_column vc_column_container vc_col-sm-12 vc_col-has-fill\"><div class=\"vc_column-inner vc_custom_1485526627525\"><div class=\"wpb_wrapper\"><div      class=\"vc_row wpb_row section vc_row-fluid vc_inner\" style=' text-align:left;'><div class=\"full_section_inner clearfix\"><div class=\"wpb_column vc_column_container vc_col-sm-1\"><div class=\"vc_column-inner\"><div class=\"wpb_wrapper\"><\/div><\/div><\/div><div class=\"wpb_column vc_column_container vc_col-sm-2\"><div class=\"vc_column-inner\"><div class=\"wpb_wrapper\">\n\t<div class=\"wpb_text_column wpb_content_element\">\n\t\t<div class=\"wpb_wrapper\">\n\t\t\t<h4>Conoc\u00e9 a Cristian De Marco.<\/h4>\n<p>El bajo que interpret\u00f3 a Sarastro en \u00abLa Flauta M\u00e1gica\u00bb en espa\u00f1ol y c\u00f3mo prepar\u00f3 este personaje<\/p>\n\n\t\t<\/div> \n\t<\/div> <div class=\"separator  normal\" style=\"margin-top: 5px;margin-bottom: 5px;height: 2px;\"><\/div>\n<\/div><\/div><\/div><div class=\"wpb_column vc_column_container vc_col-sm-8\"><div class=\"vc_column-inner\"><div class=\"wpb_wrapper\">\n\t<div class=\"wpb_text_column wpb_content_element\">\n\t\t<div class=\"wpb_wrapper\">\n\t\t\t<p><iframe loading=\"lazy\" src=\"https:\/\/www.youtube.com\/embed\/-x4fHh1sVOs\" width=\"100%\" height=\"500\" frameborder=\"0\" allowfullscreen=\"allowfullscreen\"><\/iframe><\/p>\n\n\t\t<\/div> \n\t<\/div> <\/div><\/div><\/div><div class=\"wpb_column vc_column_container vc_col-sm-1\"><div class=\"vc_column-inner\"><div class=\"wpb_wrapper\"><\/div><\/div><\/div><\/div><\/div>\t<div class=\"vc_empty_space\"  style=\"height: 25px\" ><span\n\t\t\tclass=\"vc_empty_space_inner\">\n\t\t\t<span class=\"empty_space_image\"  ><\/span>\n\t\t<\/span><\/div>\n\n<\/div><\/div><\/div><\/div><\/div><\/div><div      class=\"vc_row wpb_row section vc_row-fluid  grid_section\" style=' text-align:left;'><div class=\"section_inner clearfix\"><div class='section_inner_margin clearfix'><div class=\"wpb_column vc_column_container vc_col-sm-12 vc_col-has-fill\"><div class=\"vc_column-inner vc_custom_1485526627525\"><div class=\"wpb_wrapper\"><div      class=\"vc_row wpb_row section vc_row-fluid vc_inner\" style=' text-align:left;'><div class=\"full_section_inner clearfix\"><div class=\"wpb_column vc_column_container vc_col-sm-1\"><div class=\"vc_column-inner\"><div class=\"wpb_wrapper\"><\/div><\/div><\/div><div class=\"wpb_column vc_column_container vc_col-sm-2\"><div class=\"vc_column-inner\"><div class=\"wpb_wrapper\">\n\t<div class=\"wpb_text_column wpb_content_element\">\n\t\t<div class=\"wpb_wrapper\">\n\t\t\t<h4>Conoc\u00e9 el desaf\u00edo de la creaci\u00f3n del Teatro del Bicentenario.<\/h4>\n<p>La cultura como pol\u00edtica de Estado<\/p>\n\n\t\t<\/div> \n\t<\/div> <div class=\"separator  normal\" style=\"margin-top: 5px;margin-bottom: 5px;height: 2px;\"><\/div>\n<\/div><\/div><\/div><div class=\"wpb_column vc_column_container vc_col-sm-8\"><div class=\"vc_column-inner\"><div class=\"wpb_wrapper\">\n\t<div class=\"wpb_text_column wpb_content_element\">\n\t\t<div class=\"wpb_wrapper\">\n\t\t\t<p><iframe loading=\"lazy\" src=\"https:\/\/www.youtube.com\/embed\/7fv20n24YaQ\" width=\"100%\" height=\"500\" frameborder=\"0\" allowfullscreen=\"allowfullscreen\"><\/iframe><\/p>\n\n\t\t<\/div> \n\t<\/div> <\/div><\/div><\/div><div class=\"wpb_column vc_column_container vc_col-sm-1\"><div class=\"vc_column-inner\"><div class=\"wpb_wrapper\"><\/div><\/div><\/div><\/div><\/div>\t<div class=\"vc_empty_space\"  style=\"height: 25px\" ><span\n\t\t\tclass=\"vc_empty_space_inner\">\n\t\t\t<span class=\"empty_space_image\"  ><\/span>\n\t\t<\/span><\/div>\n\n<\/div><\/div><\/div><\/div><\/div><\/div><div      class=\"vc_row wpb_row section vc_row-fluid  grid_section\" style=' text-align:left;'><div class=\"section_inner clearfix\"><div class='section_inner_margin clearfix'><div class=\"wpb_column vc_column_container vc_col-sm-12 vc_col-has-fill\"><div class=\"vc_column-inner vc_custom_1485526627525\"><div class=\"wpb_wrapper\">\t<div class=\"vc_empty_space\"  style=\"height: 25px\" ><span\n\t\t\tclass=\"vc_empty_space_inner\">\n\t\t\t<span class=\"empty_space_image\"  ><\/span>\n\t\t<\/span><\/div>\n\n\t<div class=\"vc_empty_space\"  style=\"height: 30px\" ><span\n\t\t\tclass=\"vc_empty_space_inner\">\n\t\t\t<span class=\"empty_space_image\"  ><\/span>\n\t\t<\/span><\/div>\n\n<\/div><\/div><\/div><\/div><\/div><\/div><div      class=\"vc_row wpb_row section vc_row-fluid  grid_section\" style=' text-align:left;'><div class=\"section_inner clearfix\"><div class='section_inner_margin clearfix'><div class=\"wpb_column vc_column_container vc_col-sm-12 vc_col-has-fill\"><div class=\"vc_column-inner vc_custom_1485526627525\"><div class=\"wpb_wrapper\"><div      class=\"vc_row wpb_row section vc_row-fluid vc_inner\" style=' text-align:left;'><div class=\"full_section_inner clearfix\"><div class=\"wpb_column vc_column_container vc_col-sm-1\"><div class=\"vc_column-inner\"><div class=\"wpb_wrapper\"><\/div><\/div><\/div><div class=\"wpb_column vc_column_container vc_col-sm-2\"><div class=\"vc_column-inner\"><div class=\"wpb_wrapper\">\n\t<div class=\"wpb_text_column wpb_content_element\">\n\t\t<div class=\"wpb_wrapper\">\n\t\t\t<h4>Detr\u00e1s de escena \u00abLa Flauta M\u00e1gica\u00bb<\/h4>\n<p>La Flauta M\u00e1gica estuvo compuesta de gran cantidad de detalles que juntos generaron magia,en este video espiamos el detr\u00e1s de escena<\/p>\n\n\t\t<\/div> \n\t<\/div> <div class=\"separator  normal\" style=\"margin-top: 5px;margin-bottom: 5px;height: 2px;\"><\/div>\n<\/div><\/div><\/div><div class=\"wpb_column vc_column_container vc_col-sm-8\"><div class=\"vc_column-inner\"><div class=\"wpb_wrapper\">\n\t<div class=\"wpb_text_column wpb_content_element\">\n\t\t<div class=\"wpb_wrapper\">\n\t\t\t<p><iframe loading=\"lazy\" src=\"https:\/\/www.youtube.com\/embed\/e44uB2i0YdQ\" width=\"100%\" height=\"500\" frameborder=\"0\" allowfullscreen=\"allowfullscreen\"><span data-mce-type=\"bookmark\" style=\"display: inline-block; width: 0px; overflow: hidden; line-height: 0;\" class=\"mce_SELRES_start\"><\/span><\/iframe><\/p>\n\n\t\t<\/div> \n\t<\/div> <\/div><\/div><\/div><div class=\"wpb_column vc_column_container vc_col-sm-1\"><div class=\"vc_column-inner\"><div class=\"wpb_wrapper\"><\/div><\/div><\/div><\/div><\/div>\t<div class=\"vc_empty_space\"  style=\"height: 25px\" ><span\n\t\t\tclass=\"vc_empty_space_inner\">\n\t\t\t<span class=\"empty_space_image\"  ><\/span>\n\t\t<\/span><\/div>\n\n\t<div class=\"vc_empty_space\"  style=\"height: 25px\" ><span\n\t\t\tclass=\"vc_empty_space_inner\">\n\t\t\t<span class=\"empty_space_image\"  ><\/span>\n\t\t<\/span><\/div>\n\n<\/div><\/div><\/div><\/div><\/div><\/div><div      class=\"vc_row wpb_row section vc_row-fluid  grid_section\" style=' text-align:left;'><div class=\"section_inner clearfix\"><div class='section_inner_margin clearfix'><div class=\"wpb_column vc_column_container vc_col-sm-12 vc_col-has-fill\"><div class=\"vc_column-inner vc_custom_1485526627525\"><div class=\"wpb_wrapper\"><div      class=\"vc_row wpb_row section vc_row-fluid vc_inner\" style=' text-align:left;'><div class=\"full_section_inner clearfix\"><div class=\"wpb_column vc_column_container vc_col-sm-1\"><div class=\"vc_column-inner\"><div class=\"wpb_wrapper\"><\/div><\/div><\/div><div class=\"wpb_column vc_column_container vc_col-sm-2\"><div class=\"vc_column-inner\"><div class=\"wpb_wrapper\">\n\t<div class=\"wpb_text_column wpb_content_element\">\n\t\t<div class=\"wpb_wrapper\">\n\t\t\t<h4>El maestro Mauricio Wainrot<\/h4>\n<p><span style=\"font-size: 10pt;\">Uno de los mayores core\u00f3grafos argentinos de trascendencia internacional, es quien dirigi\u00f3 esta excelent\u00edsima obra. Entrevista a Mauricio Wainrot, core\u00f3grafo y director de \u201cEl Mes\u00edas\u201d<\/span><\/p>\n\n\t\t<\/div> \n\t<\/div> <div class=\"separator  normal\" style=\"margin-top: 5px;margin-bottom: 5px;height: 2px;\"><\/div>\n<\/div><\/div><\/div><div class=\"wpb_column vc_column_container vc_col-sm-8\"><div class=\"vc_column-inner\"><div class=\"wpb_wrapper\">\n\t<div class=\"wpb_text_column wpb_content_element\">\n\t\t<div class=\"wpb_wrapper\">\n\t\t\t<p><iframe loading=\"lazy\" src=\"https:\/\/www.youtube.com\/embed\/3u7s-eTB-EQ\" width=\"100%\" height=\"500\" frameborder=\"0\" allowfullscreen=\"allowfullscreen\"><\/iframe><\/p>\n\n\t\t<\/div> \n\t<\/div> <\/div><\/div><\/div><div class=\"wpb_column vc_column_container vc_col-sm-1\"><div class=\"vc_column-inner\"><div class=\"wpb_wrapper\"><\/div><\/div><\/div><\/div><\/div>\t<div class=\"vc_empty_space\"  style=\"height: 25px\" ><span\n\t\t\tclass=\"vc_empty_space_inner\">\n\t\t\t<span class=\"empty_space_image\"  ><\/span>\n\t\t<\/span><\/div>\n\n\t<div class=\"vc_empty_space\"  style=\"height: 25px\" ><span\n\t\t\tclass=\"vc_empty_space_inner\">\n\t\t\t<span class=\"empty_space_image\"  ><\/span>\n\t\t<\/span><\/div>\n\n<\/div><\/div><\/div><\/div><\/div><\/div><div      class=\"vc_row wpb_row section vc_row-fluid  grid_section\" style=' text-align:left;'><div class=\"section_inner clearfix\"><div class='section_inner_margin clearfix'><div class=\"wpb_column vc_column_container vc_col-sm-12 vc_col-has-fill\"><div class=\"vc_column-inner vc_custom_1483703993335\"><div class=\"wpb_wrapper\"><div      class=\"vc_row wpb_row section vc_row-fluid vc_inner\" style=' text-align:left;'><div class=\"full_section_inner clearfix\"><div class=\"wpb_column vc_column_container vc_col-sm-1\"><div class=\"vc_column-inner\"><div class=\"wpb_wrapper\"><\/div><\/div><\/div><div class=\"wpb_column vc_column_container vc_col-sm-2\"><div class=\"vc_column-inner\"><div class=\"wpb_wrapper\">\n\t<div class=\"wpb_text_column wpb_content_element\">\n\t\t<div class=\"wpb_wrapper\">\n\t\t\t<h4>\u201cEl Mes\u00edas\u201d<\/h4>\n<p><span style=\"font-size: 10pt;\">L\u00edrica y virtuosismo en el Teatro del Bicentenario Wainrot toma la esencia religiosa y emocional del oratorio de Haendel y construye un ballet que transforma los estados de \u00e1nimo en movimiento, invitando al p\u00fablico a embarcarse en un viaje espiritual e introspectivo. Te invitamos a disfrutarla<\/span><\/p>\n\n\t\t<\/div> \n\t<\/div> <div class=\"separator  normal\" style=\"margin-top: 5px;margin-bottom: 5px;height: 2px;\"><\/div>\n<\/div><\/div><\/div><div class=\"wpb_column vc_column_container vc_col-sm-8\"><div class=\"vc_column-inner\"><div class=\"wpb_wrapper\">\n\t<div class=\"wpb_text_column wpb_content_element\">\n\t\t<div class=\"wpb_wrapper\">\n\t\t\t<p><iframe loading=\"lazy\" src=\"https:\/\/www.youtube.com\/embed\/csml-CMrP-c\" width=\"100%\" height=\"500\" frameborder=\"0\" allowfullscreen=\"allowfullscreen\"><\/iframe><\/p>\n\n\t\t<\/div> \n\t<\/div> <\/div><\/div><\/div><div class=\"wpb_column vc_column_container vc_col-sm-1\"><div class=\"vc_column-inner\"><div class=\"wpb_wrapper\"><\/div><\/div><\/div><\/div><\/div>\t<div class=\"vc_empty_space\"  style=\"height: 25px\" ><span\n\t\t\tclass=\"vc_empty_space_inner\">\n\t\t\t<span class=\"empty_space_image\"  ><\/span>\n\t\t<\/span><\/div>\n\n<\/div><\/div><\/div><\/div><\/div><\/div><div      class=\"vc_row wpb_row section vc_row-fluid\" style=' text-align:left;'><div class=\"full_section_inner clearfix\"><div class=\"wpb_column vc_column_container vc_col-sm-12\"><div class=\"vc_column-inner\"><div class=\"wpb_wrapper\">\t<div class=\"vc_empty_space\"  style=\"height: 30px\" ><span\n\t\t\tclass=\"vc_empty_space_inner\">\n\t\t\t<span class=\"empty_space_image\"  ><\/span>\n\t\t<\/span><\/div>\n\n<\/div><\/div><\/div><\/div><\/div><div      class=\"vc_row wpb_row section vc_row-fluid  grid_section\" style=' text-align:left;'><div class=\"section_inner clearfix\"><div class='section_inner_margin clearfix'><div class=\"wpb_column vc_column_container vc_col-sm-12 vc_col-has-fill\"><div class=\"vc_column-inner vc_custom_1483703993335\"><div class=\"wpb_wrapper\"><div      class=\"vc_row wpb_row section vc_row-fluid vc_inner\" style=' text-align:left;'><div class=\"full_section_inner clearfix\"><div class=\"wpb_column vc_column_container vc_col-sm-1\"><div class=\"vc_column-inner\"><div class=\"wpb_wrapper\"><\/div><\/div><\/div><div class=\"wpb_column vc_column_container vc_col-sm-2\"><div class=\"vc_column-inner\"><div class=\"wpb_wrapper\">\n\t<div class=\"wpb_text_column wpb_content_element\">\n\t\t<div class=\"wpb_wrapper\">\n\t\t\t<h4>Victoria Balanza<\/h4>\n<p><span style=\"font-size: 10pt;\">Primera bailarina y repositora de \u201cEl Mes\u00edas\u201d Victoria se despidi\u00f3 de los escenarios del mundo en el Teatro del Bicentenario de la mano de Wainrot\u00a0 y con un ballet que transforma los estados de \u00e1nimo en movimiento, invitando al p\u00fablico a embarcarse en un viaje espiritual e introspectivo.<\/span><\/p>\n\n\t\t<\/div> \n\t<\/div> <div class=\"separator  normal\" style=\"margin-top: 5px;margin-bottom: 5px;height: 2px;\"><\/div>\n<\/div><\/div><\/div><div class=\"wpb_column vc_column_container vc_col-sm-8\"><div class=\"vc_column-inner\"><div class=\"wpb_wrapper\">\n\t<div class=\"wpb_text_column wpb_content_element\">\n\t\t<div class=\"wpb_wrapper\">\n\t\t\t<p><iframe loading=\"lazy\" src=\"https:\/\/www.youtube.com\/embed\/qDvJt1NO830\" width=\"100%\" height=\"500\" frameborder=\"0\" allowfullscreen=\"allowfullscreen\"><\/iframe><\/p>\n\n\t\t<\/div> \n\t<\/div> <\/div><\/div><\/div><div class=\"wpb_column vc_column_container vc_col-sm-1\"><div class=\"vc_column-inner\"><div class=\"wpb_wrapper\"><\/div><\/div><\/div><\/div><\/div>\t<div class=\"vc_empty_space\"  style=\"height: 25px\" ><span\n\t\t\tclass=\"vc_empty_space_inner\">\n\t\t\t<span class=\"empty_space_image\"  ><\/span>\n\t\t<\/span><\/div>\n\n<\/div><\/div><\/div><\/div><\/div><\/div><div      class=\"vc_row wpb_row section vc_row-fluid\" style=' text-align:left;'><div class=\"full_section_inner clearfix\"><div class=\"wpb_column vc_column_container vc_col-sm-12\"><div class=\"vc_column-inner\"><div class=\"wpb_wrapper\">\t<div class=\"vc_empty_space\"  style=\"height: 30px\" ><span\n\t\t\tclass=\"vc_empty_space_inner\">\n\t\t\t<span class=\"empty_space_image\"  ><\/span>\n\t\t<\/span><\/div>\n\n<\/div><\/div><\/div><\/div><\/div><div      class=\"vc_row wpb_row section vc_row-fluid  grid_section\" style=' text-align:left;'><div class=\"section_inner clearfix\"><div class='section_inner_margin clearfix'><div class=\"wpb_column vc_column_container vc_col-sm-12 vc_col-has-fill\"><div class=\"vc_column-inner vc_custom_1483703993335\"><div class=\"wpb_wrapper\"><div      class=\"vc_row wpb_row section vc_row-fluid vc_inner\" style=' text-align:left;'><div class=\"full_section_inner clearfix\"><div class=\"wpb_column vc_column_container vc_col-sm-1\"><div class=\"vc_column-inner\"><div class=\"wpb_wrapper\"><\/div><\/div><\/div><div class=\"wpb_column vc_column_container vc_col-sm-2\"><div class=\"vc_column-inner\"><div class=\"wpb_wrapper\">\n\t<div class=\"wpb_text_column wpb_content_element\">\n\t\t<div class=\"wpb_wrapper\">\n\t\t\t<h4>Gerardo Marturano<\/h4>\n<p>La excelent\u00edsima obra fue protagonizada por Gerardo Marturano, junto a un destacado elenco de artistas locales y nacionales.<\/p>\n\n\t\t<\/div> \n\t<\/div> <div class=\"separator  normal\" style=\"margin-top: 5px;margin-bottom: 5px;height: 2px;\"><\/div>\n<\/div><\/div><\/div><div class=\"wpb_column vc_column_container vc_col-sm-8\"><div class=\"vc_column-inner\"><div class=\"wpb_wrapper\">\n\t<div class=\"wpb_text_column wpb_content_element\">\n\t\t<div class=\"wpb_wrapper\">\n\t\t\t<p><iframe loading=\"lazy\" src=\"https:\/\/www.youtube.com\/embed\/hHZy1kAcrKU\" width=\"100%\" height=\"500\" frameborder=\"0\" allowfullscreen=\"allowfullscreen\"><\/iframe><\/p>\n\n\t\t<\/div> \n\t<\/div> <\/div><\/div><\/div><div class=\"wpb_column vc_column_container vc_col-sm-1\"><div class=\"vc_column-inner\"><div class=\"wpb_wrapper\"><\/div><\/div><\/div><\/div><\/div>\t<div class=\"vc_empty_space\"  style=\"height: 25px\" ><span\n\t\t\tclass=\"vc_empty_space_inner\">\n\t\t\t<span class=\"empty_space_image\"  ><\/span>\n\t\t<\/span><\/div>\n\n<\/div><\/div><\/div><\/div><\/div><\/div><div      class=\"vc_row wpb_row section vc_row-fluid\" style=' text-align:left;'><div class=\"full_section_inner clearfix\"><div class=\"wpb_column vc_column_container vc_col-sm-12\"><div class=\"vc_column-inner\"><div class=\"wpb_wrapper\">\t<div class=\"vc_empty_space\"  style=\"height: 30px\" ><span\n\t\t\tclass=\"vc_empty_space_inner\">\n\t\t\t<span class=\"empty_space_image\"  ><\/span>\n\t\t<\/span><\/div>\n\n<\/div><\/div><\/div><\/div><\/div><div      class=\"vc_row wpb_row section vc_row-fluid  grid_section\" style=' text-align:left;'><div class=\"section_inner clearfix\"><div class='section_inner_margin clearfix'><div class=\"wpb_column vc_column_container vc_col-sm-12 vc_col-has-fill\"><div class=\"vc_column-inner vc_custom_1483703993335\"><div class=\"wpb_wrapper\"><div      class=\"vc_row wpb_row section vc_row-fluid vc_inner\" style=' text-align:left;'><div class=\"full_section_inner clearfix\"><div class=\"wpb_column vc_column_container vc_col-sm-1\"><div class=\"vc_column-inner\"><div class=\"wpb_wrapper\"><\/div><\/div><\/div><div class=\"wpb_column vc_column_container vc_col-sm-2\"><div class=\"vc_column-inner\"><div class=\"wpb_wrapper\">\n\t<div class=\"wpb_text_column wpb_content_element\">\n\t\t<div class=\"wpb_wrapper\">\n\t\t\t<h4>Conoc\u00e9 el proceso de creaci\u00f3n de \u201cLa Flauta M\u00e1gica\u201d<\/h4>\n<p><span style=\"font-size: 10pt;\">\u201cLa Flauta M\u00e1gica\u201d,el estreno mundial en espa\u00f1ol \u00a0El Gobierno de San Juan junto a la Fundaci\u00f3n Mozarteum de Salzburgo, custodios y difusores de la monumental obra de Mozart a nivel global, trabajaron en conjunto para la premier mundial de la VERSION RECONOCIDA en espa\u00f1ol de esta \u00f3pera<\/span><\/p>\n\n\t\t<\/div> \n\t<\/div> <div class=\"separator  normal\" style=\"margin-top: 5px;margin-bottom: 5px;height: 2px;\"><\/div>\n<\/div><\/div><\/div><div class=\"wpb_column vc_column_container vc_col-sm-8\"><div class=\"vc_column-inner\"><div class=\"wpb_wrapper\">\n\t<div class=\"wpb_text_column wpb_content_element\">\n\t\t<div class=\"wpb_wrapper\">\n\t\t\t<p><iframe loading=\"lazy\" src=\"https:\/\/www.youtube.com\/embed\/ZJT0Rg-_auU\" width=\"100%\" height=\"500\" frameborder=\"0\" allowfullscreen=\"allowfullscreen\"><\/iframe><\/p>\n\n\t\t<\/div> \n\t<\/div> <\/div><\/div><\/div><div class=\"wpb_column vc_column_container vc_col-sm-1\"><div class=\"vc_column-inner\"><div class=\"wpb_wrapper\"><\/div><\/div><\/div><\/div><\/div>\t<div class=\"vc_empty_space\"  style=\"height: 25px\" ><span\n\t\t\tclass=\"vc_empty_space_inner\">\n\t\t\t<span class=\"empty_space_image\"  ><\/span>\n\t\t<\/span><\/div>\n\n<\/div><\/div><\/div><\/div><\/div><\/div><div      class=\"vc_row wpb_row section vc_row-fluid\" style=' text-align:left;'><div class=\"full_section_inner clearfix\"><div class=\"wpb_column vc_column_container vc_col-sm-12\"><div class=\"vc_column-inner\"><div class=\"wpb_wrapper\">\t<div class=\"vc_empty_space\"  style=\"height: 30px\" ><span\n\t\t\tclass=\"vc_empty_space_inner\">\n\t\t\t<span class=\"empty_space_image\"  ><\/span>\n\t\t<\/span><\/div>\n\n<\/div><\/div><\/div><\/div><\/div><div      class=\"vc_row wpb_row section vc_row-fluid  grid_section\" style=' text-align:left;'><div class=\"section_inner clearfix\"><div class='section_inner_margin clearfix'><div class=\"wpb_column vc_column_container vc_col-sm-12 vc_col-has-fill\"><div class=\"vc_column-inner vc_custom_1483703993335\"><div class=\"wpb_wrapper\"><div      class=\"vc_row wpb_row section vc_row-fluid vc_inner\" style=' text-align:left;'><div class=\"full_section_inner clearfix\"><div class=\"wpb_column vc_column_container vc_col-sm-1\"><div class=\"vc_column-inner\"><div class=\"wpb_wrapper\"><\/div><\/div><\/div><div class=\"wpb_column vc_column_container vc_col-sm-2\"><div class=\"vc_column-inner\"><div class=\"wpb_wrapper\">\n\t<div class=\"wpb_text_column wpb_content_element\">\n\t\t<div class=\"wpb_wrapper\">\n\t\t\t<h4>Eugenio Zanetti, la entrevista<\/h4>\n<p><span style=\"font-size: 10pt;\"> \u201cLa Flauta M\u00e1gica\u201d, de la mano del Maestro Zanetti, fue una concepci\u00f3n esc\u00e9nica original y especialmente concebida para el escenario del Teatro del Bicentenario. La Direcci\u00f3n de Escena, el Dise\u00f1o de Escenograf\u00eda, Dise\u00f1o Visual y Vestuario, tuvo la g\u00e9nesis creativa de Zanetti<\/span><\/p>\n\n\t\t<\/div> \n\t<\/div> <div class=\"separator  normal\" style=\"margin-top: 5px;margin-bottom: 5px;height: 2px;\"><\/div>\n<\/div><\/div><\/div><div class=\"wpb_column vc_column_container vc_col-sm-8\"><div class=\"vc_column-inner\"><div class=\"wpb_wrapper\">\n\t<div class=\"wpb_text_column wpb_content_element\">\n\t\t<div class=\"wpb_wrapper\">\n\t\t\t<p><iframe loading=\"lazy\" src=\"https:\/\/www.youtube.com\/embed\/QT3he7FoQzc\" width=\"100%\" height=\"500\" frameborder=\"0\" allowfullscreen=\"allowfullscreen\"><\/iframe><\/p>\n\n\t\t<\/div> \n\t<\/div> <\/div><\/div><\/div><div class=\"wpb_column vc_column_container vc_col-sm-1\"><div class=\"vc_column-inner\"><div class=\"wpb_wrapper\"><\/div><\/div><\/div><\/div><\/div>\t<div class=\"vc_empty_space\"  style=\"height: 25px\" ><span\n\t\t\tclass=\"vc_empty_space_inner\">\n\t\t\t<span class=\"empty_space_image\"  ><\/span>\n\t\t<\/span><\/div>\n\n<\/div><\/div><\/div><\/div><\/div><\/div><div      class=\"vc_row wpb_row section vc_row-fluid\" style=' text-align:left;'><div class=\"full_section_inner clearfix\"><div class=\"wpb_column vc_column_container vc_col-sm-12\"><div class=\"vc_column-inner\"><div class=\"wpb_wrapper\">\t<div class=\"vc_empty_space\"  style=\"height: 30px\" ><span\n\t\t\tclass=\"vc_empty_space_inner\">\n\t\t\t<span class=\"empty_space_image\"  ><\/span>\n\t\t<\/span><\/div>\n\n<\/div><\/div><\/div><\/div><\/div><div      class=\"vc_row wpb_row section vc_row-fluid  grid_section\" style=' text-align:left;'><div class=\"section_inner clearfix\"><div class='section_inner_margin clearfix'><div class=\"wpb_column vc_column_container vc_col-sm-12 vc_col-has-fill\"><div class=\"vc_column-inner vc_custom_1483703993335\"><div class=\"wpb_wrapper\"><div      class=\"vc_row wpb_row section vc_row-fluid vc_inner\" style=' text-align:left;'><div class=\"full_section_inner clearfix\"><div class=\"wpb_column vc_column_container vc_col-sm-1\"><div class=\"vc_column-inner\"><div class=\"wpb_wrapper\"><\/div><\/div><\/div><div class=\"wpb_column vc_column_container vc_col-sm-2\"><div class=\"vc_column-inner\"><div class=\"wpb_wrapper\">\n\t<div class=\"wpb_text_column wpb_content_element\">\n\t\t<div class=\"wpb_wrapper\">\n\t\t\t<h4>\u201cLa Flauta M\u00e1gica\u201d de Wolfgan Amadeus Mozart, ACTO I. El estreno mundial en espa\u00f1ol en el Teatro del Bicentenario<\/h4>\n<p>En su mes aniversario, el Teatro del Bicentenario, asume el desaf\u00edo de ofrecer a la comunidad el estreno mundial de la puesta en escena de LA FLAUTA M\u00c1GICA, de WOLFGAN AMADEUS MOZART, interpretada \u00edntegramente en idioma espa\u00f1ol. El Ministerio de Turismo y Cultura del Gobierno de San Juan junto a la Fundaci\u00f3n Mozarteum Salzburgo, custodios y difusores de la monumental obra de Mozart a nivel global, ofrecen la premier mundial de la VERSION RECONOCIDA en espa\u00f1ol de esta \u00f3pera. Versi\u00f3n que ser\u00e1 un \u00edcono para la comunidad hispano- hablante, bajando barreras de idioma y haciendo un aporte de inmenso valor art\u00edstico y cultural a la comunidad sanjuanina en particular y a la comunidad global en general. LA FLAUTA MAGICA, de la mano del Maestro Eugenio Zanetti, es una CONCEPCI\u00d3N ESC\u00c9NICA ORIGINAL y especialmente concebida para el escenario del Teatro del Bicentenario.<\/p>\n\n\t\t<\/div> \n\t<\/div> <div class=\"separator  normal\" style=\"margin-top: 5px;margin-bottom: 5px;height: 2px;\"><\/div>\n<\/div><\/div><\/div><div class=\"wpb_column vc_column_container vc_col-sm-8\"><div class=\"vc_column-inner\"><div class=\"wpb_wrapper\">\n\t<div class=\"wpb_text_column wpb_content_element\">\n\t\t<div class=\"wpb_wrapper\">\n\t\t\t<p><iframe loading=\"lazy\" src=\"https:\/\/www.youtube.com\/embed\/255HDTmK5Sg\" width=\"100%\" height=\"500\" frameborder=\"0\" allowfullscreen=\"allowfullscreen\"><\/iframe><\/p>\n\n\t\t<\/div> \n\t<\/div> <\/div><\/div><\/div><div class=\"wpb_column vc_column_container vc_col-sm-1\"><div class=\"vc_column-inner\"><div class=\"wpb_wrapper\"><\/div><\/div><\/div><\/div><\/div>\t<div class=\"vc_empty_space\"  style=\"height: 25px\" ><span\n\t\t\tclass=\"vc_empty_space_inner\">\n\t\t\t<span class=\"empty_space_image\"  ><\/span>\n\t\t<\/span><\/div>\n\n<\/div><\/div><\/div><\/div><\/div><\/div><div      class=\"vc_row wpb_row section vc_row-fluid\" style=' text-align:left;'><div class=\"full_section_inner clearfix\"><div class=\"wpb_column vc_column_container vc_col-sm-12\"><div class=\"vc_column-inner\"><div class=\"wpb_wrapper\">\t<div class=\"vc_empty_space\"  style=\"height: 30px\" ><span\n\t\t\tclass=\"vc_empty_space_inner\">\n\t\t\t<span class=\"empty_space_image\"  ><\/span>\n\t\t<\/span><\/div>\n\n<\/div><\/div><\/div><\/div><\/div><div      class=\"vc_row wpb_row section vc_row-fluid  grid_section\" style=' text-align:left;'><div class=\"section_inner clearfix\"><div class='section_inner_margin clearfix'><div class=\"wpb_column vc_column_container vc_col-sm-12 vc_col-has-fill\"><div class=\"vc_column-inner vc_custom_1483703993335\"><div class=\"wpb_wrapper\"><div      class=\"vc_row wpb_row section vc_row-fluid vc_inner\" style=' text-align:left;'><div class=\"full_section_inner clearfix\"><div class=\"wpb_column vc_column_container vc_col-sm-1\"><div class=\"vc_column-inner\"><div class=\"wpb_wrapper\"><\/div><\/div><\/div><div class=\"wpb_column vc_column_container vc_col-sm-2\"><div class=\"vc_column-inner\"><div class=\"wpb_wrapper\">\n\t<div class=\"wpb_text_column wpb_content_element\">\n\t\t<div class=\"wpb_wrapper\">\n\t\t\t<h4>\u201cLa Flauta M\u00e1gica\u201d de Wolfgan Amadeus Mozart, ACTO II. El estreno mundial en espa\u00f1ol en el Teatro del Bicentenario<\/h4>\n<p><span style=\"font-size: 10pt;\">La Direcci\u00f3n de Escena, el Dise\u00f1o de Escenograf\u00eda, Dise\u00f1o Visual y Vestuario, tienen la g\u00e9nesis creativa de Zanetti y es responsabilidad integral de los directores y equipo del Teatro del Bicentenario, corporizar su visi\u00f3n.<\/span><\/p>\n<p><span style=\"font-size: 10pt;\">Elenco Duilio Smiriglia &#8211; Tamino Marina Silva &#8211; Pamina Fernando L\u00e1zari &#8211; Papageno Laura Pisani &#8211; Reina de la Noche Cristian De Marco &#8211; Sarastro Osvaldo Peroni &#8211; Mon\u00f3statos Sabrina Pedreira &#8211; Papagena Ivana Ledesma &#8211; Romina Pedrozo &#8211; Claudia Lepe &#8211; Tres Damas Roman Modzelewski &#8211; Orador\/Sumo Sacerdote Micaela Sanchez Polverini &#8211; Mar\u00eda Sol S\u00e1nchez Polverini &#8211; Abril Roitman &#8211; Tres Genios Octavio Sosa &#8211; Sacerdote\/ Hombre armado Luis Pulente &#8211; Hombre armado<\/span><\/p>\n\n\t\t<\/div> \n\t<\/div> <div class=\"separator  normal\" style=\"margin-top: 5px;margin-bottom: 5px;height: 2px;\"><\/div>\n<\/div><\/div><\/div><div class=\"wpb_column vc_column_container vc_col-sm-8\"><div class=\"vc_column-inner\"><div class=\"wpb_wrapper\">\n\t<div class=\"wpb_text_column wpb_content_element\">\n\t\t<div class=\"wpb_wrapper\">\n\t\t\t<p><iframe loading=\"lazy\" src=\"https:\/\/www.youtube.com\/embed\/HgWLspBi3Zc\" width=\"100%\" height=\"500\" frameborder=\"0\" allowfullscreen=\"allowfullscreen\"><\/iframe><\/p>\n\n\t\t<\/div> \n\t<\/div> <\/div><\/div><\/div><div class=\"wpb_column vc_column_container vc_col-sm-1\"><div class=\"vc_column-inner\"><div class=\"wpb_wrapper\"><\/div><\/div><\/div><\/div><\/div>\t<div class=\"vc_empty_space\"  style=\"height: 25px\" ><span\n\t\t\tclass=\"vc_empty_space_inner\">\n\t\t\t<span class=\"empty_space_image\"  ><\/span>\n\t\t<\/span><\/div>\n\n<\/div><\/div><\/div><\/div><\/div><\/div><div      class=\"vc_row wpb_row section vc_row-fluid\" style=' text-align:left;'><div class=\"full_section_inner clearfix\"><div class=\"wpb_column vc_column_container vc_col-sm-12\"><div class=\"vc_column-inner\"><div class=\"wpb_wrapper\">\t<div class=\"vc_empty_space\"  style=\"height: 30px\" ><span\n\t\t\tclass=\"vc_empty_space_inner\">\n\t\t\t<span class=\"empty_space_image\"  ><\/span>\n\t\t<\/span><\/div>\n\n<\/div><\/div><\/div><\/div><\/div><div      class=\"vc_row wpb_row section vc_row-fluid  grid_section\" style=' text-align:left;'><div class=\"section_inner clearfix\"><div class='section_inner_margin clearfix'><div class=\"wpb_column vc_column_container vc_col-sm-12 vc_col-has-fill\"><div class=\"vc_column-inner vc_custom_1483703993335\"><div class=\"wpb_wrapper\"><div      class=\"vc_row wpb_row section vc_row-fluid vc_inner\" style=' text-align:left;'><div class=\"full_section_inner clearfix\"><div class=\"wpb_column vc_column_container vc_col-sm-1\"><div class=\"vc_column-inner\"><div class=\"wpb_wrapper\"><\/div><\/div><\/div><div class=\"wpb_column vc_column_container vc_col-sm-2\"><div class=\"vc_column-inner\"><div class=\"wpb_wrapper\">\n\t<div class=\"wpb_text_column wpb_content_element\">\n\t\t<div class=\"wpb_wrapper\">\n\t\t\t<h4>Detr\u00e1s de Escena &#8211; La Flauta M\u00e1gica &#8211; Teatro del Bicentenario<\/h4>\n\n\t\t<\/div> \n\t<\/div> <div class=\"separator  normal\" style=\"margin-top: 5px;margin-bottom: 5px;height: 2px;\"><\/div>\n<\/div><\/div><\/div><div class=\"wpb_column vc_column_container vc_col-sm-8\"><div class=\"vc_column-inner\"><div class=\"wpb_wrapper\">\n\t<div class=\"wpb_text_column wpb_content_element\">\n\t\t<div class=\"wpb_wrapper\">\n\t\t\t<p><iframe loading=\"lazy\" src=\"https:\/\/www.youtube.com\/embed\/Sopr_K6V1Og\" width=\"100%\" height=\"500\" frameborder=\"0\" allowfullscreen=\"allowfullscreen\"><\/iframe><\/p>\n\n\t\t<\/div> \n\t<\/div> <\/div><\/div><\/div><div class=\"wpb_column vc_column_container vc_col-sm-1\"><div class=\"vc_column-inner\"><div class=\"wpb_wrapper\"><\/div><\/div><\/div><\/div><\/div>\t<div class=\"vc_empty_space\"  style=\"height: 25px\" ><span\n\t\t\tclass=\"vc_empty_space_inner\">\n\t\t\t<span class=\"empty_space_image\"  ><\/span>\n\t\t<\/span><\/div>\n\n<\/div><\/div><\/div><\/div><\/div><\/div><div      class=\"vc_row wpb_row section vc_row-fluid\" style=' text-align:left;'><div class=\"full_section_inner clearfix\"><div class=\"wpb_column vc_column_container vc_col-sm-12\"><div class=\"vc_column-inner\"><div class=\"wpb_wrapper\">\t<div class=\"vc_empty_space\"  style=\"height: 30px\" ><span\n\t\t\tclass=\"vc_empty_space_inner\">\n\t\t\t<span class=\"empty_space_image\"  ><\/span>\n\t\t<\/span><\/div>\n\n<\/div><\/div><\/div><\/div><\/div><div      class=\"vc_row wpb_row section vc_row-fluid  grid_section\" style=' text-align:left;'><div class=\"section_inner clearfix\"><div class='section_inner_margin clearfix'><div class=\"wpb_column vc_column_container vc_col-sm-12 vc_col-has-fill\"><div class=\"vc_column-inner vc_custom_1483703993335\"><div class=\"wpb_wrapper\"><div      class=\"vc_row wpb_row section vc_row-fluid vc_inner\" style=' text-align:left;'><div class=\"full_section_inner clearfix\"><div class=\"wpb_column vc_column_container vc_col-sm-1\"><div class=\"vc_column-inner\"><div class=\"wpb_wrapper\"><\/div><\/div><\/div><div class=\"wpb_column vc_column_container vc_col-sm-2\"><div class=\"vc_column-inner\"><div class=\"wpb_wrapper\">\n\t<div class=\"wpb_text_column wpb_content_element\">\n\t\t<div class=\"wpb_wrapper\">\n\t\t\t<h4>Emmanuel Siffert &#8211; La Flauta M\u00e1gica &#8211; Teatro del Bicentenario<\/h4>\n\n\t\t<\/div> \n\t<\/div> <div class=\"separator  normal\" style=\"margin-top: 5px;margin-bottom: 5px;height: 2px;\"><\/div>\n<\/div><\/div><\/div><div class=\"wpb_column vc_column_container vc_col-sm-8\"><div class=\"vc_column-inner\"><div class=\"wpb_wrapper\">\n\t<div class=\"wpb_text_column wpb_content_element\">\n\t\t<div class=\"wpb_wrapper\">\n\t\t\t<p><iframe loading=\"lazy\" src=\"https:\/\/www.youtube.com\/embed\/7tfWm5FrsSY\" width=\"100%\" height=\"500\" frameborder=\"0\" allowfullscreen=\"allowfullscreen\"><\/iframe><\/p>\n\n\t\t<\/div> \n\t<\/div> <\/div><\/div><\/div><div class=\"wpb_column vc_column_container vc_col-sm-1\"><div class=\"vc_column-inner\"><div class=\"wpb_wrapper\"><\/div><\/div><\/div><\/div><\/div>\t<div class=\"vc_empty_space\"  style=\"height: 25px\" ><span\n\t\t\tclass=\"vc_empty_space_inner\">\n\t\t\t<span class=\"empty_space_image\"  ><\/span>\n\t\t<\/span><\/div>\n\n<\/div><\/div><\/div><\/div><\/div><\/div><div      class=\"vc_row wpb_row section vc_row-fluid\" style=' text-align:left;'><div class=\"full_section_inner clearfix\"><div class=\"wpb_column vc_column_container vc_col-sm-12\"><div class=\"vc_column-inner\"><div class=\"wpb_wrapper\">\t<div class=\"vc_empty_space\"  style=\"height: 30px\" ><span\n\t\t\tclass=\"vc_empty_space_inner\">\n\t\t\t<span class=\"empty_space_image\"  ><\/span>\n\t\t<\/span><\/div>\n\n<\/div><\/div><\/div><\/div><\/div><div      class=\"vc_row wpb_row section vc_row-fluid  grid_section\" style=' text-align:left;'><div class=\"section_inner clearfix\"><div class='section_inner_margin clearfix'><div class=\"wpb_column vc_column_container vc_col-sm-12 vc_col-has-fill\"><div class=\"vc_column-inner vc_custom_1483703993335\"><div class=\"wpb_wrapper\"><div      class=\"vc_row wpb_row section vc_row-fluid vc_inner\" style=' text-align:left;'><div class=\"full_section_inner clearfix\"><div class=\"wpb_column vc_column_container vc_col-sm-1\"><div class=\"vc_column-inner\"><div class=\"wpb_wrapper\"><\/div><\/div><\/div><div class=\"wpb_column vc_column_container vc_col-sm-2\"><div class=\"vc_column-inner\"><div class=\"wpb_wrapper\">\n\t<div class=\"wpb_text_column wpb_content_element\">\n\t\t<div class=\"wpb_wrapper\">\n\t\t\t<h4>La Flauta M\u00e1gica en espa\u00f1ol &#8211; Reina de la Noche &#8211; Acto 1 &#8211; Teatro del Bicentenario<\/h4>\n<p><span style=\"font-size: 10pt;\">De repente se oye un trueno y cae la noche. Las monta\u00f1as se abren dando paso a la Reina de la Noche, haci\u00e9ndose la oscuridad detr\u00e1s de ella. En su delicada y completa aria de tres tiempos distintos , \u00ab\u00a1Oh, no tiembles, querido hijo m\u00edo!\u00bb, con la que muestra su gran aflicci\u00f3n por el secuestro de su hija por un hombre al que no ama, por lo que persuade a Tamino para que la rescate y, a cambio, dejar\u00e1 que se quede con ella para siempre. Despu\u00e9s de esto, la Reina se retira entre las monta\u00f1as y el d\u00eda se hace de nuevo. <\/span><\/p>\n<p><span style=\"font-size: 10pt;\">Reina de la noche: Laura Pisani<\/span><\/p>\n\n\t\t<\/div> \n\t<\/div> <div class=\"separator  normal\" style=\"margin-top: 5px;margin-bottom: 5px;height: 2px;\"><\/div>\n<\/div><\/div><\/div><div class=\"wpb_column vc_column_container vc_col-sm-8\"><div class=\"vc_column-inner\"><div class=\"wpb_wrapper\">\n\t<div class=\"wpb_text_column wpb_content_element\">\n\t\t<div class=\"wpb_wrapper\">\n\t\t\t<p><iframe loading=\"lazy\" src=\"https:\/\/www.youtube.com\/embed\/DXann93zUHE\" width=\"100%\" height=\"500\" frameborder=\"0\" allowfullscreen=\"allowfullscreen\"><\/iframe><\/p>\n\n\t\t<\/div> \n\t<\/div> <\/div><\/div><\/div><div class=\"wpb_column vc_column_container vc_col-sm-1\"><div class=\"vc_column-inner\"><div class=\"wpb_wrapper\"><\/div><\/div><\/div><\/div><\/div>\t<div class=\"vc_empty_space\"  style=\"height: 25px\" ><span\n\t\t\tclass=\"vc_empty_space_inner\">\n\t\t\t<span class=\"empty_space_image\"  ><\/span>\n\t\t<\/span><\/div>\n\n<\/div><\/div><\/div><\/div><\/div><\/div><div      class=\"vc_row wpb_row section vc_row-fluid\" style=' text-align:left;'><div class=\"full_section_inner clearfix\"><div class=\"wpb_column vc_column_container vc_col-sm-12\"><div class=\"vc_column-inner\"><div class=\"wpb_wrapper\">\t<div class=\"vc_empty_space\"  style=\"height: 30px\" ><span\n\t\t\tclass=\"vc_empty_space_inner\">\n\t\t\t<span class=\"empty_space_image\"  ><\/span>\n\t\t<\/span><\/div>\n\n<\/div><\/div><\/div><\/div><\/div><div      class=\"vc_row wpb_row section vc_row-fluid  grid_section\" style=' text-align:left;'><div class=\"section_inner clearfix\"><div class='section_inner_margin clearfix'><div class=\"wpb_column vc_column_container vc_col-sm-12 vc_col-has-fill\"><div class=\"vc_column-inner vc_custom_1483703993335\"><div class=\"wpb_wrapper\"><div      class=\"vc_row wpb_row section vc_row-fluid vc_inner\" style=' text-align:left;'><div class=\"full_section_inner clearfix\"><div class=\"wpb_column vc_column_container vc_col-sm-1\"><div class=\"vc_column-inner\"><div class=\"wpb_wrapper\"><\/div><\/div><\/div><div class=\"wpb_column vc_column_container vc_col-sm-2\"><div class=\"vc_column-inner\"><div class=\"wpb_wrapper\">\n\t<div class=\"wpb_text_column wpb_content_element\">\n\t\t<div class=\"wpb_wrapper\">\n\t\t\t<h4>La Flauta M\u00e1gica en espa\u00f1ol &#8211; Acto II &#8211; Aria Pamina &#8211; Teatro del Bicentenario<\/h4>\n<p><span style=\"font-size: 10pt;\">Tamino toca la flauta mientras Papageno come y bebe. Aparece Pamina al sonido de la flauta, que, al no obtener respuesta alguna por parte de Tamino, piensa que no le quiere y, muy herida, canta su bell\u00edsima aria. Es el momento m\u00e1s solemne de toda la obra.<\/span><\/p>\n<p><span style=\"font-size: 10pt;\">Pamina : Marina Silva<\/span><\/p>\n\n\t\t<\/div> \n\t<\/div> <div class=\"separator  normal\" style=\"margin-top: 5px;margin-bottom: 5px;height: 2px;\"><\/div>\n<\/div><\/div><\/div><div class=\"wpb_column vc_column_container vc_col-sm-8\"><div class=\"vc_column-inner\"><div class=\"wpb_wrapper\">\n\t<div class=\"wpb_text_column wpb_content_element\">\n\t\t<div class=\"wpb_wrapper\">\n\t\t\t<p><iframe loading=\"lazy\" src=\"https:\/\/www.youtube.com\/embed\/UDUbKgrTUbI\" width=\"100%\" height=\"500\" frameborder=\"0\" allowfullscreen=\"allowfullscreen\"><\/iframe><\/p>\n\n\t\t<\/div> \n\t<\/div> <\/div><\/div><\/div><div class=\"wpb_column vc_column_container vc_col-sm-1\"><div class=\"vc_column-inner\"><div class=\"wpb_wrapper\"><\/div><\/div><\/div><\/div><\/div>\t<div class=\"vc_empty_space\"  style=\"height: 25px\" ><span\n\t\t\tclass=\"vc_empty_space_inner\">\n\t\t\t<span class=\"empty_space_image\"  ><\/span>\n\t\t<\/span><\/div>\n\n<\/div><\/div><\/div><\/div><\/div><\/div><div      class=\"vc_row wpb_row section vc_row-fluid\" style=' text-align:left;'><div class=\"full_section_inner clearfix\"><div class=\"wpb_column vc_column_container vc_col-sm-12\"><div class=\"vc_column-inner\"><div class=\"wpb_wrapper\">\t<div class=\"vc_empty_space\"  style=\"height: 30px\" ><span\n\t\t\tclass=\"vc_empty_space_inner\">\n\t\t\t<span class=\"empty_space_image\"  ><\/span>\n\t\t<\/span><\/div>\n\n<\/div><\/div><\/div><\/div><\/div><div      class=\"vc_row wpb_row section vc_row-fluid  grid_section\" style=' text-align:left;'><div class=\"section_inner clearfix\"><div class='section_inner_margin clearfix'><div class=\"wpb_column vc_column_container vc_col-sm-12 vc_col-has-fill\"><div class=\"vc_column-inner vc_custom_1483703993335\"><div class=\"wpb_wrapper\"><div      class=\"vc_row wpb_row section vc_row-fluid vc_inner\" style=' text-align:left;'><div class=\"full_section_inner clearfix\"><div class=\"wpb_column vc_column_container vc_col-sm-1\"><div class=\"vc_column-inner\"><div class=\"wpb_wrapper\"><\/div><\/div><\/div><div class=\"wpb_column vc_column_container vc_col-sm-2\"><div class=\"vc_column-inner\"><div class=\"wpb_wrapper\">\n\t<div class=\"wpb_text_column wpb_content_element\">\n\t\t<div class=\"wpb_wrapper\">\n\t\t\t<h4>La Flauta M\u00e1gica en espa\u00f1ol &#8211; Pamina &#8211; Papageno &#8211; Mon\u00f3stastos Acto I &#8211; Teatro del Bicentenario<\/h4>\n<p><span style=\"font-size: 10pt;\">La princesa Pamina y Papageno buscan tambi\u00e9n a Tamino y oyen su flauta m\u00e1gica. Monostatos, al o\u00edr a Papageno, aparece e intenta atraparles. Llama a sus esclavos, que vienen con cadenas, pero Papageno utiliza el regalo de las Tres Damas y con sus campanillas les detiene y les hace bailar y cantar (\u00abSchnelle F\u00fc\u00dfe, rascher Mut\u00bb, \u00abPies r\u00e1pidos y coraje protegen\u00bb y \u00abDas klinget so herrlich!\u00bb, \u00ab\u00a1Qu\u00e9 sonido m\u00e1s hermoso!\u00bb)<\/span><\/p>\n<p><span style=\"font-size: 10pt;\">Pamina : Marina Silva Papageno : Fernando L\u00e1zari Mon\u00f3stato: Osvaldo Peroni<\/span><\/p>\n\n\t\t<\/div> \n\t<\/div> <div class=\"separator  normal\" style=\"margin-top: 5px;margin-bottom: 5px;height: 2px;\"><\/div>\n<\/div><\/div><\/div><div class=\"wpb_column vc_column_container vc_col-sm-8\"><div class=\"vc_column-inner\"><div class=\"wpb_wrapper\">\n\t<div class=\"wpb_text_column wpb_content_element\">\n\t\t<div class=\"wpb_wrapper\">\n\t\t\t<p><iframe loading=\"lazy\" src=\"https:\/\/www.youtube.com\/embed\/inKw82cNuLA\" width=\"100%\" height=\"500\" frameborder=\"0\" allowfullscreen=\"allowfullscreen\"><\/iframe><\/p>\n\n\t\t<\/div> \n\t<\/div> <\/div><\/div><\/div><div class=\"wpb_column vc_column_container vc_col-sm-1\"><div class=\"vc_column-inner\"><div class=\"wpb_wrapper\"><\/div><\/div><\/div><\/div><\/div>\t<div class=\"vc_empty_space\"  style=\"height: 25px\" ><span\n\t\t\tclass=\"vc_empty_space_inner\">\n\t\t\t<span class=\"empty_space_image\"  ><\/span>\n\t\t<\/span><\/div>\n\n<\/div><\/div><\/div><\/div><\/div><\/div><div      class=\"vc_row wpb_row section vc_row-fluid\" style=' text-align:left;'><div class=\"full_section_inner clearfix\"><div class=\"wpb_column vc_column_container vc_col-sm-12\"><div class=\"vc_column-inner\"><div class=\"wpb_wrapper\">\t<div class=\"vc_empty_space\"  style=\"height: 30px\" ><span\n\t\t\tclass=\"vc_empty_space_inner\">\n\t\t\t<span class=\"empty_space_image\"  ><\/span>\n\t\t<\/span><\/div>\n\n<\/div><\/div><\/div><\/div><\/div><div      class=\"vc_row wpb_row section vc_row-fluid  grid_section\" style=' text-align:left;'><div class=\"section_inner clearfix\"><div class='section_inner_margin clearfix'><div class=\"wpb_column vc_column_container vc_col-sm-12 vc_col-has-fill\"><div class=\"vc_column-inner vc_custom_1483703993335\"><div class=\"wpb_wrapper\"><div      class=\"vc_row wpb_row section vc_row-fluid vc_inner\" style=' text-align:left;'><div class=\"full_section_inner clearfix\"><div class=\"wpb_column vc_column_container vc_col-sm-1\"><div class=\"vc_column-inner\"><div class=\"wpb_wrapper\"><\/div><\/div><\/div><div class=\"wpb_column vc_column_container vc_col-sm-2\"><div class=\"vc_column-inner\"><div class=\"wpb_wrapper\">\n\t<div class=\"wpb_text_column wpb_content_element\">\n\t\t<div class=\"wpb_wrapper\">\n\t\t\t<h4>La Flauta M\u00e1gica en espa\u00f1ol &#8211; Reina de la noche &#8211; Mon\u00f3statos &#8211; Tres damas &#8211; Teatro del Bicentenario<\/h4>\n<p><span style=\"font-size: 10pt;\">La Reina de la Noche, junto con Monostatos y sus tres damas, quien se le ha unido, intentan atacar el poder de los sacerdotes y de Sarastro entrando en el templo. La Reina de la Noche le ha prometido a Monostatos su propia hija, la princesa Pamina, y este le ense\u00f1a el camino. Se oyen ruidos. Son los sacerdotes, que los vencen con truenos y rayos. La Reina de la Noche, sus tres damas y Monostatos son expulsados.<\/span><\/p>\n<p><span style=\"font-size: 10pt;\">Reina de la noche: Laura Pisani. Mon\u00f3stato: Osvaldo Peroni Tres Damas Ivana Ledesma Romina Pedrozo Claudia Lepe<\/span><\/p>\n\n\t\t<\/div> \n\t<\/div> <div class=\"separator  normal\" style=\"margin-top: 5px;margin-bottom: 5px;height: 2px;\"><\/div>\n<\/div><\/div><\/div><div class=\"wpb_column vc_column_container vc_col-sm-8\"><div class=\"vc_column-inner\"><div class=\"wpb_wrapper\">\n\t<div class=\"wpb_text_column wpb_content_element\">\n\t\t<div class=\"wpb_wrapper\">\n\t\t\t<p><iframe loading=\"lazy\" src=\"https:\/\/www.youtube.com\/embed\/4GGf65JGYnQ\" width=\"100%\" height=\"500\" frameborder=\"0\" allowfullscreen=\"allowfullscreen\"><\/iframe><\/p>\n\n\t\t<\/div> \n\t<\/div> <\/div><\/div><\/div><div class=\"wpb_column vc_column_container vc_col-sm-1\"><div class=\"vc_column-inner\"><div class=\"wpb_wrapper\"><\/div><\/div><\/div><\/div><\/div>\t<div class=\"vc_empty_space\"  style=\"height: 25px\" ><span\n\t\t\tclass=\"vc_empty_space_inner\">\n\t\t\t<span class=\"empty_space_image\"  ><\/span>\n\t\t<\/span><\/div>\n\n<\/div><\/div><\/div><\/div><\/div><\/div><div      class=\"vc_row wpb_row section vc_row-fluid\" style=' text-align:left;'><div class=\"full_section_inner clearfix\"><div class=\"wpb_column vc_column_container vc_col-sm-12\"><div class=\"vc_column-inner\"><div class=\"wpb_wrapper\">\t<div class=\"vc_empty_space\"  style=\"height: 30px\" ><span\n\t\t\tclass=\"vc_empty_space_inner\">\n\t\t\t<span class=\"empty_space_image\"  ><\/span>\n\t\t<\/span><\/div>\n\n<\/div><\/div><\/div><\/div><\/div><div      class=\"vc_row wpb_row section vc_row-fluid\" style=' text-align:left;'><div class=\"full_section_inner clearfix\"><div class=\"wpb_column vc_column_container vc_col-sm-12\"><div class=\"vc_column-inner\"><div class=\"wpb_wrapper\">\t<div class=\"vc_empty_space\"  style=\"height: 30px\" ><span\n\t\t\tclass=\"vc_empty_space_inner\">\n\t\t\t<span class=\"empty_space_image\"  ><\/span>\n\t\t<\/span><\/div>\n\n<\/div><\/div><\/div><\/div><\/div><div      class=\"vc_row wpb_row section vc_row-fluid\" style=' text-align:left;'><div class=\"full_section_inner clearfix\"><div class=\"wpb_column vc_column_container vc_col-sm-12\"><div class=\"vc_column-inner\"><div class=\"wpb_wrapper\">\t<div class=\"vc_empty_space\"  style=\"height: 30px\" ><span\n\t\t\tclass=\"vc_empty_space_inner\">\n\t\t\t<span class=\"empty_space_image\"  ><\/span>\n\t\t<\/span><\/div>\n\n<\/div><\/div><\/div><\/div><\/div><div      class=\"vc_row wpb_row section vc_row-fluid  grid_section\" style=' text-align:left;'><div class=\"section_inner clearfix\"><div class='section_inner_margin clearfix'><div class=\"wpb_column vc_column_container vc_col-sm-12 vc_col-has-fill\"><div class=\"vc_column-inner vc_custom_1483703993335\"><div class=\"wpb_wrapper\"><div      class=\"vc_row wpb_row section vc_row-fluid vc_inner\" style=' text-align:left;'><div class=\"full_section_inner clearfix\"><div class=\"wpb_column vc_column_container vc_col-sm-1\"><div class=\"vc_column-inner\"><div class=\"wpb_wrapper\"><\/div><\/div><\/div><div class=\"wpb_column vc_column_container vc_col-sm-2\"><div class=\"vc_column-inner\"><div class=\"wpb_wrapper\">\n\t<div class=\"wpb_text_column wpb_content_element\">\n\t\t<div class=\"wpb_wrapper\">\n\t\t\t<h4>La Flauta M\u00e1gica en espa\u00f1ol &#8211; Acto II &#8211; Pamina y Tamino &#8211; Teatro del Bicentenario<\/h4>\n<p><span style=\"font-size: 10pt;\">Dos hombres con armadura traen a Tamino para que supere las pruebas de agua y fuego. Antes de la prueba, Pamina aparece dispuesta a verle. Deciden que, como Pamina no teme a la muerte, es digna de ser iniciada. Ambos se dan la mano. Tamino toca la flauta para poder atravesar la columna de fuego. Entran y salen de \u00e9sta. Aparece despu\u00e9s la entrada a un templo muy iluminado, dentro del cual se oyen gritos de triunfo y alegr\u00eda por la pareja.<\/span><\/p>\n<p><span style=\"font-size: 10pt;\">Tamino: Duilio Smiriglia Pamina : Marina Silva Dos Hombres Armados Tenor : Octavio Sosa Bajo: Luis Pulenta<\/span><\/p>\n\n\t\t<\/div> \n\t<\/div> <div class=\"separator  normal\" style=\"margin-top: 5px;margin-bottom: 5px;height: 2px;\"><\/div>\n<\/div><\/div><\/div><div class=\"wpb_column vc_column_container vc_col-sm-8\"><div class=\"vc_column-inner\"><div class=\"wpb_wrapper\">\n\t<div class=\"wpb_text_column wpb_content_element\">\n\t\t<div class=\"wpb_wrapper\">\n\t\t\t<p><iframe loading=\"lazy\" src=\"https:\/\/www.youtube.com\/embed\/2CYaJJ6ZGKY\" width=\"100%\" height=\"500\" frameborder=\"0\" allowfullscreen=\"allowfullscreen\"><\/iframe><\/p>\n\n\t\t<\/div> \n\t<\/div> <\/div><\/div><\/div><div class=\"wpb_column vc_column_container vc_col-sm-1\"><div class=\"vc_column-inner\"><div class=\"wpb_wrapper\"><\/div><\/div><\/div><\/div><\/div>\t<div class=\"vc_empty_space\"  style=\"height: 25px\" ><span\n\t\t\tclass=\"vc_empty_space_inner\">\n\t\t\t<span class=\"empty_space_image\"  ><\/span>\n\t\t<\/span><\/div>\n\n<\/div><\/div><\/div><\/div><\/div><\/div><div      class=\"vc_row wpb_row section vc_row-fluid  grid_section\" style=' text-align:left;'><div class=\"section_inner clearfix\"><div class='section_inner_margin clearfix'><div class=\"wpb_column vc_column_container vc_col-sm-12 vc_col-has-fill\"><div class=\"vc_column-inner vc_custom_1483703993335\"><div class=\"wpb_wrapper\"><div      class=\"vc_row wpb_row section vc_row-fluid vc_inner\" style=' text-align:left;'><div class=\"full_section_inner clearfix\"><div class=\"wpb_column vc_column_container vc_col-sm-1\"><div class=\"vc_column-inner\"><div class=\"wpb_wrapper\"><\/div><\/div><\/div><div class=\"wpb_column vc_column_container vc_col-sm-2\"><div class=\"vc_column-inner\"><div class=\"wpb_wrapper\">\n\t<div class=\"wpb_text_column wpb_content_element\">\n\t\t<div class=\"wpb_wrapper\">\n\t\t\t<h4>La Flauta M\u00e1gica en espa\u00f1ol &#8211; Acto II &#8211; Tamino &#8211; Papageno &#8211; Tres damas &#8211; Teatro del Bicentenario<\/h4>\n<p><span style=\"font-size: 10pt;\">En ese momento aparecen Las Tres Damas y cantan el quinteto, que los intentan convencer de que ese no es un buen lugar. Papageno no para de preguntar a Tamino si lo que dicen es verdad, pero Tamino, que es fuerte, no piensa en lo que puedan decir. Ellas insisten en que la Reina de la Noche se dirige hacia el templo. Se oye a los sacerdotes, que las expulsan hasta que desaparecen. Papageno: Fernando Lazari. Tamino: Duilio Smiriglia Tres Damas: Ivana Ledesma Romina Pedrozo Claudia Lepe<\/span><\/p>\n\n\t\t<\/div> \n\t<\/div> <div class=\"separator  normal\" style=\"margin-top: 5px;margin-bottom: 5px;height: 2px;\"><\/div>\n<\/div><\/div><\/div><div class=\"wpb_column vc_column_container vc_col-sm-8\"><div class=\"vc_column-inner\"><div class=\"wpb_wrapper\">\n\t<div class=\"wpb_text_column wpb_content_element\">\n\t\t<div class=\"wpb_wrapper\">\n\t\t\t<p><iframe loading=\"lazy\" src=\"https:\/\/www.youtube.com\/embed\/h09pxP_eYsc\" width=\"100%\" height=\"500\" frameborder=\"0\" allowfullscreen=\"allowfullscreen\"><\/iframe><\/p>\n\n\t\t<\/div> \n\t<\/div> <\/div><\/div><\/div><div class=\"wpb_column vc_column_container vc_col-sm-1\"><div class=\"vc_column-inner\"><div class=\"wpb_wrapper\"><\/div><\/div><\/div><\/div><\/div>\t<div class=\"vc_empty_space\"  style=\"height: 25px\" ><span\n\t\t\tclass=\"vc_empty_space_inner\">\n\t\t\t<span class=\"empty_space_image\"  ><\/span>\n\t\t<\/span><\/div>\n\n<\/div><\/div><\/div><\/div><\/div><\/div><div      class=\"vc_row wpb_row section vc_row-fluid  grid_section\" style=' text-align:left;'><div class=\"section_inner clearfix\"><div class='section_inner_margin clearfix'><div class=\"wpb_column vc_column_container vc_col-sm-12 vc_col-has-fill\"><div class=\"vc_column-inner vc_custom_1483703993335\"><div class=\"wpb_wrapper\"><div      class=\"vc_row wpb_row section vc_row-fluid vc_inner\" style=' text-align:left;'><div class=\"full_section_inner clearfix\"><div class=\"wpb_column vc_column_container vc_col-sm-1\"><div class=\"vc_column-inner\"><div class=\"wpb_wrapper\"><\/div><\/div><\/div><div class=\"wpb_column vc_column_container vc_col-sm-2\"><div class=\"vc_column-inner\"><div class=\"wpb_wrapper\">\n\t<div class=\"wpb_text_column wpb_content_element\">\n\t\t<div class=\"wpb_wrapper\">\n\t\t\t<h4>La Flauta M\u00e1gica en espa\u00f1ol &#8211; Acto II &#8211; Duo Papagena &#8211; Papageno &#8211; Teatro del Bicentenario<\/h4>\n<p><span style=\"font-size: 10pt;\">Es el famoso d\u00fao donde Papageno se encuentra con su amada Papagena, con la que decide tener muchos hijos Papagenos (\u00abPa-Pa-Pa-Papagena!\u00bb). <\/span><\/p>\n<p><span style=\"font-size: 10pt;\">Papageno : Fernando Lazari Papagena : Sabrina Pedreira<\/span><\/p>\n\n\t\t<\/div> \n\t<\/div> <div class=\"separator  normal\" style=\"margin-top: 5px;margin-bottom: 5px;height: 2px;\"><\/div>\n<\/div><\/div><\/div><div class=\"wpb_column vc_column_container vc_col-sm-8\"><div class=\"vc_column-inner\"><div class=\"wpb_wrapper\">\n\t<div class=\"wpb_text_column wpb_content_element\">\n\t\t<div class=\"wpb_wrapper\">\n\t\t\t<p><iframe loading=\"lazy\" src=\"https:\/\/www.youtube.com\/embed\/s4wTxCoFr7I\" width=\"100%\" height=\"500\" frameborder=\"0\" allowfullscreen=\"allowfullscreen\"><\/iframe><\/p>\n\n\t\t<\/div> \n\t<\/div> <\/div><\/div><\/div><div class=\"wpb_column vc_column_container vc_col-sm-1\"><div class=\"vc_column-inner\"><div class=\"wpb_wrapper\"><\/div><\/div><\/div><\/div><\/div>\t<div class=\"vc_empty_space\"  style=\"height: 25px\" ><span\n\t\t\tclass=\"vc_empty_space_inner\">\n\t\t\t<span class=\"empty_space_image\"  ><\/span>\n\t\t<\/span><\/div>\n\n<\/div><\/div><\/div><\/div><\/div><\/div><div      class=\"vc_row wpb_row section vc_row-fluid\" style=' text-align:left;'><div class=\"full_section_inner clearfix\"><div class=\"wpb_column vc_column_container vc_col-sm-12\"><div class=\"vc_column-inner\"><div class=\"wpb_wrapper\">\t<div class=\"vc_empty_space\"  style=\"height: 30px\" ><span\n\t\t\tclass=\"vc_empty_space_inner\">\n\t\t\t<span class=\"empty_space_image\"  ><\/span>\n\t\t<\/span><\/div>\n\n<\/div><\/div><\/div><\/div><\/div><div      class=\"vc_row wpb_row section vc_row-fluid  grid_section\" style=' text-align:left;'><div class=\"section_inner clearfix\"><div class='section_inner_margin clearfix'><div class=\"wpb_column vc_column_container vc_col-sm-12 vc_col-has-fill\"><div class=\"vc_column-inner vc_custom_1483703993335\"><div class=\"wpb_wrapper\"><div      class=\"vc_row wpb_row section vc_row-fluid vc_inner\" style=' text-align:left;'><div class=\"full_section_inner clearfix\"><div class=\"wpb_column vc_column_container vc_col-sm-1\"><div class=\"vc_column-inner\"><div class=\"wpb_wrapper\"><\/div><\/div><\/div><div class=\"wpb_column vc_column_container vc_col-sm-2\"><div class=\"vc_column-inner\"><div class=\"wpb_wrapper\">\n\t<div class=\"wpb_text_column wpb_content_element\">\n\t\t<div class=\"wpb_wrapper\">\n\t\t\t<h4>Gunnar Ahmer, el artista de la pintura esc\u00e9nica de la gran pel\u00edcula \u201c\u00c1ngeles y Demonios\u201d capacit\u00f3 \u00a0en San Juan a un grupo de artistas que fueron los responsables de la pintura de los telones de \u201cLa Flauta M\u00e1gica\u201d<\/h4>\n\n\t\t<\/div> \n\t<\/div> <div class=\"separator  normal\" style=\"margin-top: 5px;margin-bottom: 5px;height: 2px;\"><\/div>\n<\/div><\/div><\/div><div class=\"wpb_column vc_column_container vc_col-sm-8\"><div class=\"vc_column-inner\"><div class=\"wpb_wrapper\">\n\t<div class=\"wpb_text_column wpb_content_element\">\n\t\t<div class=\"wpb_wrapper\">\n\t\t\t<p><iframe loading=\"lazy\" src=\"https:\/\/www.youtube.com\/embed\/t2pD3AKwRg4\" width=\"100%\" height=\"500\" frameborder=\"0\" allowfullscreen=\"allowfullscreen\"><\/iframe><\/p>\n\n\t\t<\/div> \n\t<\/div> <\/div><\/div><\/div><div class=\"wpb_column vc_column_container vc_col-sm-1\"><div class=\"vc_column-inner\"><div class=\"wpb_wrapper\"><\/div><\/div><\/div><\/div><\/div>\t<div class=\"vc_empty_space\"  style=\"height: 25px\" ><span\n\t\t\tclass=\"vc_empty_space_inner\">\n\t\t\t<span class=\"empty_space_image\"  ><\/span>\n\t\t<\/span><\/div>\n\n<\/div><\/div><\/div><\/div><\/div><\/div><div      class=\"vc_row wpb_row section vc_row-fluid\" style=' text-align:left;'><div class=\"full_section_inner clearfix\"><div class=\"wpb_column vc_column_container vc_col-sm-12\"><div class=\"vc_column-inner\"><div class=\"wpb_wrapper\">\t<div class=\"vc_empty_space\"  style=\"height: 30px\" ><span\n\t\t\tclass=\"vc_empty_space_inner\">\n\t\t\t<span class=\"empty_space_image\"  ><\/span>\n\t\t<\/span><\/div>\n\n<\/div><\/div><\/div><\/div><\/div><div      class=\"vc_row wpb_row section vc_row-fluid  grid_section\" style=' text-align:left;'><div class=\"section_inner clearfix\"><div class='section_inner_margin clearfix'><div class=\"wpb_column vc_column_container vc_col-sm-12 vc_col-has-fill\"><div class=\"vc_column-inner vc_custom_1483703993335\"><div class=\"wpb_wrapper\"><div      class=\"vc_row wpb_row section vc_row-fluid vc_inner\" style=' text-align:left;'><div class=\"full_section_inner clearfix\"><div class=\"wpb_column vc_column_container vc_col-sm-1\"><div class=\"vc_column-inner\"><div class=\"wpb_wrapper\"><\/div><\/div><\/div><div class=\"wpb_column vc_column_container vc_col-sm-2\"><div class=\"vc_column-inner\"><div class=\"wpb_wrapper\">\n\t<div class=\"wpb_text_column wpb_content_element\">\n\t\t<div class=\"wpb_wrapper\">\n\t\t\t<h4>MOMENTO (de solo estar) Diego Poblete &#8211; Victoria Balanza &#8211; Teatro del Bicentenario<\/h4>\n\n\t\t<\/div> \n\t<\/div> <div class=\"separator  normal\" style=\"margin-top: 5px;margin-bottom: 5px;height: 2px;\"><\/div>\n<\/div><\/div><\/div><div class=\"wpb_column vc_column_container vc_col-sm-8\"><div class=\"vc_column-inner\"><div class=\"wpb_wrapper\">\n\t<div class=\"wpb_text_column wpb_content_element\">\n\t\t<div class=\"wpb_wrapper\">\n\t\t\t<p><iframe loading=\"lazy\" src=\"https:\/\/www.youtube.com\/embed\/KtOKwLrAnpA\" width=\"100%\" height=\"500\" frameborder=\"0\" allowfullscreen=\"allowfullscreen\"><\/iframe><\/p>\n\n\t\t<\/div> \n\t<\/div> <\/div><\/div><\/div><div class=\"wpb_column vc_column_container vc_col-sm-1\"><div class=\"vc_column-inner\"><div class=\"wpb_wrapper\"><\/div><\/div><\/div><\/div><\/div>\t<div class=\"vc_empty_space\"  style=\"height: 25px\" ><span\n\t\t\tclass=\"vc_empty_space_inner\">\n\t\t\t<span class=\"empty_space_image\"  ><\/span>\n\t\t<\/span><\/div>\n\n<\/div><\/div><\/div><\/div><\/div><\/div><div      class=\"vc_row wpb_row section vc_row-fluid\" style=' text-align:left;'><div class=\"full_section_inner clearfix\"><div class=\"wpb_column vc_column_container vc_col-sm-12\"><div class=\"vc_column-inner\"><div class=\"wpb_wrapper\">\t<div class=\"vc_empty_space\"  style=\"height: 30px\" ><span\n\t\t\tclass=\"vc_empty_space_inner\">\n\t\t\t<span class=\"empty_space_image\"  ><\/span>\n\t\t<\/span><\/div>\n\n<\/div><\/div><\/div><\/div><\/div><div      class=\"vc_row wpb_row section vc_row-fluid  grid_section\" style=' text-align:left;'><div class=\"section_inner clearfix\"><div class='section_inner_margin clearfix'><div class=\"wpb_column vc_column_container vc_col-sm-12 vc_col-has-fill\"><div class=\"vc_column-inner vc_custom_1483703993335\"><div class=\"wpb_wrapper\"><div      class=\"vc_row wpb_row section vc_row-fluid vc_inner\" style=' text-align:left;'><div class=\"full_section_inner clearfix\"><div class=\"wpb_column vc_column_container vc_col-sm-1\"><div class=\"vc_column-inner\"><div class=\"wpb_wrapper\"><\/div><\/div><\/div><div class=\"wpb_column vc_column_container vc_col-sm-2\"><div class=\"vc_column-inner\"><div class=\"wpb_wrapper\">\n\t<div class=\"wpb_text_column wpb_content_element\">\n\t\t<div class=\"wpb_wrapper\">\n\t\t\t<h4>Formaci\u00f3n de canto l\u00edrico -Ball State University de Indiana- Teatro del Bicentenario<\/h4>\n\n\t\t<\/div> \n\t<\/div> <div class=\"separator  normal\" style=\"margin-top: 5px;margin-bottom: 5px;height: 2px;\"><\/div>\n<\/div><\/div><\/div><div class=\"wpb_column vc_column_container vc_col-sm-8\"><div class=\"vc_column-inner\"><div class=\"wpb_wrapper\">\n\t<div class=\"wpb_text_column wpb_content_element\">\n\t\t<div class=\"wpb_wrapper\">\n\t\t\t<p><iframe loading=\"lazy\" src=\"https:\/\/www.youtube.com\/embed\/bESozkDPOTs\" width=\"100%\" height=\"500\" frameborder=\"0\" allowfullscreen=\"allowfullscreen\"><\/iframe><\/p>\n\n\t\t<\/div> \n\t<\/div> <\/div><\/div><\/div><div class=\"wpb_column vc_column_container vc_col-sm-1\"><div class=\"vc_column-inner\"><div class=\"wpb_wrapper\"><\/div><\/div><\/div><\/div><\/div>\t<div class=\"vc_empty_space\"  style=\"height: 25px\" ><span\n\t\t\tclass=\"vc_empty_space_inner\">\n\t\t\t<span class=\"empty_space_image\"  ><\/span>\n\t\t<\/span><\/div>\n\n<\/div><\/div><\/div><\/div><\/div><\/div><div      class=\"vc_row wpb_row section vc_row-fluid\" style=' text-align:left;'><div class=\"full_section_inner clearfix\"><div class=\"wpb_column vc_column_container vc_col-sm-12\"><div class=\"vc_column-inner\"><div class=\"wpb_wrapper\">\t<div class=\"vc_empty_space\"  style=\"height: 30px\" ><span\n\t\t\tclass=\"vc_empty_space_inner\">\n\t\t\t<span class=\"empty_space_image\"  ><\/span>\n\t\t<\/span><\/div>\n\n<\/div><\/div><\/div><\/div><\/div><div      class=\"vc_row wpb_row section vc_row-fluid  grid_section\" style=' text-align:left;'><div class=\"section_inner clearfix\"><div class='section_inner_margin clearfix'><div class=\"wpb_column vc_column_container vc_col-sm-12 vc_col-has-fill\"><div class=\"vc_column-inner vc_custom_1483703993335\"><div class=\"wpb_wrapper\"><div      class=\"vc_row wpb_row section vc_row-fluid vc_inner\" style=' text-align:left;'><div class=\"full_section_inner clearfix\"><div class=\"wpb_column vc_column_container vc_col-sm-1\"><div class=\"vc_column-inner\"><div class=\"wpb_wrapper\"><\/div><\/div><\/div><div class=\"wpb_column vc_column_container vc_col-sm-2\"><div class=\"vc_column-inner\"><div class=\"wpb_wrapper\">\n\t<div class=\"wpb_text_column wpb_content_element\">\n\t\t<div class=\"wpb_wrapper\">\n\t\t\t<h4>Gala L\u00edrica &#8211; Programa de Canto Lirico Universidad Ball State USA &#8211; Teatro del Bicentenario &#8211; ARG<\/h4>\n\n\t\t<\/div> \n\t<\/div> <div class=\"separator  normal\" style=\"margin-top: 5px;margin-bottom: 5px;height: 2px;\"><\/div>\n<\/div><\/div><\/div><div class=\"wpb_column vc_column_container vc_col-sm-8\"><div class=\"vc_column-inner\"><div class=\"wpb_wrapper\">\n\t<div class=\"wpb_text_column wpb_content_element\">\n\t\t<div class=\"wpb_wrapper\">\n\t\t\t<p><iframe loading=\"lazy\" src=\"https:\/\/www.youtube.com\/embed\/ljI25uK6KDc\" width=\"100%\" height=\"500\" frameborder=\"0\" allowfullscreen=\"allowfullscreen\"><\/iframe><\/p>\n\n\t\t<\/div> \n\t<\/div> <\/div><\/div><\/div><div class=\"wpb_column vc_column_container vc_col-sm-1\"><div class=\"vc_column-inner\"><div class=\"wpb_wrapper\"><\/div><\/div><\/div><\/div><\/div>\t<div class=\"vc_empty_space\"  style=\"height: 25px\" ><span\n\t\t\tclass=\"vc_empty_space_inner\">\n\t\t\t<span class=\"empty_space_image\"  ><\/span>\n\t\t<\/span><\/div>\n\n<\/div><\/div><\/div><\/div><\/div><\/div><div      class=\"vc_row wpb_row section vc_row-fluid\" style=' text-align:left;'><div class=\"full_section_inner clearfix\"><div class=\"wpb_column vc_column_container vc_col-sm-12\"><div class=\"vc_column-inner\"><div class=\"wpb_wrapper\">\n\t<div class=\"wpb_text_column wpb_content_element\">\n\t\t<div class=\"wpb_wrapper\">\n\t\t\t\n\t\t<\/div> \n\t<\/div> <\/div><\/div><\/div><\/div><\/div><div      class=\"vc_row wpb_row section vc_row-fluid\" style=' text-align:left;'><div class=\"full_section_inner clearfix\"><div class=\"wpb_column vc_column_container vc_col-sm-12\"><div class=\"vc_column-inner\"><div class=\"wpb_wrapper\">\n\t<div class=\"wpb_text_column wpb_content_element\">\n\t\t<div class=\"wpb_wrapper\">\n\t\t\t\n\t\t<\/div> \n\t<\/div> <\/div><\/div><\/div><\/div><\/div><div      class=\"vc_row wpb_row section vc_row-fluid\" style=' text-align:left;'><div class=\"full_section_inner clearfix\"><div class=\"wpb_column vc_column_container vc_col-sm-12\"><div class=\"vc_column-inner\"><div class=\"wpb_wrapper\">\t<div class=\"vc_empty_space\"  style=\"height: 32px\" ><span\n\t\t\tclass=\"vc_empty_space_inner\">\n\t\t\t<span class=\"empty_space_image\"  ><\/span>\n\t\t<\/span><\/div>\n\n<\/div><\/div><\/div><\/div><\/div>\n<\/div>","protected":false},"excerpt":{"rendered":"Mir\u00e1 \u00abLa Flauta M\u00e1gica\u00bb completa ingresando a My Opera Palyer Las Indias Galantes Para celebrar el D\u00eda Internacional de la Danza, el Teatro del Bicentenario desarroll\u00f3 una impactante producci\u00f3n audiovisual a cargo de un equipo creativo interdisciplinario. Con la direcci\u00f3n general y art\u00edstica de Diego...","protected":false},"author":1,"featured_media":0,"parent":0,"menu_order":0,"comment_status":"closed","ping_status":"closed","template":"","meta":{"h5ap_radio_sources":[],"footnotes":""},"class_list":["post-20222","page","type-page","status-publish","hentry"],"_links":{"self":[{"href":"https:\/\/www.teatrodelbicentenariosanjuan.org\/en\/wp-json\/wp\/v2\/pages\/20222","targetHints":{"allow":["GET"]}}],"collection":[{"href":"https:\/\/www.teatrodelbicentenariosanjuan.org\/en\/wp-json\/wp\/v2\/pages"}],"about":[{"href":"https:\/\/www.teatrodelbicentenariosanjuan.org\/en\/wp-json\/wp\/v2\/types\/page"}],"author":[{"embeddable":true,"href":"https:\/\/www.teatrodelbicentenariosanjuan.org\/en\/wp-json\/wp\/v2\/users\/1"}],"replies":[{"embeddable":true,"href":"https:\/\/www.teatrodelbicentenariosanjuan.org\/en\/wp-json\/wp\/v2\/comments?post=20222"}],"version-history":[{"count":4,"href":"https:\/\/www.teatrodelbicentenariosanjuan.org\/en\/wp-json\/wp\/v2\/pages\/20222\/revisions"}],"predecessor-version":[{"id":22004,"href":"https:\/\/www.teatrodelbicentenariosanjuan.org\/en\/wp-json\/wp\/v2\/pages\/20222\/revisions\/22004"}],"wp:attachment":[{"href":"https:\/\/www.teatrodelbicentenariosanjuan.org\/en\/wp-json\/wp\/v2\/media?parent=20222"}],"curies":[{"name":"wp","href":"https:\/\/api.w.org\/{rel}","templated":true}]}}