{"id":23747,"date":"2022-08-24T12:18:47","date_gmt":"2022-08-24T15:18:47","guid":{"rendered":"https:\/\/www.teatrodelbicentenariosanjuan.org\/?page_id=23747"},"modified":"2022-12-19T12:33:04","modified_gmt":"2022-12-19T15:33:04","slug":"tbaccesible-2","status":"publish","type":"page","link":"https:\/\/www.teatrodelbicentenariosanjuan.org\/en\/tbaccesible-2\/","title":{"rendered":"TB ACCESIBLE"},"content":{"rendered":"<div class=\"wpb-content-wrapper\"><div      class=\"vc_row wpb_row section vc_row-fluid\" style=' text-align:left;'><div class=\"full_section_inner clearfix\"><div class=\"wpb_column vc_column_container vc_col-sm-12\"><div class=\"vc_column-inner\"><div class=\"wpb_wrapper\">\t<div class=\"vc_empty_space\"  style=\"height: 30px\" ><span\n\t\t\tclass=\"vc_empty_space_inner\">\n\t\t\t<span class=\"empty_space_image\"  ><\/span>\n\t\t<\/span><\/div>\n\n<\/div><\/div><\/div><\/div><\/div><div      class=\"vc_row wpb_row section vc_row-fluid\" style=' text-align:left;'><div class=\"full_section_inner clearfix\"><div class=\"wpb_column vc_column_container vc_col-sm-12\"><div class=\"vc_column-inner\"><div class=\"wpb_wrapper\">\t<div class=\"vc_empty_space\"  style=\"height: 32px\" ><span\n\t\t\tclass=\"vc_empty_space_inner\">\n\t\t\t<span class=\"empty_space_image\"  ><\/span>\n\t\t<\/span><\/div>\n\n\n\t<div class=\"wpb_single_image wpb_content_element vc_align_left\">\n\t\t<div class=\"wpb_wrapper\">\n\t\t\t\n\t\t\t<div class=\"vc_single_image-wrapper   vc_box_border_grey\"><img loading=\"lazy\" decoding=\"async\" width=\"2560\" height=\"1281\" src=\"https:\/\/www.teatrodelbicentenariosanjuan.org\/wp-content\/uploads\/2022\/08\/slider-web-HQPSS-2-scaled.jpg\" class=\"vc_single_image-img attachment-full\" alt=\"\" title=\"slider web HQPSS (2)\" srcset=\"https:\/\/www.teatrodelbicentenariosanjuan.org\/wp-content\/uploads\/2022\/08\/slider-web-HQPSS-2-scaled.jpg 2560w, https:\/\/www.teatrodelbicentenariosanjuan.org\/wp-content\/uploads\/2022\/08\/slider-web-HQPSS-2-300x150.jpg 300w, https:\/\/www.teatrodelbicentenariosanjuan.org\/wp-content\/uploads\/2022\/08\/slider-web-HQPSS-2-1024x512.jpg 1024w, https:\/\/www.teatrodelbicentenariosanjuan.org\/wp-content\/uploads\/2022\/08\/slider-web-HQPSS-2-150x75.jpg 150w, https:\/\/www.teatrodelbicentenariosanjuan.org\/wp-content\/uploads\/2022\/08\/slider-web-HQPSS-2-768x384.jpg 768w, https:\/\/www.teatrodelbicentenariosanjuan.org\/wp-content\/uploads\/2022\/08\/slider-web-HQPSS-2-1536x768.jpg 1536w, https:\/\/www.teatrodelbicentenariosanjuan.org\/wp-content\/uploads\/2022\/08\/slider-web-HQPSS-2-2048x1025.jpg 2048w, https:\/\/www.teatrodelbicentenariosanjuan.org\/wp-content\/uploads\/2022\/08\/slider-web-HQPSS-2-18x9.jpg 18w, https:\/\/www.teatrodelbicentenariosanjuan.org\/wp-content\/uploads\/2022\/08\/slider-web-HQPSS-2-1000x500.jpg 1000w, https:\/\/www.teatrodelbicentenariosanjuan.org\/wp-content\/uploads\/2022\/08\/slider-web-HQPSS-2-700x350.jpg 700w, https:\/\/www.teatrodelbicentenariosanjuan.org\/wp-content\/uploads\/2022\/08\/slider-web-HQPSS-2-500x250.jpg 500w\" sizes=\"auto, (max-width: 2560px) 100vw, 2560px\" \/><\/div>\n\t\t<\/div>\n\t<\/div>\n\t<div class=\"vc_empty_space\"  style=\"height: 32px\" ><span\n\t\t\tclass=\"vc_empty_space_inner\">\n\t\t\t<span class=\"empty_space_image\"  ><\/span>\n\t\t<\/span><\/div>\n\n<a  itemprop=\"url\" href=\"https:\/\/youtube.com\/playlist?list=PLf32PYYDF5qoKSba3PqPdZ84rIOZrDen6\" target=\"_self\"  class=\"qbutton  big_large_full_width default\" style=\"\">PROGRAMAS AUDIODESCRIPTIVOS<\/a>\t<div class=\"vc_empty_space\"  style=\"height: 32px\" ><span\n\t\t\tclass=\"vc_empty_space_inner\">\n\t\t\t<span class=\"empty_space_image\"  ><\/span>\n\t\t<\/span><\/div>\n\n<\/div><\/div><\/div><\/div><\/div><div      class=\"vc_row wpb_row section vc_row-fluid  grid_section\" style=' text-align:left;'><div class=\"section_inner clearfix\"><div class='section_inner_margin clearfix'><div class=\"wpb_column vc_column_container vc_col-sm-12 vc_col-has-fill\"><div class=\"vc_column-inner vc_custom_1485526627525\"><div class=\"wpb_wrapper\"><div      class=\"vc_row wpb_row section vc_row-fluid vc_inner\" style=' text-align:left;'><div class=\"full_section_inner clearfix\"><div class=\"wpb_column vc_column_container vc_col-sm-1\"><div class=\"vc_column-inner\"><div class=\"wpb_wrapper\"><\/div><\/div><\/div><div class=\"wpb_column vc_column_container vc_col-sm-2\"><div class=\"vc_column-inner\"><div class=\"wpb_wrapper\">\n\t<div class=\"wpb_text_column wpb_content_element\">\n\t\t<div class=\"wpb_wrapper\">\n\t\t\t<h3>INCLUSION POLICY OF THE TEATRO DEL BICENTENARIO<\/h3>\n\n\t\t<\/div> \n\t<\/div> <div class=\"separator  normal\" style=\"margin-top: 5px;margin-bottom: 5px;height: 2px;\"><\/div>\n<\/div><\/div><\/div><div class=\"wpb_column vc_column_container vc_col-sm-8\"><div class=\"vc_column-inner\"><div class=\"wpb_wrapper\">\n\t<div class=\"wpb_text_column wpb_content_element\">\n\t\t<div class=\"wpb_wrapper\">\n\t\t\t<p style=\"text-align: justify;\">With the purpose of:<br \/>\n\u2022Raising awareness about the importance of recognizing the rights of disabled people;<br \/>\n\u2022Promoting the rights of disabled people through participation and exchange with the community, \nThe Teatro del Bicentenario, depending on the Ministry of Tourism and Culture, establishes an inclusion policy aiming to promote more participation and integration of disabled people in cultural expressions and events. The Theater tries to facilitate access to performances and events to favor a better social insertion and a more complete development of the abilities of disabled people to foster their social development.<br \/>\nThe Theater has 12 seats, which are free of charge, for disabled people, scattered around strategic places of the main hall:<br \/>\n1. Capacity for six wheelchairs in the main floor and the ground floor box. These locations were recommended by the local Firemen since placing wheelchairs in the middle or high boxes can be a hazard in case of emergency.<br \/>\n2. Capacity for six seats for physical impairments that do not require a wheelchair.<br \/>\n3. Any person with a disability certificate that wants to go to the Theater should make the request once the performance is announced. This will facilitate the internal procedures and assign a seat accordingly.<br \/>\n4. This initiative requires the presentation of the corresponding disability certificate when buying the tickets in order to enjoy the benefits offered. Such ticket will be personal and non-transferable.<br \/>\n5. Any person who has a valid disability certificate will have free access to any public performance \u2013cultural, musical or any other- organized by the Theater and sponsored by the Provincial State, as long as the corresponding special seats are available.<br \/>\n6. The companion of the disabled person must pay the full price of the ticket for each performance.<br \/>\n7. These tickets must be requested, at least, 48 hours before to the performance. Consequently, the external organizers must assign the 12 special seats.<br \/>\n8. Once the compulsory period of time mentioned in the previous section passed, the remaining tickets can be sold normally.<\/p>\n\n\t\t<\/div> \n\t<\/div> <\/div><\/div><\/div><div class=\"wpb_column vc_column_container vc_col-sm-1\"><div class=\"vc_column-inner\"><div class=\"wpb_wrapper\"><\/div><\/div><\/div><\/div><\/div>\t<div class=\"vc_empty_space\"  style=\"height: 25px\" ><span\n\t\t\tclass=\"vc_empty_space_inner\">\n\t\t\t<span class=\"empty_space_image\"  ><\/span>\n\t\t<\/span><\/div>\n\n<\/div><\/div><\/div><\/div><\/div><\/div><div      class=\"vc_row wpb_row section vc_row-fluid  grid_section\" style=' text-align:left;'><div class=\"section_inner clearfix\"><div class='section_inner_margin clearfix'><div class=\"wpb_column vc_column_container vc_col-sm-12 vc_col-has-fill\"><div class=\"vc_column-inner vc_custom_1483703993335\"><div class=\"wpb_wrapper\">\t<div class=\"vc_empty_space\"  style=\"height: 25px\" ><span\n\t\t\tclass=\"vc_empty_space_inner\">\n\t\t\t<span class=\"empty_space_image\"  ><\/span>\n\t\t<\/span><\/div>\n\n<\/div><\/div><\/div><\/div><\/div><\/div><div      class=\"vc_row wpb_row section vc_row-fluid  grid_section\" style=' text-align:left;'><div class=\"section_inner clearfix\"><div class='section_inner_margin clearfix'><div class=\"wpb_column vc_column_container vc_col-sm-12 vc_col-has-fill\"><div class=\"vc_column-inner vc_custom_1483703985863\"><div class=\"wpb_wrapper\"><div      class=\"vc_row wpb_row section vc_row-fluid vc_inner\" style=' text-align:left;'><div class=\"full_section_inner clearfix\"><div class=\"wpb_column vc_column_container vc_col-sm-3\"><div class=\"vc_column-inner\"><div class=\"wpb_wrapper\">\n\t<div class=\"wpb_single_image wpb_content_element vc_align_center\">\n\t\t<div class=\"wpb_wrapper\">\n\t\t\t\n\t\t\t<div class=\"vc_single_image-wrapper   vc_box_border_grey\"><img loading=\"lazy\" decoding=\"async\" width=\"113\" height=\"114\" src=\"https:\/\/www.teatrodelbicentenariosanjuan.org\/wp-content\/uploads\/2019\/03\/icono-teatro-2-09.png\" class=\"vc_single_image-img attachment-thumbnail\" alt=\"\" title=\"icono teatro 2-09\" \/><\/div>\n\t\t<\/div>\n\t<\/div>\n\n\t<div class=\"wpb_text_column wpb_content_element\">\n\t\t<div class=\"wpb_wrapper\">\n\t\t\t<p style=\"text-align: center;\"><strong>HEARING LOOP<\/strong><\/p>\n<p style=\"text-align: center;\">in the Main Hall<\/p>\n\n\t\t<\/div> \n\t<\/div> <\/div><\/div><\/div><div class=\"wpb_column vc_column_container vc_col-sm-3\"><div class=\"vc_column-inner\"><div class=\"wpb_wrapper\">\n\t<div class=\"wpb_single_image wpb_content_element vc_align_center\">\n\t\t<div class=\"wpb_wrapper\">\n\t\t\t\n\t\t\t<div class=\"vc_single_image-wrapper   vc_box_border_grey\"><img loading=\"lazy\" decoding=\"async\" width=\"113\" height=\"114\" src=\"https:\/\/www.teatrodelbicentenariosanjuan.org\/wp-content\/uploads\/2019\/03\/icono-teatro-2-10.png\" class=\"vc_single_image-img attachment-thumbnail\" alt=\"\" title=\"icono teatro 2-10\" \/><\/div>\n\t\t<\/div>\n\t<\/div>\n\n\t<div class=\"wpb_text_column wpb_content_element\">\n\t\t<div class=\"wpb_wrapper\">\n\t\t\t<p style=\"text-align: center;\"><strong>HAPTIC MAPS<\/strong><\/p>\n<p style=\"text-align: center;\">and brochures with the Braille system in the entrance hall<\/p>\n\n\t\t<\/div> \n\t<\/div> <\/div><\/div><\/div><div class=\"wpb_column vc_column_container vc_col-sm-3\"><div class=\"vc_column-inner\"><div class=\"wpb_wrapper\">\n\t<div class=\"wpb_single_image wpb_content_element vc_align_center\">\n\t\t<div class=\"wpb_wrapper\">\n\t\t\t\n\t\t\t<div class=\"vc_single_image-wrapper   vc_box_border_grey\"><img loading=\"lazy\" decoding=\"async\" width=\"113\" height=\"113\" src=\"https:\/\/www.teatrodelbicentenariosanjuan.org\/wp-content\/uploads\/2019\/03\/icono-teatro-2-11.png\" class=\"vc_single_image-img attachment-thumbnail\" alt=\"\" title=\"icono teatro 2-11\" \/><\/div>\n\t\t<\/div>\n\t<\/div>\n\n\t<div class=\"wpb_text_column wpb_content_element\">\n\t\t<div class=\"wpb_wrapper\">\n\t\t\t<p style=\"text-align: center;\"><strong>QR CODE<\/strong><\/p>\n<p style=\"text-align: center;\">with audio information included in the brochures and web site<\/p>\n\n\t\t<\/div> \n\t<\/div> <\/div><\/div><\/div><div class=\"wpb_column vc_column_container vc_col-sm-3\"><div class=\"vc_column-inner\"><div class=\"wpb_wrapper\">\n\t<div class=\"wpb_single_image wpb_content_element vc_align_center\">\n\t\t<div class=\"wpb_wrapper\">\n\t\t\t\n\t\t\t<div class=\"vc_single_image-wrapper   vc_box_border_grey\"><img loading=\"lazy\" decoding=\"async\" width=\"113\" height=\"114\" src=\"https:\/\/www.teatrodelbicentenariosanjuan.org\/wp-content\/uploads\/2019\/03\/icono-teatro-2-12.png\" class=\"vc_single_image-img attachment-thumbnail\" alt=\"\" title=\"icono teatro 2-12\" \/><\/div>\n\t\t<\/div>\n\t<\/div>\n\n\t<div class=\"wpb_text_column wpb_content_element\">\n\t\t<div class=\"wpb_wrapper\">\n\t\t\t<p style=\"text-align: center;\"><strong>EXCLUSIVE PARKING<\/strong><\/p>\n<p style=\"text-align: center;\">for physically impaired people<\/p>\n\n\t\t<\/div> \n\t<\/div> <\/div><\/div><\/div><\/div><\/div><div      class=\"vc_row wpb_row section vc_row-fluid vc_inner\" style=' text-align:left;'><div class=\"full_section_inner clearfix\"><div class=\"wpb_column vc_column_container vc_col-sm-1\/5\"><div class=\"vc_column-inner\"><div class=\"wpb_wrapper\"><\/div><\/div><\/div><div class=\"wpb_column vc_column_container vc_col-sm-1\/5\"><div class=\"vc_column-inner\"><div class=\"wpb_wrapper\">\n\t<div class=\"wpb_single_image wpb_content_element vc_align_center\">\n\t\t<div class=\"wpb_wrapper\">\n\t\t\t\n\t\t\t<div class=\"vc_single_image-wrapper   vc_box_border_grey\"><img loading=\"lazy\" decoding=\"async\" width=\"113\" height=\"113\" src=\"https:\/\/www.teatrodelbicentenariosanjuan.org\/wp-content\/uploads\/2019\/03\/icono-teatro-2-13.png\" class=\"vc_single_image-img attachment-thumbnail\" alt=\"\" title=\"icono teatro 2-13\" \/><\/div>\n\t\t<\/div>\n\t<\/div>\n\n\t<div class=\"wpb_text_column wpb_content_element\">\n\t\t<div class=\"wpb_wrapper\">\n\t\t\t<p style=\"text-align: center;\"><strong>VISUAL CONTRAST BANDS<\/strong><\/p>\n<p style=\"text-align: center;\">for better visibility<\/p>\n\n\t\t<\/div> \n\t<\/div> <\/div><\/div><\/div><div class=\"wpb_column vc_column_container vc_col-sm-1\/5\"><div class=\"vc_column-inner\"><div class=\"wpb_wrapper\">\n\t<div class=\"wpb_single_image wpb_content_element vc_align_center\">\n\t\t<div class=\"wpb_wrapper\">\n\t\t\t\n\t\t\t<div class=\"vc_single_image-wrapper   vc_box_border_grey\"><img loading=\"lazy\" decoding=\"async\" width=\"113\" height=\"114\" src=\"https:\/\/www.teatrodelbicentenariosanjuan.org\/wp-content\/uploads\/2019\/03\/icono-teatro-2-14.png\" class=\"vc_single_image-img attachment-thumbnail\" alt=\"\" title=\"icono teatro 2-14\" \/><\/div>\n\t\t<\/div>\n\t<\/div>\n\n\t<div class=\"wpb_text_column wpb_content_element\">\n\t\t<div class=\"wpb_wrapper\">\n\t\t\t<p style=\"text-align: center;\"><strong>FAMILY RESTROOMS<\/strong><\/p>\n<p style=\"text-align: center;\">with baby changing stations<\/p>\n\n\t\t<\/div> \n\t<\/div> <\/div><\/div><\/div><div class=\"wpb_column vc_column_container vc_col-sm-1\/5\"><div class=\"vc_column-inner\"><div class=\"wpb_wrapper\">\n\t<div class=\"wpb_single_image wpb_content_element vc_align_center\">\n\t\t<div class=\"wpb_wrapper\">\n\t\t\t\n\t\t\t<div class=\"vc_single_image-wrapper   vc_box_border_grey\"><img loading=\"lazy\" decoding=\"async\" width=\"114\" height=\"114\" src=\"https:\/\/www.teatrodelbicentenariosanjuan.org\/wp-content\/uploads\/2019\/03\/icono-teatro-2-15.png\" class=\"vc_single_image-img attachment-thumbnail\" alt=\"\" title=\"icono teatro 2-15\" \/><\/div>\n\t\t<\/div>\n\t<\/div>\n\n\t<div class=\"wpb_text_column wpb_content_element\">\n\t\t<div class=\"wpb_wrapper\">\n\t\t\t<p style=\"text-align: center;\"><strong>TOILETS AND URINALS<\/strong><\/p>\n<p style=\"text-align: center;\">for short people<\/p>\n\n\t\t<\/div> \n\t<\/div> <\/div><\/div><\/div><div class=\"wpb_column vc_column_container vc_col-sm-1\/5\"><div class=\"vc_column-inner\"><div class=\"wpb_wrapper\"><\/div><\/div><\/div><\/div><\/div>\t<div class=\"vc_empty_space\"  style=\"height: 25px\" ><span\n\t\t\tclass=\"vc_empty_space_inner\">\n\t\t\t<span class=\"empty_space_image\"  ><\/span>\n\t\t<\/span><\/div>\n\n<div      class=\"vc_row wpb_row section vc_row-fluid vc_inner\" style=' text-align:left;'><div class=\"full_section_inner clearfix\"><div class=\"wpb_column vc_column_container vc_col-sm-1\"><div class=\"vc_column-inner\"><div class=\"wpb_wrapper\"><\/div><\/div><\/div><div class=\"wpb_column vc_column_container vc_col-sm-2\"><div class=\"vc_column-inner\"><div class=\"wpb_wrapper\">\n\t<div class=\"wpb_text_column wpb_content_element\">\n\t\t<div class=\"wpb_wrapper\">\n\t\t\t<h3>A THEATER FOR ALL<\/h3>\n\n\t\t<\/div> \n\t<\/div> <div class=\"separator  normal\" style=\"margin-top: 5px;margin-bottom: 5px;height: 2px;\"><\/div>\n\n\t<div class=\"wpb_single_image wpb_content_element vc_align_center  vc_custom_1520943500232\">\n\t\t<div class=\"wpb_wrapper\">\n\t\t\t\n\t\t\t<a href=\"https:\/\/www.teatrodelbicentenariosanjuan.org\/audioconoceeltb\" target=\"_blank\"><div class=\"vc_single_image-wrapper   vc_box_border_grey\"><img loading=\"lazy\" decoding=\"async\" width=\"300\" height=\"300\" src=\"https:\/\/www.teatrodelbicentenariosanjuan.org\/wp-content\/uploads\/2018\/03\/codigoqr.jpg\" class=\"vc_single_image-img attachment-full\" alt=\"\" title=\"\" srcset=\"https:\/\/www.teatrodelbicentenariosanjuan.org\/wp-content\/uploads\/2018\/03\/codigoqr.jpg 300w, https:\/\/www.teatrodelbicentenariosanjuan.org\/wp-content\/uploads\/2018\/03\/codigoqr-150x150.jpg 150w\" sizes=\"auto, (max-width: 300px) 100vw, 300px\" \/><\/div><\/a>\n\t\t<\/div>\n\t<\/div>\n<\/div><\/div><\/div><div class=\"wpb_column vc_column_container vc_col-sm-8\"><div class=\"vc_column-inner\"><div class=\"wpb_wrapper\">\n\t<div class=\"wpb_text_column wpb_content_element\">\n\t\t<div class=\"wpb_wrapper\">\n\t\t\t<p style=\"text-align: justify;\">In order to let the public and visitors that come to the Theater have a very special experience, the Teatro del Bicentenario is about to obtain the \u201cDirectrices de Accesibilidad\u201d certification (Accessibility Guidelines) issued by the Ministry of Tourism of the Nation within the framework of the Program \u201cTurismo Accesible\u201d (Accessible Tourism) carried out by the Secretary of Tourism of the province.<br \/>\nIn this context, the Theater together with Biblioteca Popular Sur worked to include the Braille system and a QR Code in the Theater\u2019s brochures to facilitate access to blind people and to any person who wants to have the brochure content in audio. The QR Code is scanned by any electronic device, QR reader, tablet or mobile phone with a program installed. Once the code is scanned, the person is redirected to the Theater\u2019s web site where the audio is offered. In this way, the information is available in real time, fostering the independence of the user. In addition, haptic or tactile maps are available for blind or visually impaired people.<br \/>\nThe map includes the Theater\u2019s location and the site information that can be interpreted visually or by touch; the difference is the special texture for blind people and the Braille system. In addition, the Theater has an exclusive parking area for disabled people with horizontal marking and vertical signage (ISA), family restrooms with baby changing stations and toilets and urinals for short people.<\/p>\n\n\t\t<\/div> \n\t<\/div> \t<div class=\"vc_empty_space\"  style=\"height: 25px\" ><span\n\t\t\tclass=\"vc_empty_space_inner\">\n\t\t\t<span class=\"empty_space_image\"  ><\/span>\n\t\t<\/span><\/div>\n\n<\/div><\/div><\/div><div class=\"wpb_column vc_column_container vc_col-sm-1\"><div class=\"vc_column-inner\"><div class=\"wpb_wrapper\"><\/div><\/div><\/div><\/div><\/div>\t<div class=\"vc_empty_space\"  style=\"height: 25px\" ><span\n\t\t\tclass=\"vc_empty_space_inner\">\n\t\t\t<span class=\"empty_space_image\"  ><\/span>\n\t\t<\/span><\/div>\n\n<\/div><\/div><\/div><\/div><\/div><\/div><div      class=\"vc_row wpb_row section vc_row-fluid\" style=' text-align:left;'><div class=\"full_section_inner clearfix\"><div class=\"wpb_column vc_column_container vc_col-sm-12\"><div class=\"vc_column-inner\"><div class=\"wpb_wrapper\">\t<div class=\"vc_empty_space\"  style=\"height: 32px\" ><span\n\t\t\tclass=\"vc_empty_space_inner\">\n\t\t\t<span class=\"empty_space_image\"  ><\/span>\n\t\t<\/span><\/div>\n\n\n\t<div class=\"wpb_single_image wpb_content_element vc_align_left\">\n\t\t<div class=\"wpb_wrapper\">\n\t\t\t\n\t\t\t<div class=\"vc_single_image-wrapper   vc_box_border_grey\"><img loading=\"lazy\" decoding=\"async\" width=\"2560\" height=\"1280\" src=\"https:\/\/www.teatrodelbicentenariosanjuan.org\/wp-content\/uploads\/2022\/08\/slider-web-1-scaled.jpg\" class=\"vc_single_image-img attachment-full\" alt=\"\" title=\"slider web\" srcset=\"https:\/\/www.teatrodelbicentenariosanjuan.org\/wp-content\/uploads\/2022\/08\/slider-web-1-scaled.jpg 2560w, https:\/\/www.teatrodelbicentenariosanjuan.org\/wp-content\/uploads\/2022\/08\/slider-web-1-300x150.jpg 300w, https:\/\/www.teatrodelbicentenariosanjuan.org\/wp-content\/uploads\/2022\/08\/slider-web-1-1024x512.jpg 1024w, https:\/\/www.teatrodelbicentenariosanjuan.org\/wp-content\/uploads\/2022\/08\/slider-web-1-150x75.jpg 150w, https:\/\/www.teatrodelbicentenariosanjuan.org\/wp-content\/uploads\/2022\/08\/slider-web-1-768x384.jpg 768w, https:\/\/www.teatrodelbicentenariosanjuan.org\/wp-content\/uploads\/2022\/08\/slider-web-1-1536x768.jpg 1536w, https:\/\/www.teatrodelbicentenariosanjuan.org\/wp-content\/uploads\/2022\/08\/slider-web-1-2048x1024.jpg 2048w, https:\/\/www.teatrodelbicentenariosanjuan.org\/wp-content\/uploads\/2022\/08\/slider-web-1-18x9.jpg 18w, https:\/\/www.teatrodelbicentenariosanjuan.org\/wp-content\/uploads\/2022\/08\/slider-web-1-1000x500.jpg 1000w, https:\/\/www.teatrodelbicentenariosanjuan.org\/wp-content\/uploads\/2022\/08\/slider-web-1-700x350.jpg 700w, https:\/\/www.teatrodelbicentenariosanjuan.org\/wp-content\/uploads\/2022\/08\/slider-web-1-500x250.jpg 500w\" sizes=\"auto, (max-width: 2560px) 100vw, 2560px\" \/><\/div>\n\t\t<\/div>\n\t<\/div>\n\t<div class=\"vc_empty_space\"  style=\"height: 32px\" ><span\n\t\t\tclass=\"vc_empty_space_inner\">\n\t\t\t<span class=\"empty_space_image\"  ><\/span>\n\t\t<\/span><\/div>\n\n<\/div><\/div><\/div><\/div><\/div><div      class=\"vc_row wpb_row section vc_row-fluid\" style='background-color:#ffffff; text-align:left;'><div class=\"full_section_inner clearfix\"><div class=\"wpb_column vc_column_container vc_col-sm-3\"><div class=\"vc_column-inner\"><div class=\"wpb_wrapper\">\n\t<div class=\"wpb_single_image wpb_content_element vc_align_left\">\n\t\t<div class=\"wpb_wrapper\">\n\t\t\t\n\t\t\t<div class=\"vc_single_image-wrapper   vc_box_border_grey\"><img loading=\"lazy\" decoding=\"async\" width=\"501\" height=\"501\" src=\"https:\/\/www.teatrodelbicentenariosanjuan.org\/wp-content\/uploads\/2022\/08\/icono-programa-de-mano-1.jpg\" class=\"vc_single_image-img attachment-full\" alt=\"\" title=\"icono programa de mano\" srcset=\"https:\/\/www.teatrodelbicentenariosanjuan.org\/wp-content\/uploads\/2022\/08\/icono-programa-de-mano-1.jpg 501w, https:\/\/www.teatrodelbicentenariosanjuan.org\/wp-content\/uploads\/2022\/08\/icono-programa-de-mano-1-300x300.jpg 300w, https:\/\/www.teatrodelbicentenariosanjuan.org\/wp-content\/uploads\/2022\/08\/icono-programa-de-mano-1-150x150.jpg 150w, https:\/\/www.teatrodelbicentenariosanjuan.org\/wp-content\/uploads\/2022\/08\/icono-programa-de-mano-1-12x12.jpg 12w\" sizes=\"auto, (max-width: 501px) 100vw, 501px\" \/><\/div>\n\t\t<\/div>\n\t<\/div>\n<\/div><\/div><\/div><div class=\"wpb_column vc_column_container vc_col-sm-9\"><div class=\"vc_column-inner\"><div class=\"wpb_wrapper\">\t<div class=\"vc_empty_space\"  style=\"height: 50px\" ><span\n\t\t\tclass=\"vc_empty_space_inner\">\n\t\t\t<span class=\"empty_space_image\"  ><\/span>\n\t\t<\/span><\/div>\n\n\n\t<div class=\"wpb_text_column wpb_content_element\">\n\t\t<div class=\"wpb_wrapper\">\n\t\t\t<h3>PROGRAMA DE MANO CON LENGUA DE SE\u00d1AS<\/h3>\n<h6>Este video subtitulado reproduce el programa de mano del espect\u00e1culo El hombre que perdi\u00f3 su sombra, versi\u00f3n libre y coreogr\u00e1fica de \u201cLa maravillosa historia\u201d de Peter Schlemil, de Adalbert von Chamisso. Dirigida por Eleonora Comelli y Johanna Wilhelm y que cuenta con interpretaci\u00f3n en Lengua de Se\u00f1as Argentina (LSA)<\/h6>\n\n\t\t<\/div> \n\t<\/div> <\/div><\/div><\/div><\/div><\/div><div      class=\"vc_row wpb_row section vc_row-fluid\" style='background-color:#ffffff; text-align:left;'><div class=\"full_section_inner clearfix\"><div class=\"wpb_column vc_column_container vc_col-sm-12\"><div class=\"vc_column-inner\"><div class=\"wpb_wrapper\">\n\t<div class=\"wpb_video_widget wpb_content_element vc_clearfix   vc_video-aspect-ratio-169 vc_video-el-width-100 vc_video-align-left\" >\n\t\t<div class=\"wpb_wrapper\">\n\t\t\t\n\t\t\t<div class=\"wpb_video_wrapper\"><iframe loading=\"lazy\" title=\"PROGRAMA &quot;EL HOMBRE QUE PERDI\u00d3 SU SOMBRA&quot;\" width=\"500\" height=\"281\" src=\"https:\/\/www.youtube.com\/embed\/dUtYSEclqRM?feature=oembed\" frameborder=\"0\" allow=\"accelerometer; autoplay; clipboard-write; encrypted-media; gyroscope; picture-in-picture; web-share\" referrerpolicy=\"strict-origin-when-cross-origin\" allowfullscreen><\/iframe><\/div>\n\t\t<\/div>\n\t<\/div>\n\t<div class=\"vc_empty_space\"  style=\"height: 32px\" ><span\n\t\t\tclass=\"vc_empty_space_inner\">\n\t\t\t<span class=\"empty_space_image\"  ><\/span>\n\t\t<\/span><\/div>\n\n\t<div class=\"vc_empty_space\"  style=\"height: 32px\" ><span\n\t\t\tclass=\"vc_empty_space_inner\">\n\t\t\t<span class=\"empty_space_image\"  ><\/span>\n\t\t<\/span><\/div>\n\n<a  itemprop=\"url\" href=\"https:\/\/www.teatrodelbicentenariosanjuan.org\/wp-content\/uploads\/2022\/08\/Programa-Audiodescriptivo-EHQPSS_Audio.mp3\" target=\"_self\"  class=\"qbutton  big_large_full_width default\" style=\"\">PROGRAMA AUDIODESCRIPTIVO<\/a>\t<div class=\"vc_empty_space\"  style=\"height: 32px\" ><span\n\t\t\tclass=\"vc_empty_space_inner\">\n\t\t\t<span class=\"empty_space_image\"  ><\/span>\n\t\t<\/span><\/div>\n\n<a  itemprop=\"url\" href=\"https:\/\/www.teatrodelbicentenariosanjuan.org\/wp-content\/uploads\/2022\/08\/Pograma-de-mano-el-hombre-que-perdio-su-sombra-DIGITAL.pdf\" target=\"_self\"  class=\"qbutton  big_large_full_width default\" style=\"\">PROGRAMA DE MANO DIGITAL<\/a>\t<div class=\"vc_empty_space\"  style=\"height: 32px\" ><span\n\t\t\tclass=\"vc_empty_space_inner\">\n\t\t\t<span class=\"empty_space_image\"  ><\/span>\n\t\t<\/span><\/div>\n\n\t<div class=\"vc_empty_space\"  style=\"height: 32px\" ><span\n\t\t\tclass=\"vc_empty_space_inner\">\n\t\t\t<span class=\"empty_space_image\"  ><\/span>\n\t\t<\/span><\/div>\n\n<\/div><\/div><\/div><\/div><\/div><div      class=\"vc_row wpb_row section vc_row-fluid\" style='background-color:#ffffff; text-align:left;'><div class=\"full_section_inner clearfix\"><div class=\"wpb_column vc_column_container vc_col-sm-3\"><div class=\"vc_column-inner\"><div class=\"wpb_wrapper\">\n\t<div class=\"wpb_single_image wpb_content_element vc_align_left\">\n\t\t<div class=\"wpb_wrapper\">\n\t\t\t\n\t\t\t<div class=\"vc_single_image-wrapper   vc_box_border_grey\"><img loading=\"lazy\" decoding=\"async\" width=\"501\" height=\"501\" src=\"https:\/\/www.teatrodelbicentenariosanjuan.org\/wp-content\/uploads\/2022\/08\/iconoaudio-descriptivo.jpg\" class=\"vc_single_image-img attachment-full\" alt=\"\" title=\"iconoaudio descriptivo\" srcset=\"https:\/\/www.teatrodelbicentenariosanjuan.org\/wp-content\/uploads\/2022\/08\/iconoaudio-descriptivo.jpg 501w, https:\/\/www.teatrodelbicentenariosanjuan.org\/wp-content\/uploads\/2022\/08\/iconoaudio-descriptivo-300x300.jpg 300w, https:\/\/www.teatrodelbicentenariosanjuan.org\/wp-content\/uploads\/2022\/08\/iconoaudio-descriptivo-150x150.jpg 150w, https:\/\/www.teatrodelbicentenariosanjuan.org\/wp-content\/uploads\/2022\/08\/iconoaudio-descriptivo-12x12.jpg 12w\" sizes=\"auto, (max-width: 501px) 100vw, 501px\" \/><\/div>\n\t\t<\/div>\n\t<\/div>\n<\/div><\/div><\/div><div class=\"wpb_column vc_column_container vc_col-sm-9\"><div class=\"vc_column-inner\"><div class=\"wpb_wrapper\">\t<div class=\"vc_empty_space\"  style=\"height: 50px\" ><span\n\t\t\tclass=\"vc_empty_space_inner\">\n\t\t\t<span class=\"empty_space_image\"  ><\/span>\n\t\t<\/span><\/div>\n\n\n\t<div class=\"wpb_text_column wpb_content_element\">\n\t\t<div class=\"wpb_wrapper\">\n\t\t\t<h3>AUDIODESCRIPCI\u00d3N INTRODUCTORIA<\/h3>\n<h6>Este espect\u00e1culo cuenta con Audiodescripci\u00f3n introductoria, que es un relato sonoro que brinda un servicio de apoyo a la comunicaci\u00f3n visual. Ofrece informaci\u00f3n est\u00e9tica y espacial de la obra: clima, acciones, escenograf\u00eda, paisajes, vestuario, etc. La funci\u00f3n comienza con el audiointroductorio, que es escuchado por todos los espectadores. Tiene una duraci\u00f3n aproximada de ocho minutos.<\/h6>\n\n\t\t<\/div> \n\t<\/div> <\/div><\/div><\/div><\/div><\/div><div      class=\"vc_row wpb_row section vc_row-fluid\" style='background-color:#ffffff; text-align:left;'><div class=\"full_section_inner clearfix\"><div class=\"wpb_column vc_column_container vc_col-sm-3\"><div class=\"vc_column-inner\"><div class=\"wpb_wrapper\">\n\t<div class=\"wpb_single_image wpb_content_element vc_align_left\">\n\t\t<div class=\"wpb_wrapper\">\n\t\t\t\n\t\t\t<div class=\"vc_single_image-wrapper   vc_box_border_grey\"><img loading=\"lazy\" decoding=\"async\" width=\"501\" height=\"501\" src=\"https:\/\/www.teatrodelbicentenariosanjuan.org\/wp-content\/uploads\/2022\/08\/icono-visita-tactil.jpg\" class=\"vc_single_image-img attachment-full\" alt=\"\" title=\"icono visita tactil\" srcset=\"https:\/\/www.teatrodelbicentenariosanjuan.org\/wp-content\/uploads\/2022\/08\/icono-visita-tactil.jpg 501w, https:\/\/www.teatrodelbicentenariosanjuan.org\/wp-content\/uploads\/2022\/08\/icono-visita-tactil-300x300.jpg 300w, https:\/\/www.teatrodelbicentenariosanjuan.org\/wp-content\/uploads\/2022\/08\/icono-visita-tactil-150x150.jpg 150w, https:\/\/www.teatrodelbicentenariosanjuan.org\/wp-content\/uploads\/2022\/08\/icono-visita-tactil-12x12.jpg 12w\" sizes=\"auto, (max-width: 501px) 100vw, 501px\" \/><\/div>\n\t\t<\/div>\n\t<\/div>\n<\/div><\/div><\/div><div class=\"wpb_column vc_column_container vc_col-sm-9\"><div class=\"vc_column-inner\"><div class=\"wpb_wrapper\">\t<div class=\"vc_empty_space\"  style=\"height: 50px\" ><span\n\t\t\tclass=\"vc_empty_space_inner\">\n\t\t\t<span class=\"empty_space_image\"  ><\/span>\n\t\t<\/span><\/div>\n\n\n\t<div class=\"wpb_text_column wpb_content_element\">\n\t\t<div class=\"wpb_wrapper\">\n\t\t\t<h3>VISITA T\u00c1CTIL<\/h3>\n<h6>La visita t\u00e1ctil estuvo destinada a personas ciegas o con disminuci\u00f3n visual. Se realiz\u00f3 previamente a la funci\u00f3n y consisti\u00f3 en una visita guiada en la que pudieron descubrir con sus manos el vestuario, elementos de utiler\u00eda y caminar por el escenario con la propia escenograf\u00eda de \u201cEl hombre que perdi\u00f3 su sombra\u201d. Participaron integrantes del elenco, de la producci\u00f3n y miembros del equipo del TB.<\/h6>\n\n\t\t<\/div> \n\t<\/div> <\/div><\/div><\/div><\/div><\/div><div      class=\"vc_row wpb_row section vc_row-fluid\" style='background-color:#ffffff; text-align:left;'><div class=\"full_section_inner clearfix\"><div class=\"wpb_column vc_column_container vc_col-sm-12\"><div class=\"vc_column-inner\"><div class=\"wpb_wrapper\">\n\t<div class=\"wpb_video_widget wpb_content_element vc_clearfix   vc_video-aspect-ratio-169 vc_video-el-width-100 vc_video-align-left\" >\n\t\t<div class=\"wpb_wrapper\">\n\t\t\t\n\t\t\t<div class=\"wpb_video_wrapper\"><iframe loading=\"lazy\" title=\"Visita T\u00e1ctil - El hombre que perdi\u00f3 su sombra\" width=\"500\" height=\"281\" src=\"https:\/\/www.youtube.com\/embed\/0qdInGW5WbY?feature=oembed\" frameborder=\"0\" allow=\"accelerometer; autoplay; clipboard-write; encrypted-media; gyroscope; picture-in-picture; web-share\" referrerpolicy=\"strict-origin-when-cross-origin\" allowfullscreen><\/iframe><\/div>\n\t\t<\/div>\n\t<\/div>\n<\/div><\/div><\/div><\/div><\/div><div      class=\"vc_row wpb_row section vc_row-fluid\" style='background-color:#ffffff; text-align:left;'><div class=\"full_section_inner clearfix\"><div class=\"wpb_column vc_column_container vc_col-sm-3\"><div class=\"vc_column-inner\"><div class=\"wpb_wrapper\">\n\t<div class=\"wpb_single_image wpb_content_element vc_align_left\">\n\t\t<div class=\"wpb_wrapper\">\n\t\t\t\n\t\t\t<div class=\"vc_single_image-wrapper   vc_box_border_grey\"><img loading=\"lazy\" decoding=\"async\" width=\"501\" height=\"501\" src=\"https:\/\/www.teatrodelbicentenariosanjuan.org\/wp-content\/uploads\/2022\/08\/icono-lengua-de-senas-1.jpg\" class=\"vc_single_image-img attachment-full\" alt=\"\" title=\"icono lengua de se\u00f1as\" srcset=\"https:\/\/www.teatrodelbicentenariosanjuan.org\/wp-content\/uploads\/2022\/08\/icono-lengua-de-senas-1.jpg 501w, https:\/\/www.teatrodelbicentenariosanjuan.org\/wp-content\/uploads\/2022\/08\/icono-lengua-de-senas-1-300x300.jpg 300w, https:\/\/www.teatrodelbicentenariosanjuan.org\/wp-content\/uploads\/2022\/08\/icono-lengua-de-senas-1-150x150.jpg 150w, https:\/\/www.teatrodelbicentenariosanjuan.org\/wp-content\/uploads\/2022\/08\/icono-lengua-de-senas-1-12x12.jpg 12w\" sizes=\"auto, (max-width: 501px) 100vw, 501px\" \/><\/div>\n\t\t<\/div>\n\t<\/div>\n<\/div><\/div><\/div><div class=\"wpb_column vc_column_container vc_col-sm-9\"><div class=\"vc_column-inner\"><div class=\"wpb_wrapper\">\t<div class=\"vc_empty_space\"  style=\"height: 50px\" ><span\n\t\t\tclass=\"vc_empty_space_inner\">\n\t\t\t<span class=\"empty_space_image\"  ><\/span>\n\t\t<\/span><\/div>\n\n\n\t<div class=\"wpb_text_column wpb_content_element\">\n\t\t<div class=\"wpb_wrapper\">\n\t\t\t<h3>LENGUA DE SE\u00d1AS<\/h3>\n<h6>El espect\u00e1culo es interpretado en Lengua de Se\u00f1as Argentina (LSA). Implica la presencia de un int\u00e9rprete en el escenario.<\/h6>\n\n\t\t<\/div> \n\t<\/div> <\/div><\/div><\/div><\/div><\/div><div      class=\"vc_row wpb_row section vc_row-fluid\" style='background-color:#ffffff; text-align:left;'><div class=\"full_section_inner clearfix\"><div class=\"wpb_column vc_column_container vc_col-sm-3\"><div class=\"vc_column-inner\"><div class=\"wpb_wrapper\">\n\t<div class=\"wpb_single_image wpb_content_element vc_align_left\">\n\t\t<div class=\"wpb_wrapper\">\n\t\t\t\n\t\t\t<div class=\"vc_single_image-wrapper   vc_box_border_grey\"><img loading=\"lazy\" decoding=\"async\" width=\"501\" height=\"501\" src=\"https:\/\/www.teatrodelbicentenariosanjuan.org\/wp-content\/uploads\/2022\/08\/icono-qr.jpg\" class=\"vc_single_image-img attachment-full\" alt=\"\" title=\"icono qr\" srcset=\"https:\/\/www.teatrodelbicentenariosanjuan.org\/wp-content\/uploads\/2022\/08\/icono-qr.jpg 501w, https:\/\/www.teatrodelbicentenariosanjuan.org\/wp-content\/uploads\/2022\/08\/icono-qr-300x300.jpg 300w, https:\/\/www.teatrodelbicentenariosanjuan.org\/wp-content\/uploads\/2022\/08\/icono-qr-150x150.jpg 150w, https:\/\/www.teatrodelbicentenariosanjuan.org\/wp-content\/uploads\/2022\/08\/icono-qr-12x12.jpg 12w\" sizes=\"auto, (max-width: 501px) 100vw, 501px\" \/><\/div>\n\t\t<\/div>\n\t<\/div>\n<\/div><\/div><\/div><div class=\"wpb_column vc_column_container vc_col-sm-9\"><div class=\"vc_column-inner\"><div class=\"wpb_wrapper\">\t<div class=\"vc_empty_space\"  style=\"height: 50px\" ><span\n\t\t\tclass=\"vc_empty_space_inner\">\n\t\t\t<span class=\"empty_space_image\"  ><\/span>\n\t\t<\/span><\/div>\n\n\n\t<div class=\"wpb_text_column wpb_content_element\">\n\t\t<div class=\"wpb_wrapper\">\n\t\t\t<h3>QR CODE<\/h3>\n<h6>Usando su tel\u00e9fono celular u otro dispositivo electr\u00f3nico con una aplicaci\u00f3n instalada para tal fin, podr\u00e1 acceder a la informaci\u00f3n audiovisual y subtitulada de la funci\u00f3n de \u201cEL hombre que perdio su sombra\u201d disponible en la p\u00e1gina web del Teatro del Bicentenario. El c\u00f3digo QR estar\u00e1 en los t\u00f3tems ubicados en el Foyer de la Sala Principal.<\/h6>\n\n\t\t<\/div> \n\t<\/div> <\/div><\/div><\/div><\/div><\/div><div      class=\"vc_row wpb_row section vc_row-fluid\" style='background-color:#ffffff; text-align:left;'><div class=\"full_section_inner clearfix\"><div class=\"wpb_column vc_column_container vc_col-sm-3\"><div class=\"vc_column-inner\"><div class=\"wpb_wrapper\">\n\t<div class=\"wpb_single_image wpb_content_element vc_align_left\">\n\t\t<div class=\"wpb_wrapper\">\n\t\t\t\n\t\t\t<div class=\"vc_single_image-wrapper   vc_box_border_grey\"><img loading=\"lazy\" decoding=\"async\" width=\"501\" height=\"501\" src=\"https:\/\/www.teatrodelbicentenariosanjuan.org\/wp-content\/uploads\/2022\/08\/icono-cuaderno-pedagogico.jpg\" class=\"vc_single_image-img attachment-full\" alt=\"\" title=\"icono cuaderno pedagogico\" srcset=\"https:\/\/www.teatrodelbicentenariosanjuan.org\/wp-content\/uploads\/2022\/08\/icono-cuaderno-pedagogico.jpg 501w, https:\/\/www.teatrodelbicentenariosanjuan.org\/wp-content\/uploads\/2022\/08\/icono-cuaderno-pedagogico-300x300.jpg 300w, https:\/\/www.teatrodelbicentenariosanjuan.org\/wp-content\/uploads\/2022\/08\/icono-cuaderno-pedagogico-150x150.jpg 150w, https:\/\/www.teatrodelbicentenariosanjuan.org\/wp-content\/uploads\/2022\/08\/icono-cuaderno-pedagogico-12x12.jpg 12w\" sizes=\"auto, (max-width: 501px) 100vw, 501px\" \/><\/div>\n\t\t<\/div>\n\t<\/div>\n<\/div><\/div><\/div><div class=\"wpb_column vc_column_container vc_col-sm-9\"><div class=\"vc_column-inner\"><div class=\"wpb_wrapper\">\t<div class=\"vc_empty_space\"  style=\"height: 50px\" ><span\n\t\t\tclass=\"vc_empty_space_inner\">\n\t\t\t<span class=\"empty_space_image\"  ><\/span>\n\t\t<\/span><\/div>\n\n\n\t<div class=\"wpb_text_column wpb_content_element\">\n\t\t<div class=\"wpb_wrapper\">\n\t\t\t<h3>CUADERNILLO PEDAG\u00d3GICO<\/h3>\n<h6>\u00abEl Hombre que Perdi\u00f3 su Sombra\u00bb es una obra especialmente pensada para p\u00fablico infantil y juvenil, por lo que cuenta con un Cuardernillo Pedag\u00f3gico elaborado por el Teatro Nacional Cervantes y cedido al TB. En \u00e9l, los docentes\u00a0 encontrar\u00e1n informaci\u00f3n y actividades para realizar con los estudiantes a trav\u00e9s de preguntas y actividades pr\u00e1cticas relacionadas a la obra.<\/h6>\n<p>Est\u00e1 disponible para <a href=\"https:\/\/www.teatrodelbicentenariosanjuan.org\/wp-content\/uploads\/2022\/08\/Cuadernillo-Pedagogico.pdf\">descargar<\/a> en PDF.<\/p>\n\n\t\t<\/div> \n\t<\/div> <\/div><\/div><\/div><\/div><\/div><div      class=\"vc_row wpb_row section vc_row-fluid\" style='background-color:#ffffff; text-align:left;'><div class=\"full_section_inner clearfix\"><div class=\"wpb_column vc_column_container vc_col-sm-3\"><div class=\"vc_column-inner\"><div class=\"wpb_wrapper\">\n\t<div class=\"wpb_single_image wpb_content_element vc_align_left\">\n\t\t<div class=\"wpb_wrapper\">\n\t\t\t\n\t\t\t<div class=\"vc_single_image-wrapper   vc_box_border_grey\"><img loading=\"lazy\" decoding=\"async\" width=\"501\" height=\"501\" src=\"https:\/\/www.teatrodelbicentenariosanjuan.org\/wp-content\/uploads\/2022\/08\/icono-perro-guia.jpg\" class=\"vc_single_image-img attachment-full\" alt=\"\" title=\"icono perro guia\" srcset=\"https:\/\/www.teatrodelbicentenariosanjuan.org\/wp-content\/uploads\/2022\/08\/icono-perro-guia.jpg 501w, https:\/\/www.teatrodelbicentenariosanjuan.org\/wp-content\/uploads\/2022\/08\/icono-perro-guia-300x300.jpg 300w, https:\/\/www.teatrodelbicentenariosanjuan.org\/wp-content\/uploads\/2022\/08\/icono-perro-guia-150x150.jpg 150w, https:\/\/www.teatrodelbicentenariosanjuan.org\/wp-content\/uploads\/2022\/08\/icono-perro-guia-12x12.jpg 12w\" sizes=\"auto, (max-width: 501px) 100vw, 501px\" \/><\/div>\n\t\t<\/div>\n\t<\/div>\n<\/div><\/div><\/div><div class=\"wpb_column vc_column_container vc_col-sm-9\"><div class=\"vc_column-inner\"><div class=\"wpb_wrapper\">\t<div class=\"vc_empty_space\"  style=\"height: 50px\" ><span\n\t\t\tclass=\"vc_empty_space_inner\">\n\t\t\t<span class=\"empty_space_image\"  ><\/span>\n\t\t<\/span><\/div>\n\n\n\t<div class=\"wpb_text_column wpb_content_element\">\n\t\t<div class=\"wpb_wrapper\">\n\t\t\t<h3>Perros gu\u00eda<\/h3>\n<h6>En el Teatro del Bicentenario ser\u00e1n bienvenidos los Perro gu\u00eda, en cumplimiento con la Ley Nacional N\u00b0 26.858 de Derecho de acceso, deambulaci\u00f3n y permanencia de personas con discapacidad acompa\u00f1adas por perro gu\u00eda o de asistencia a lugares p\u00fablicos y privados de acceso p\u00fablico.<\/h6>\n\n\t\t<\/div> \n\t<\/div> <\/div><\/div><\/div><\/div><\/div><div      class=\"vc_row wpb_row section vc_row-fluid\" style='background-color:#ffffff; text-align:left;'><div class=\"full_section_inner clearfix\"><div class=\"wpb_column vc_column_container vc_col-sm-6\"><div class=\"vc_column-inner\"><div class=\"wpb_wrapper\">\n\t<div class=\"wpb_single_image wpb_content_element vc_align_left\">\n\t\t<div class=\"wpb_wrapper\">\n\t\t\t\n\t\t\t<div class=\"vc_single_image-wrapper   vc_box_border_grey\"><img loading=\"lazy\" decoding=\"async\" width=\"1006\" height=\"719\" src=\"https:\/\/www.teatrodelbicentenariosanjuan.org\/wp-content\/uploads\/2022\/08\/WhatsApp-Image-2022-08-24-at-9.39.39-AM.jpeg\" class=\"vc_single_image-img attachment-full\" alt=\"\" title=\"WhatsApp Image 2022-08-24 at 9.39.39 AM\" srcset=\"https:\/\/www.teatrodelbicentenariosanjuan.org\/wp-content\/uploads\/2022\/08\/WhatsApp-Image-2022-08-24-at-9.39.39-AM.jpeg 1006w, https:\/\/www.teatrodelbicentenariosanjuan.org\/wp-content\/uploads\/2022\/08\/WhatsApp-Image-2022-08-24-at-9.39.39-AM-300x214.jpeg 300w, https:\/\/www.teatrodelbicentenariosanjuan.org\/wp-content\/uploads\/2022\/08\/WhatsApp-Image-2022-08-24-at-9.39.39-AM-150x107.jpeg 150w, https:\/\/www.teatrodelbicentenariosanjuan.org\/wp-content\/uploads\/2022\/08\/WhatsApp-Image-2022-08-24-at-9.39.39-AM-768x549.jpeg 768w, https:\/\/www.teatrodelbicentenariosanjuan.org\/wp-content\/uploads\/2022\/08\/WhatsApp-Image-2022-08-24-at-9.39.39-AM-18x12.jpeg 18w, https:\/\/www.teatrodelbicentenariosanjuan.org\/wp-content\/uploads\/2022\/08\/WhatsApp-Image-2022-08-24-at-9.39.39-AM-700x500.jpeg 700w, https:\/\/www.teatrodelbicentenariosanjuan.org\/wp-content\/uploads\/2022\/08\/WhatsApp-Image-2022-08-24-at-9.39.39-AM-500x357.jpeg 500w\" sizes=\"auto, (max-width: 1006px) 100vw, 1006px\" \/><\/div>\n\t\t<\/div>\n\t<\/div>\n<\/div><\/div><\/div><div class=\"wpb_column vc_column_container vc_col-sm-6\"><div class=\"vc_column-inner\"><div class=\"wpb_wrapper\">\t<div class=\"vc_empty_space\"  style=\"height: 50px\" ><span\n\t\t\tclass=\"vc_empty_space_inner\">\n\t\t\t<span class=\"empty_space_image\"  ><\/span>\n\t\t<\/span><\/div>\n\n\n\t<div class=\"wpb_text_column wpb_content_element\">\n\t\t<div class=\"wpb_wrapper\">\n\t\t\t<h3>Ficha t\u00e9cnica:<\/h3>\n<p><strong>Elenco:<\/strong><\/p>\n<p><strong>Peter:\u00a0 <\/strong>Pablo Seijo<\/p>\n<p><strong>Hombre de Gris\/pescador\/pintor: <\/strong>Mart\u00edn L\u00f3pez Carzolio<\/p>\n<p><strong>Bendel\/Thomas John\/Ni\u00f1o\/ Sombra de Bendel: <\/strong>Pablo Fusco<\/p>\n<p><strong>Sombra Peter\/Sombra de Bendel\/ Sombra de Fanny: <\/strong>Gast\u00f3n Exequiel Sanchez<\/p>\n<p><strong>Fanny\/Mujer con perro\/Costurera\/ Sombra de Peter: <\/strong>Griselda Montanaro<\/p>\n<p><strong>M\u00fasicos en escena: <\/strong>Axel Krygier(piano y voz volc\u00e1n) y Sara Ryan, (viol\u00edn)<\/p>\n<p><strong>Retroproyecciones en vivo: <\/strong>Johanna Wilhelm y Gisela CuckierBendel,<\/p>\n<p>&nbsp;<\/p>\n<p><strong>Direcci\u00f3n: <\/strong>Eleonora Comelli y Johanna Wilhelm<\/p>\n<p><strong>Dramaturgia:<\/strong> Eleonora Comelli<\/p>\n<p><strong>Direcci\u00f3n Musical, m\u00fasica y letra de canciones:<\/strong> Axel Krygier<\/p>\n<p><strong>Coreograf\u00eda:<\/strong> Eleonora Comelli<\/p>\n<p><strong>Escenograf\u00eda y proyecciones: <\/strong>Johanna Wilhelm<\/p>\n<p><strong>Vestuario:<\/strong> Paula Molina<\/p>\n<p><strong>Iluminaci\u00f3n:<\/strong> Ricardo Sica<\/p>\n<p><strong>Video:<\/strong> Federico Lamas<\/p>\n<p><strong>Colaboraci\u00f3n dramat\u00fargica y voz \u201cFanny\u201d:<\/strong>IsolMisenta<\/p>\n<p><strong>Producci\u00f3n ejecutiva: <\/strong>Gregorio Vatenberg<\/p>\n<p><strong>Stage Manager:<\/strong> Paz Corinaldesi<\/p>\n<p><strong>Distribuci\u00f3n internacional:<\/strong> Leila Barenboim<\/p>\n\n\t\t<\/div> \n\t<\/div> \t<div class=\"vc_empty_space\"  style=\"height: 50px\" ><span\n\t\t\tclass=\"vc_empty_space_inner\">\n\t\t\t<span class=\"empty_space_image\"  ><\/span>\n\t\t<\/span><\/div>\n\n<\/div><\/div><\/div><\/div><\/div><div      class=\"vc_row wpb_row section vc_row-fluid\" style=' text-align:left;'><div class=\"full_section_inner clearfix\"><div class=\"wpb_column vc_column_container vc_col-sm-12\"><div class=\"vc_column-inner\"><div class=\"wpb_wrapper\"><div class=\"separator  normal\" style=\"\"><\/div>\n<\/div><\/div><\/div><\/div><\/div>\n<\/div>","protected":false},"excerpt":{"rendered":"PROGRAMAS AUDIODESCRIPTIVOS POL\u00cdTICA DE INCLUSI\u00d3N DEL TB Con el objetivo de: \u2022 Concientizar sobre\u00a0la importancia de reconocer el derecho de las personas con discapacidad \u2022 Promover los derechos de las personas con discapacidad a trav\u00e9s de la participaci\u00f3n y el intercambio comunitario El Teatro del...","protected":false},"author":4,"featured_media":0,"parent":0,"menu_order":0,"comment_status":"closed","ping_status":"closed","template":"full_width.php","meta":{"h5ap_radio_sources":[],"footnotes":""},"class_list":["post-23747","page","type-page","status-publish","hentry"],"_links":{"self":[{"href":"https:\/\/www.teatrodelbicentenariosanjuan.org\/en\/wp-json\/wp\/v2\/pages\/23747","targetHints":{"allow":["GET"]}}],"collection":[{"href":"https:\/\/www.teatrodelbicentenariosanjuan.org\/en\/wp-json\/wp\/v2\/pages"}],"about":[{"href":"https:\/\/www.teatrodelbicentenariosanjuan.org\/en\/wp-json\/wp\/v2\/types\/page"}],"author":[{"embeddable":true,"href":"https:\/\/www.teatrodelbicentenariosanjuan.org\/en\/wp-json\/wp\/v2\/users\/4"}],"replies":[{"embeddable":true,"href":"https:\/\/www.teatrodelbicentenariosanjuan.org\/en\/wp-json\/wp\/v2\/comments?post=23747"}],"version-history":[{"count":5,"href":"https:\/\/www.teatrodelbicentenariosanjuan.org\/en\/wp-json\/wp\/v2\/pages\/23747\/revisions"}],"predecessor-version":[{"id":24206,"href":"https:\/\/www.teatrodelbicentenariosanjuan.org\/en\/wp-json\/wp\/v2\/pages\/23747\/revisions\/24206"}],"wp:attachment":[{"href":"https:\/\/www.teatrodelbicentenariosanjuan.org\/en\/wp-json\/wp\/v2\/media?parent=23747"}],"curies":[{"name":"wp","href":"https:\/\/api.w.org\/{rel}","templated":true}]}}