{"id":24127,"date":"2022-11-28T12:38:35","date_gmt":"2022-11-28T15:38:35","guid":{"rendered":"https:\/\/www.teatrodelbicentenariosanjuan.org\/?page_id=24127"},"modified":"2025-03-10T11:38:03","modified_gmt":"2025-03-10T14:38:03","slug":"cantopopular2025","status":"publish","type":"page","link":"https:\/\/www.teatrodelbicentenariosanjuan.org\/en\/cantopopular2025\/","title":{"rendered":"CANTO POPULAR 2025"},"content":{"rendered":"<div class=\"wpb-content-wrapper\"><div      class=\"vc_row wpb_row section vc_row-fluid  grid_section\" style=' text-align:left;'><div class=\"section_inner clearfix\"><div class='section_inner_margin clearfix'><div class=\"wpb_column vc_column_container vc_col-sm-12 vc_col-has-fill\"><div class=\"vc_column-inner vc_custom_1564497405851\"><div class=\"wpb_wrapper\">\t<div class=\"vc_empty_space\"  style=\"height: 15px\" ><span\n\t\t\tclass=\"vc_empty_space_inner\">\n\t\t\t<span class=\"empty_space_image\"  ><\/span>\n\t\t<\/span><\/div>\n\n\n\t<div class=\"wpb_text_column wpb_content_element\">\n\t\t<div class=\"wpb_wrapper\">\n\t\t\t<h2 style=\"text-align: center;\"><strong>CONVOCATORIA ABIERTA <\/strong><br \/>\n<span style=\"font-size: 12pt;\"><strong>PROGRAMA DE CANTO POPULAR<\/strong> \u2013 TEMPORADA 2025<\/span><\/h2>\n<p style=\"text-align: center;\"><span style=\"color: #ff0000; font-size: 10pt;\"><strong>\u00a0<\/strong><\/span><\/p>\n<p>&nbsp;<\/p>\n<p>&nbsp;<\/p>\n\n\t\t<\/div> \n\t<\/div> <div      class=\"vc_row wpb_row section vc_row-fluid vc_inner\" style=' text-align:left;'><div class=\"full_section_inner clearfix\"><div class=\"wpb_column vc_column_container vc_col-sm-6\"><div class=\"vc_column-inner\"><div class=\"wpb_wrapper\">\n\t<div class=\"wpb_text_column wpb_content_element\">\n\t\t<div class=\"wpb_wrapper\">\n\t\t\t<p><span id=\"m_-3767850817851190279gmail-docs-internal-guid-afde8d92-7fff-8d9e-bee4-3d41509ee25a\">El Teatro del Bicentenario, dependiente del Ministerio de Turismo, Cultura y Deporte, invita a cantantes a formar parte del Programa de Canto Popular, bajo la direcci\u00f3n de los maestros Patricia Cangemi y Sebasti\u00e1n Narv\u00e1ez.<\/span><\/p>\n<p>&nbsp;<\/p>\n<p><span id=\"m_-3767850817851190279gmail-docs-internal-guid-afde8d92-7fff-8d9e-bee4-3d41509ee25a\">El Programa tiene como objetivo, brindar herramientas de perfeccionamiento en aspectos t\u00e9cnicos, art\u00edsticos y profesionales. A su vez, busca profundizar las cualidades interpretativas y esc\u00e9nicas mediante el estudio del repertorio del cancionero popular, incluyendo autores y compositores m\u00e1s representativos de la regi\u00f3n cuyana, como as\u00ed tambi\u00e9n de otras regiones de la Argentina y Latinoamericanas.<\/span><\/p>\n<p>&nbsp;<\/p>\n<p><span id=\"m_-3767850817851190279gmail-docs-internal-guid-afde8d92-7fff-8d9e-bee4-3d41509ee25a\">Las clases, con<strong> modalidad presencial y gratuita, inician el jueves 20 de marzo y finalizan en el mes de diciembre<\/strong> con una muestra anual del proceso.<\/span><\/p>\n<p>&nbsp;<\/p>\n<p>&nbsp;<\/p>\n<p dir=\"ltr\"><strong>REQUISITOS:<\/strong><\/p>\n<p>&nbsp;<\/p>\n<p dir=\"ltr\">&#8211; Ser mayor de 18 a\u00f1os;<\/p>\n<p dir=\"ltr\">&#8211; Experiencia y\/o estudios musicales previos;<\/p>\n<p dir=\"ltr\">&#8211; Conocimientos previos en t\u00e9cnica vocal;<\/p>\n<p dir=\"ltr\">&#8211; Pertenecer a un proyecto art\u00edstico (coro, solista o grupo);<\/p>\n<p dir=\"ltr\">&#8211; Enviar un video, de no m\u00e1s de 2 minutos de duraci\u00f3n, interpretando un repertorio solista vocal de m\u00fasica popular (folklore, tango o mel\u00f3dico) con una referencia arm\u00f3nica o musical acompa\u00f1ante. Por ejemplo: una pista grabada, un m\u00fasico guitarrista o pianista acompa\u00f1ante.<\/p>\n<p>&nbsp;<\/p>\n<p dir=\"ltr\"><strong>Cierre de inscripciones: viernes 7 de marzo a las 12:00 hs.<\/strong><\/p>\n<p dir=\"ltr\"><strong>Audiciones presenciales: jueves 13 de marzo, horario a confirmar.<\/strong><\/p>\n<p dir=\"ltr\"><strong>La confirmaci\u00f3n de los seleccionados ser\u00e1 v\u00eda mail, el martes 18 de marzo.<\/strong><\/p>\n<p>&nbsp;<\/p>\n<p dir=\"ltr\"><strong>Para m\u00e1s informaci\u00f3n<\/strong>: <a href=\"mailto:audiciones.teatrobicentenario@gmail.com\" target=\"_blank\" rel=\"noopener\">audiciones.teatrobicentenario@<wbr \/>gmail.com<\/a><\/p>\n<p>&nbsp;<\/p>\n\n\t\t<\/div> \n\t<\/div> <a  itemprop=\"url\" href=\"https:\/\/www.teatrodelbicentenariosanjuan.org\/wp-content\/uploads\/2025\/02\/BASES-Y-CONDICIONES-CANTO-POPULAR-2025.pdf\" target=\"_self\"  class=\"qbutton  big_large_full_width default\" style=\"\">BASES Y CONDICIONES<\/a>\t<div class=\"vc_empty_space\"  style=\"height: 15px\" ><span\n\t\t\tclass=\"vc_empty_space_inner\">\n\t\t\t<span class=\"empty_space_image\"  ><\/span>\n\t\t<\/span><\/div>\n\n<a  itemprop=\"url\" href=\"https:\/\/forms.gle\/13ATmHtpfwcXo8EB8\" target=\"_self\"  class=\"qbutton  big_large_full_width default\" style=\"\">FORMULARIO DE INSCRIPCI\u00d3N<\/a>\t<div class=\"vc_empty_space\"  style=\"height: 15px\" ><span\n\t\t\tclass=\"vc_empty_space_inner\">\n\t\t\t<span class=\"empty_space_image\"  ><\/span>\n\t\t<\/span><\/div>\n\n<\/div><\/div><\/div><div class=\"wpb_column vc_column_container vc_col-sm-6\"><div class=\"vc_column-inner\"><div class=\"wpb_wrapper\">\n\t<div class=\"wpb_single_image wpb_content_element vc_align_left\">\n\t\t<div class=\"wpb_wrapper\">\n\t\t\t\n\t\t\t<div class=\"vc_single_image-wrapper   vc_box_border_grey\"><img loading=\"lazy\" decoding=\"async\" width=\"1080\" height=\"1920\" src=\"https:\/\/www.teatrodelbicentenariosanjuan.org\/wp-content\/uploads\/2025\/02\/convocatoria-CPop-story1.jpg\" class=\"vc_single_image-img attachment-full\" alt=\"\" title=\"convocatoria-CPop-story(1)\" srcset=\"https:\/\/www.teatrodelbicentenariosanjuan.org\/wp-content\/uploads\/2025\/02\/convocatoria-CPop-story1.jpg 1080w, https:\/\/www.teatrodelbicentenariosanjuan.org\/wp-content\/uploads\/2025\/02\/convocatoria-CPop-story1-169x300.jpg 169w, https:\/\/www.teatrodelbicentenariosanjuan.org\/wp-content\/uploads\/2025\/02\/convocatoria-CPop-story1-576x1024.jpg 576w, https:\/\/www.teatrodelbicentenariosanjuan.org\/wp-content\/uploads\/2025\/02\/convocatoria-CPop-story1-84x150.jpg 84w, https:\/\/www.teatrodelbicentenariosanjuan.org\/wp-content\/uploads\/2025\/02\/convocatoria-CPop-story1-768x1365.jpg 768w, https:\/\/www.teatrodelbicentenariosanjuan.org\/wp-content\/uploads\/2025\/02\/convocatoria-CPop-story1-864x1536.jpg 864w, https:\/\/www.teatrodelbicentenariosanjuan.org\/wp-content\/uploads\/2025\/02\/convocatoria-CPop-story1-7x12.jpg 7w, https:\/\/www.teatrodelbicentenariosanjuan.org\/wp-content\/uploads\/2025\/02\/convocatoria-CPop-story1-700x1244.jpg 700w, https:\/\/www.teatrodelbicentenariosanjuan.org\/wp-content\/uploads\/2025\/02\/convocatoria-CPop-story1-500x889.jpg 500w\" sizes=\"auto, (max-width: 1080px) 100vw, 1080px\" \/><\/div>\n\t\t<\/div>\n\t<\/div>\n\t<div class=\"vc_empty_space\"  style=\"height: 15px\" ><span\n\t\t\tclass=\"vc_empty_space_inner\">\n\t\t\t<span class=\"empty_space_image\" style=\"background-image:url(https:\/\/www.teatrodelbicentenariosanjuan.org\/wp-content\/uploads\/2025\/02\/convocatoria-CPop-story1.jpg);background-repeat:no-repeat;\" ><\/span>\n\t\t<\/span><\/div>\n\n\t<div class=\"vc_empty_space\"  style=\"height: 15px\" ><span\n\t\t\tclass=\"vc_empty_space_inner\">\n\t\t\t<span class=\"empty_space_image\" style=\"background-image:url(https:\/\/www.teatrodelbicentenariosanjuan.org\/wp-content\/uploads\/2025\/02\/convocatoria-CPop-story1.jpg);background-repeat:no-repeat;\" ><\/span>\n\t\t<\/span><\/div>\n\n<\/div><\/div><\/div><\/div><\/div><\/div><\/div><\/div><\/div><\/div><\/div><div      class=\"vc_row wpb_row section vc_row-fluid  grid_section\" style=' text-align:left;'><div class=\"section_inner clearfix\"><div class='section_inner_margin clearfix'><div class=\"wpb_column vc_column_container vc_col-sm-12 vc_col-has-fill\"><div class=\"vc_column-inner vc_custom_1564497405851\"><div class=\"wpb_wrapper\"><\/div><\/div><\/div><\/div><\/div><\/div><div      class=\"vc_row wpb_row section vc_row-fluid\" style=' text-align:left;'><div class=\"full_section_inner clearfix\"><div class=\"wpb_column vc_column_container vc_col-sm-12\"><div class=\"vc_column-inner\"><div class=\"wpb_wrapper\"><\/div><\/div><\/div><\/div><\/div><div      class=\"vc_row wpb_row section vc_row-fluid  grid_section\" style=' text-align:left;'><div class=\"section_inner clearfix\"><div class='section_inner_margin clearfix'><div class=\"wpb_column vc_column_container vc_col-sm-12 vc_col-has-fill\"><div class=\"vc_column-inner vc_custom_1484750598384\"><div class=\"wpb_wrapper\">\t<div class=\"vc_empty_space\"  style=\"height: 15px\" ><span\n\t\t\tclass=\"vc_empty_space_inner\">\n\t\t\t<span class=\"empty_space_image\"  ><\/span>\n\t\t<\/span><\/div>\n\n<\/div><\/div><\/div><\/div><\/div><\/div><div      class=\"vc_row wpb_row section vc_row-fluid\" style=' text-align:left;'><div class=\"full_section_inner clearfix\"><div class=\"wpb_column vc_column_container vc_col-sm-12\"><div class=\"vc_column-inner\"><div class=\"wpb_wrapper\">\t<div class=\"vc_empty_space\"  style=\"height: 30px\" ><span\n\t\t\tclass=\"vc_empty_space_inner\">\n\t\t\t<span class=\"empty_space_image\"  ><\/span>\n\t\t<\/span><\/div>\n\n<\/div><\/div><\/div><\/div><\/div><div      class=\"vc_row wpb_row section vc_row-fluid\" style=' text-align:left;'><div class=\"full_section_inner clearfix\"><div class=\"wpb_column vc_column_container vc_col-sm-12\"><div class=\"vc_column-inner\"><div class=\"wpb_wrapper\">\t<div class=\"vc_empty_space\"  style=\"height: 30px\" ><span\n\t\t\tclass=\"vc_empty_space_inner\">\n\t\t\t<span class=\"empty_space_image\"  ><\/span>\n\t\t<\/span><\/div>\n\n<\/div><\/div><\/div><\/div><\/div><div      class=\"vc_row wpb_row section vc_row-fluid\" style=' text-align:left;'><div class=\"full_section_inner clearfix\"><div class=\"wpb_column vc_column_container vc_col-sm-12\"><div class=\"vc_column-inner\"><div class=\"wpb_wrapper\"><\/div><\/div><\/div><\/div><\/div><div      class=\"vc_row wpb_row section vc_row-fluid\" style=' text-align:left;'><div class=\"full_section_inner clearfix\"><div class=\"wpb_column vc_column_container vc_col-sm-12\"><div class=\"vc_column-inner\"><div class=\"wpb_wrapper\">\t<div class=\"vc_empty_space\"  style=\"height: 50px\" ><span\n\t\t\tclass=\"vc_empty_space_inner\">\n\t\t\t<span class=\"empty_space_image\"  ><\/span>\n\t\t<\/span><\/div>\n\n<\/div><\/div><\/div><\/div><\/div>\n<\/div>","protected":false},"excerpt":{"rendered":"CONVOCATORIA ABIERTA PROGRAMA DE CANTO POPULAR \u2013 TEMPORADA 2025 \u00a0 &nbsp; &nbsp; El Teatro del Bicentenario, dependiente del Ministerio de Turismo, Cultura y Deporte, invita a cantantes a formar parte del Programa de Canto Popular, bajo la direcci\u00f3n de los maestros Patricia Cangemi y Sebasti\u00e1n...","protected":false},"author":4,"featured_media":0,"parent":0,"menu_order":0,"comment_status":"closed","ping_status":"closed","template":"full_width.php","meta":{"h5ap_radio_sources":[],"footnotes":""},"class_list":["post-24127","page","type-page","status-publish","hentry"],"_links":{"self":[{"href":"https:\/\/www.teatrodelbicentenariosanjuan.org\/en\/wp-json\/wp\/v2\/pages\/24127","targetHints":{"allow":["GET"]}}],"collection":[{"href":"https:\/\/www.teatrodelbicentenariosanjuan.org\/en\/wp-json\/wp\/v2\/pages"}],"about":[{"href":"https:\/\/www.teatrodelbicentenariosanjuan.org\/en\/wp-json\/wp\/v2\/types\/page"}],"author":[{"embeddable":true,"href":"https:\/\/www.teatrodelbicentenariosanjuan.org\/en\/wp-json\/wp\/v2\/users\/4"}],"replies":[{"embeddable":true,"href":"https:\/\/www.teatrodelbicentenariosanjuan.org\/en\/wp-json\/wp\/v2\/comments?post=24127"}],"version-history":[{"count":3,"href":"https:\/\/www.teatrodelbicentenariosanjuan.org\/en\/wp-json\/wp\/v2\/pages\/24127\/revisions"}],"predecessor-version":[{"id":26384,"href":"https:\/\/www.teatrodelbicentenariosanjuan.org\/en\/wp-json\/wp\/v2\/pages\/24127\/revisions\/26384"}],"wp:attachment":[{"href":"https:\/\/www.teatrodelbicentenariosanjuan.org\/en\/wp-json\/wp\/v2\/media?parent=24127"}],"curies":[{"name":"wp","href":"https:\/\/api.w.org\/{rel}","templated":true}]}}