{"id":26322,"date":"2025-02-24T14:05:16","date_gmt":"2025-02-24T17:05:16","guid":{"rendered":"https:\/\/www.teatrodelbicentenariosanjuan.org\/?page_id=26322"},"modified":"2025-02-24T14:36:43","modified_gmt":"2025-02-24T17:36:43","slug":"convocatoriaprogramadedanza2025","status":"publish","type":"page","link":"https:\/\/www.teatrodelbicentenariosanjuan.org\/en\/convocatoriaprogramadedanza2025\/","title":{"rendered":"Convocatoria PROGRAMA DE DANZA | Temporada 2025"},"content":{"rendered":"<div class=\"wpb-content-wrapper\"><div      class=\"vc_row wpb_row section vc_row-fluid  grid_section\" style=' text-align:left;'><div class=\"section_inner clearfix\"><div class='section_inner_margin clearfix'><div class=\"wpb_column vc_column_container vc_col-sm-12 vc_col-has-fill\"><div class=\"vc_column-inner vc_custom_1564497405851\"><div class=\"wpb_wrapper\"><div      class=\"vc_row wpb_row section vc_row-fluid vc_inner\" style=' text-align:left;'><div class=\"full_section_inner clearfix\"><div class=\"wpb_column vc_column_container vc_col-sm-6\"><div class=\"vc_column-inner\"><div class=\"wpb_wrapper\">\n\t<div class=\"wpb_text_column wpb_content_element\">\n\t\t<div class=\"wpb_wrapper\">\n\t\t\t<h1 class=\"itemTitle\">FORMACI\u00d3N\u00a0 | PROGRAMA DE DANZA 2025<\/h1>\n<p>&nbsp;<\/p>\n<p><span style=\"font-size: 28px;\"><em>Formaci\u00f3n y desarrollo profesional para bailarines<\/em><\/span><\/p>\n<p>&nbsp;<\/p>\n<p dir=\"ltr\">El Teatro del Bicentenario, dependiente del Ministerio de Turismo, Cultura y Deporte, convoca a audiciones a bailarines con s\u00f3lida t\u00e9cnica en danza cl\u00e1sica y\/o contempor\u00e1nea, para formar parte del Programa de Danza.<strong> Cupos limitados<\/strong>.<\/p>\n<p dir=\"ltr\">El Programa de Danza TB \u2014 Formaci\u00f3n y desarrollo profesional para bailarines\u2013, bajo la direcci\u00f3n de la distinguida bailarina Victoria Balanza y con el acompa\u00f1amiento de la bailarina, maestra y core\u00f3grafa Julia De Nardi, tiene como objetivo facilitar las experiencias educativas- art\u00edsticas y brindar herramientas necesarias para transitar el camino entre la formaci\u00f3n acad\u00e9mica y el desarrollo art\u00edstico profesional de los bailarines a trav\u00e9s de una pr\u00e1ctica rigurosa basada en el estudio y el desarrollo t\u00e9cnico de la danza cl\u00e1sica y contempor\u00e1nea y la construcci\u00f3n de identidades propias.<\/p>\n<p dir=\"ltr\">Las clases, de <strong>modalidad presencial y gratuita<\/strong>, ser\u00e1n en la Sala de Danza del TB <strong>desde el martes 11 de marzo, hasta el s\u00e1bado 13 de diciembre<\/strong> inclusive.<\/p>\n<p dir=\"ltr\"><strong>Cierre de inscripciones: mi\u00e9rcoles 5 de marzo &#8211; CUPOS LIMITADOS<\/strong><\/p>\n<p dir=\"ltr\"><strong>Audici\u00f3n presencial: viernes 7 de marzo (horario a confirmar)<\/strong><\/p>\n<p dir=\"ltr\"><strong>Confirmaci\u00f3n de selecci\u00f3n (v\u00eda mail): lunes 10 de marzo.<\/strong><\/p>\n<p dir=\"ltr\"><strong>Requisitos:<\/strong><\/p>\n<ul>\n<li dir=\"ltr\">\n<p dir=\"ltr\" role=\"presentation\">Los aspirantes deber\u00e1n tener 16 a\u00f1os o m\u00e1s<\/p>\n<\/li>\n<li dir=\"ltr\">\n<p dir=\"ltr\" role=\"presentation\">Tener s\u00f3lida formaci\u00f3n en danza cl\u00e1sica y\/o contempor\u00e1nea (no es necesario el uso de puntas)<\/p>\n<\/li>\n<li dir=\"ltr\">\n<p dir=\"ltr\" role=\"presentation\">Contar con disponibilidad horaria de lunes a viernes de 14:00 a 16:00 horas. En el caso de seminarios se podr\u00e1 extender el horario hasta las 19:30hs<\/p>\n<\/li>\n<li dir=\"ltr\">\n<p dir=\"ltr\" role=\"presentation\">Aceptar las bases y condiciones.<\/p>\n<\/li>\n<\/ul>\n<p>&nbsp;<\/p>\n<p dir=\"ltr\"><strong>M\u00e1s info: <\/strong><a href=\"mailto:audiciones.teatrobicentenario@gmail.com\" target=\"_blank\" rel=\"noopener\"><strong>audiciones.teatrobicentenario@<wbr \/>gmail.com<\/strong><\/a><\/p>\n<p>&nbsp;<\/p>\n<p>&nbsp;<\/p>\n<p>&nbsp;<\/p>\n\n\t\t<\/div> \n\t<\/div> <a  itemprop=\"url\" href=\"https:\/\/www.teatrodelbicentenariosanjuan.org\/wp-content\/uploads\/2025\/02\/Bases-y-condiciones-Programa-de-Danza-2025.pdf\" target=\"_self\"  class=\"qbutton  big_large_full_width default\" style=\"\">GENERAL CONDITIONS<\/a>\t<div class=\"vc_empty_space\"  style=\"height: 15px\" ><span\n\t\t\tclass=\"vc_empty_space_inner\">\n\t\t\t<span class=\"empty_space_image\"  ><\/span>\n\t\t<\/span><\/div>\n\n<a  itemprop=\"url\" href=\"https:\/\/forms.gle\/3dvUbaDBYzDwB3xK9\" target=\"_self\"  class=\"qbutton  big_large_full_width default\" style=\"\">Formulario de inscripci\u00f3n<\/a>\t<div class=\"vc_empty_space\"  style=\"height: 15px\" ><span\n\t\t\tclass=\"vc_empty_space_inner\">\n\t\t\t<span class=\"empty_space_image\"  ><\/span>\n\t\t<\/span><\/div>\n\n<\/div><\/div><\/div><div class=\"wpb_column vc_column_container vc_col-sm-6\"><div class=\"vc_column-inner\"><div class=\"wpb_wrapper\">\n\t<div class=\"wpb_single_image wpb_content_element vc_align_left\">\n\t\t<div class=\"wpb_wrapper\">\n\t\t\t\n\t\t\t<div class=\"vc_single_image-wrapper   vc_box_border_grey\"><img loading=\"lazy\" decoding=\"async\" width=\"1080\" height=\"1920\" src=\"https:\/\/www.teatrodelbicentenariosanjuan.org\/wp-content\/uploads\/2025\/02\/ConvocatoriaDanza-story2.jpg\" class=\"vc_single_image-img attachment-full\" alt=\"\" title=\"ConvocatoriaDanza-story2\" srcset=\"https:\/\/www.teatrodelbicentenariosanjuan.org\/wp-content\/uploads\/2025\/02\/ConvocatoriaDanza-story2.jpg 1080w, https:\/\/www.teatrodelbicentenariosanjuan.org\/wp-content\/uploads\/2025\/02\/ConvocatoriaDanza-story2-169x300.jpg 169w, https:\/\/www.teatrodelbicentenariosanjuan.org\/wp-content\/uploads\/2025\/02\/ConvocatoriaDanza-story2-576x1024.jpg 576w, https:\/\/www.teatrodelbicentenariosanjuan.org\/wp-content\/uploads\/2025\/02\/ConvocatoriaDanza-story2-84x150.jpg 84w, https:\/\/www.teatrodelbicentenariosanjuan.org\/wp-content\/uploads\/2025\/02\/ConvocatoriaDanza-story2-768x1365.jpg 768w, https:\/\/www.teatrodelbicentenariosanjuan.org\/wp-content\/uploads\/2025\/02\/ConvocatoriaDanza-story2-864x1536.jpg 864w, https:\/\/www.teatrodelbicentenariosanjuan.org\/wp-content\/uploads\/2025\/02\/ConvocatoriaDanza-story2-7x12.jpg 7w, https:\/\/www.teatrodelbicentenariosanjuan.org\/wp-content\/uploads\/2025\/02\/ConvocatoriaDanza-story2-700x1244.jpg 700w, https:\/\/www.teatrodelbicentenariosanjuan.org\/wp-content\/uploads\/2025\/02\/ConvocatoriaDanza-story2-500x889.jpg 500w\" sizes=\"auto, (max-width: 1080px) 100vw, 1080px\" \/><\/div>\n\t\t<\/div>\n\t<\/div>\n<\/div><\/div><\/div><\/div><\/div><\/div><\/div><\/div><\/div><\/div><\/div><div      class=\"vc_row wpb_row section vc_row-fluid\" style=' text-align:left;'><div class=\"full_section_inner clearfix\"><div class=\"wpb_column vc_column_container vc_col-sm-12\"><div class=\"vc_column-inner\"><div class=\"wpb_wrapper\"><\/div><\/div><\/div><\/div><\/div><div      class=\"vc_row wpb_row section vc_row-fluid  grid_section\" style=' text-align:left;'><div class=\"section_inner clearfix\"><div class='section_inner_margin clearfix'><div class=\"wpb_column vc_column_container vc_col-sm-12 vc_col-has-fill\"><div class=\"vc_column-inner vc_custom_1484750598384\"><div class=\"wpb_wrapper\">\t<div class=\"vc_empty_space\"  style=\"height: 15px\" ><span\n\t\t\tclass=\"vc_empty_space_inner\">\n\t\t\t<span class=\"empty_space_image\"  ><\/span>\n\t\t<\/span><\/div>\n\n<\/div><\/div><\/div><\/div><\/div><\/div><div      class=\"vc_row wpb_row section vc_row-fluid\" style=' text-align:left;'><div class=\"full_section_inner clearfix\"><div class=\"wpb_column vc_column_container vc_col-sm-12\"><div class=\"vc_column-inner\"><div class=\"wpb_wrapper\">\t<div class=\"vc_empty_space\"  style=\"height: 30px\" ><span\n\t\t\tclass=\"vc_empty_space_inner\">\n\t\t\t<span class=\"empty_space_image\"  ><\/span>\n\t\t<\/span><\/div>\n\n<\/div><\/div><\/div><\/div><\/div><div      class=\"vc_row wpb_row section vc_row-fluid\" style=' text-align:left;'><div class=\"full_section_inner clearfix\"><div class=\"wpb_column vc_column_container vc_col-sm-12\"><div class=\"vc_column-inner\"><div class=\"wpb_wrapper\">\t<div class=\"vc_empty_space\"  style=\"height: 30px\" ><span\n\t\t\tclass=\"vc_empty_space_inner\">\n\t\t\t<span class=\"empty_space_image\"  ><\/span>\n\t\t<\/span><\/div>\n\n<\/div><\/div><\/div><\/div><\/div><div      class=\"vc_row wpb_row section vc_row-fluid\" style=' text-align:left;'><div class=\"full_section_inner clearfix\"><div class=\"wpb_column vc_column_container vc_col-sm-12\"><div class=\"vc_column-inner\"><div class=\"wpb_wrapper\"><\/div><\/div><\/div><\/div><\/div><div      class=\"vc_row wpb_row section vc_row-fluid\" style=' text-align:left;'><div class=\"full_section_inner clearfix\"><div class=\"wpb_column vc_column_container vc_col-sm-12\"><div class=\"vc_column-inner\"><div class=\"wpb_wrapper\">\t<div class=\"vc_empty_space\"  style=\"height: 50px\" ><span\n\t\t\tclass=\"vc_empty_space_inner\">\n\t\t\t<span class=\"empty_space_image\"  ><\/span>\n\t\t<\/span><\/div>\n\n<\/div><\/div><\/div><\/div><\/div>\n<\/div>","protected":false},"excerpt":{"rendered":"FORMACI\u00d3N\u00a0 | PROGRAMA DE DANZA 2025 &nbsp; Formaci\u00f3n y desarrollo profesional para bailarines &nbsp; El Teatro del Bicentenario, dependiente del Ministerio de Turismo, Cultura y Deporte, convoca a audiciones a bailarines con s\u00f3lida t\u00e9cnica en danza cl\u00e1sica y\/o contempor\u00e1nea, para formar parte del Programa de...","protected":false},"author":4,"featured_media":0,"parent":0,"menu_order":0,"comment_status":"closed","ping_status":"closed","template":"full_width.php","meta":{"h5ap_radio_sources":[],"footnotes":""},"class_list":["post-26322","page","type-page","status-publish","hentry"],"_links":{"self":[{"href":"https:\/\/www.teatrodelbicentenariosanjuan.org\/en\/wp-json\/wp\/v2\/pages\/26322","targetHints":{"allow":["GET"]}}],"collection":[{"href":"https:\/\/www.teatrodelbicentenariosanjuan.org\/en\/wp-json\/wp\/v2\/pages"}],"about":[{"href":"https:\/\/www.teatrodelbicentenariosanjuan.org\/en\/wp-json\/wp\/v2\/types\/page"}],"author":[{"embeddable":true,"href":"https:\/\/www.teatrodelbicentenariosanjuan.org\/en\/wp-json\/wp\/v2\/users\/4"}],"replies":[{"embeddable":true,"href":"https:\/\/www.teatrodelbicentenariosanjuan.org\/en\/wp-json\/wp\/v2\/comments?post=26322"}],"version-history":[{"count":3,"href":"https:\/\/www.teatrodelbicentenariosanjuan.org\/en\/wp-json\/wp\/v2\/pages\/26322\/revisions"}],"predecessor-version":[{"id":26348,"href":"https:\/\/www.teatrodelbicentenariosanjuan.org\/en\/wp-json\/wp\/v2\/pages\/26322\/revisions\/26348"}],"wp:attachment":[{"href":"https:\/\/www.teatrodelbicentenariosanjuan.org\/en\/wp-json\/wp\/v2\/media?parent=26322"}],"curies":[{"name":"wp","href":"https:\/\/api.w.org\/{rel}","templated":true}]}}